{"id":862,"date":"2020-01-04T20:23:43","date_gmt":"2020-01-04T23:23:43","guid":{"rendered":"https:\/\/rebelviajes.com\/producto\/monte-tarn\/"},"modified":"2025-07-10T10:46:02","modified_gmt":"2025-07-10T14:46:02","slug":"trekking-monte-tarn","status":"publish","type":"product","link":"https:\/\/rebelviajes.com\/pt-br\/product\/trekking-monte-tarn\/","title":{"rendered":"Trekking Monte Tarn"},"content":{"rendered":"<h2 id=\"descripcion\">Descri\u00e7\u00e3o<\/h2>\n<h3>Aprecie a beleza panor\u00e2mica do Estreito de Magalh\u00e3es e da Pen\u00ednsula de Brunswick<\/h3>\n<p>Em nossa excurs\u00e3o de <strong>Trekking Monte Tarn<\/strong>, voc\u00ea explorar\u00e1 uma cadeia de montanhas de aproximadamente 850 metros de altura, formada por rochas de origem marinha. Est\u00e1 situado en el extremo sur de la <strong>Pen\u00ednsula de Brunswick<\/strong>, a unos 70 kil\u00f3metros al sur de <strong>Punta Arenas<\/strong>. O solo \u00e9 muito \u00famido devido \u00e0 alta pluviosidade na regi\u00e3o, por isso o clima \u00e9 t\u00edpico da <strong>Patag\u00f4nia<\/strong>: temperado, frio e muito \u00famido.<\/p>\n<h3>Inicio del Trekking Monte Tarn<\/h3>\n<p>O <strong>Trekking pelo Monte Tarn<\/strong> come\u00e7a com o embarque no hotel e depois seguimos para o sul, at\u00e9 <strong>Punta Arenas<\/strong>. No caminho, passaremos por <strong>Forte Bulnes<\/strong> no quil\u00f4metro 57, mas n\u00e3o poderemos visit\u00e1-lo, pois nossa excurs\u00e3o \u00e9 ainda mais ao sul. Ao chegar ao in\u00edcio da trilha, ouviremos as instru\u00e7\u00f5es do nosso guia antes de come\u00e7ar a <strong>caminhada<\/strong>.<\/p>\n<p>Desde o in\u00edcio, atravessaremos florestas exuberantes com esp\u00e9cies como <strong>coihue de Magalh\u00e3es<\/strong>, <strong>canela<\/strong>, <strong>cipreste de Guaitecas<\/strong>, <strong>turfeiras<\/strong> e <strong>plantas rasteiras<\/strong>. Ap\u00f3s aproximadamente 4 horas, chegaremos ao cume do <strong>Monte Tarn<\/strong>. Do topo, voc\u00ea pode ver o <strong>Estreito de Magalh\u00e3es<\/strong>, o <strong>Farol de San Isidro<\/strong>, as <strong>Ilhas Dawson<\/strong>, a <strong>Terra do Fogo<\/strong> e a grande <strong>Cordilheira de Darwin<\/strong>. Descansaremos e apreciaremos a vista do cume por aproximadamente 30 minutos antes de iniciarmos a caminhada de retorno pelo mesmo caminho no <strong>Monte Tarn<\/strong>.<\/p>\n<h3>Monte Tarn e o bi\u00f3logo Charles Darwin<\/h3>\n<p>Esta rota foi conclu\u00edda pelo prestigiado cientista <strong>Charles Darwin<\/strong> em 1834 com sua equipe, que tamb\u00e9m a batizou de <strong>Monte Tarn<\/strong>. Foi nomeado durante a segunda viagem do <strong>Beagle<\/strong> por seu capit\u00e3o <strong>Robert FitzRoy<\/strong>, para celebrar o vig\u00e9simo quinto anivers\u00e1rio de <strong>Charles Darwin<\/strong>, em 12 de fevereiro de 1834. Al\u00e9m do <strong>Monte Sarmiento<\/strong> e de toda a Pen\u00ednsula de <strong>Brunswick<\/strong>.<\/p>\n<div class=\"divisor\"><\/div>\n<h2 id=\"detalle\">Detalhe<\/h2>\n<table>\n<tbody>\n<tr>\n<th><i class=\"fa fa-check\" aria-hidden=\"true\"><\/i> Inclui<\/th>\n<\/tr>\n<tr>\n<td>Traslado compartilhado<br \/>\nGuia bil\u00edngue (espanhol e ingl\u00eas)<br \/>\nBast\u00f5es de caminhada<br \/>\nRaquetes de neve, se necess\u00e1rio<br \/>\nLancheira<\/td>\n<\/tr>\n<\/tbody>\n<\/table>\n<table>\n<tbody>\n<tr>\n<th><i class=\"fa fa-times\" aria-hidden=\"true\"><\/i> N\u00e3o inclui<\/th>\n<\/tr>\n<tr>\n<td>Gorjetas<br \/>\nSeguro de acidentes<\/td>\n<\/tr>\n<\/tbody>\n<\/table>\n<div class=\"divisor\"><\/div>\n<h2 id=\"faq\">FAQ<\/h2>\n<h3>O que levar para a caminhada no Mont Tarn?<\/h3>\n<p>Cal\u00e7ados confort\u00e1veis \u200b\u200be imperme\u00e1veis, chap\u00e9u, protetor solar, \u00e1gua e roupas confort\u00e1veis.<\/p>\n<p><b>Nota importante: <\/b>Nem sempre \u00e9 poss\u00edvel chegar ao cume devido \u00e0s condi\u00e7\u00f5es clim\u00e1ticas. Se esse for o caso, a caminhada ser\u00e1 aguardada ou substitu\u00edda por uma caminhada alternativa.<\/p>\n<div class=\"divisor\"><\/div>\n<h2 id=\"condiciones\">Condi\u00e7\u00f5es<\/h2>\n<p>Consulta las <span class=\"open-modal\">condiciones de contrataci\u00f3n<\/span> de la excursi\u00f3n Trekking Monte Tarn.<\/p>\n<p>&nbsp;<\/p>\n<div id=\"my-modal\" class=\"modal\">\n<p>Passeio de um dia inteiro ou meio dia em servi\u00e7o regular.<\/p>\n<p>Os locais a serem visitados est\u00e3o sujeitos a altera\u00e7\u00f5es no mesmo dia do passeio em caso de condi\u00e7\u00f5es clim\u00e1ticas adversas.<\/p>\n<p>O hor\u00e1rio de t\u00e9rmino desta atividade pode ser modificado devido \u00e0s condi\u00e7\u00f5es clim\u00e1ticas, por isso recomendamos que voc\u00ea n\u00e3o compre passagens para sair de Punta Arenas ou Puerto Natales at\u00e9 tr\u00eas horas ap\u00f3s o hor\u00e1rio programado para o retorno, nem deixe sua viagem para o dia seguinte ao final do passeio.<\/p>\n<p>Para os dias 25 de dezembro e 1\u00ba de janeiro, o passeio pode ter varia\u00e7\u00f5es de pre\u00e7o e hor\u00e1rio.<\/p>\n<p>Cancelamento com um m\u00ednimo de 48 horas de anteced\u00eancia, reembolso de 100% dependendo da forma de pagamento. Consulte as condi\u00e7\u00f5es particulares de cada produto caso tenha de cancelar num prazo inferior a 48 horas.<\/p>\n<p>Caso o passageiro n\u00e3o compare\u00e7a nos hor\u00e1rios definidos para o passeio, n\u00e3o haver\u00e1 reembolso.<\/p>\n<p><b>Suspens\u00e3o devido \u00e0s condi\u00e7\u00f5es meteorol\u00f3gica:<\/b> Um reembolso total ser\u00e1 feito quando a empresa cancelar antes de iniciar o servi\u00e7o.<\/p>\n<p>O reembolso total ser\u00e1 feito quando a empresa cancelar antes de iniciar o servi\u00e7o.<\/p>\n<p>Caso haja indeniza\u00e7\u00e3o por situa\u00e7\u00e3o especial, ser\u00e1 acordada com as pessoas, e ser\u00e1 definida pelo desenvolvimento do programa de viagens.<\/p>\n<p><b>Importante:<\/b> Nenhum passeio inclui seguro contra acidentes.<\/p>\n<p>Conhe\u00e7a nossos <a href=\"https:\/\/rebelviajes.com\/pt-br\/termos-e-condicoes\/\" target=\"_blank\" rel=\"noopener\">Termos e Condi\u00e7\u00f5es<\/a>.<\/p>\n<\/div>\n","protected":false},"excerpt":{"rendered":"<p>Sa\u00eddas de <strong>Punta Arenas<\/strong><br \/>\n<strong>Todos os dias<\/strong><br \/>\nHor\u00e1rio: <strong>in\u00edcio \u00e0s 8h \u2013 t\u00e9rmino \u00e0s 19h<\/strong><\/p>\n","protected":false},"featured_media":990105404,"comment_status":"open","ping_status":"closed","template":"","meta":{"site-sidebar-layout":"default","site-content-layout":"default","ast-site-content-layout":"default","site-content-style":"default","site-sidebar-style":"default","ast-global-header-display":"","ast-banner-title-visibility":"","ast-main-header-display":"","ast-hfb-above-header-display":"","ast-hfb-below-header-display":"","ast-hfb-mobile-header-display":"","site-post-title":"","ast-breadcrumbs-content":"","ast-featured-img":"","footer-sml-layout":"","ast-disable-related-posts":"","theme-transparent-header-meta":"default","adv-header-id-meta":"","stick-header-meta":"","header-above-stick-meta":"","header-main-stick-meta":"","header-below-stick-meta":"","astra-migrate-meta-layouts":"default","ast-page-background-enabled":"default","ast-page-background-meta":{"desktop":{"background-color":"","background-image":"","background-repeat":"repeat","background-position":"center center","background-size":"auto","background-attachment":"scroll","background-type":"","background-media":"","overlay-type":"","overlay-color":"","overlay-opacity":"","overlay-gradient":""},"tablet":{"background-color":"","background-image":"","background-repeat":"repeat","background-position":"center center","background-size":"auto","background-attachment":"scroll","background-type":"","background-media":"","overlay-type":"","overlay-color":"","overlay-opacity":"","overlay-gradient":""},"mobile":{"background-color":"","background-image":"","background-repeat":"repeat","background-position":"center center","background-size":"auto","background-attachment":"scroll","background-type":"","background-media":"","overlay-type":"","overlay-color":"","overlay-opacity":"","overlay-gradient":""}},"ast-content-background-meta":{"desktop":{"background-color":"var(--ast-global-color-5)","background-image":"","background-repeat":"repeat","background-position":"center center","background-size":"auto","background-attachment":"scroll","background-type":"","background-media":"","overlay-type":"","overlay-color":"","overlay-opacity":"","overlay-gradient":""},"tablet":{"background-color":"var(--ast-global-color-5)","background-image":"","background-repeat":"repeat","background-position":"center center","background-size":"auto","background-attachment":"scroll","background-type":"","background-media":"","overlay-type":"","overlay-color":"","overlay-opacity":"","overlay-gradient":""},"mobile":{"background-color":"var(--ast-global-color-5)","background-image":"","background-repeat":"repeat","background-position":"center center","background-size":"auto","background-attachment":"scroll","background-type":"","background-media":"","overlay-type":"","overlay-color":"","overlay-opacity":"","overlay-gradient":""}}},"product_brand":[],"product_cat":[97,605,606],"product_tag":[530,509,510],"class_list":{"0":"post-862","1":"product","2":"type-product","3":"status-publish","4":"has-post-thumbnail","6":"product_cat-excursoes","7":"product_cat-punta-arenas-pt-br","8":"product_cat-trekking-pt-br","9":"product_tag-excursion-nueva-pt-br","10":"product_tag-punta-arenas-pt-br-2","11":"product_tag-trekking-chile-pt-br","12":"desktop-align-left","13":"tablet-align-left","14":"mobile-align-left","16":"first","17":"instock","18":"virtual","19":"sold-individually","20":"purchasable","21":"product-type-simple"},"_links":{"self":[{"href":"https:\/\/rebelviajes.com\/pt-br\/wp-json\/wp\/v2\/product\/862","targetHints":{"allow":["GET"]}}],"collection":[{"href":"https:\/\/rebelviajes.com\/pt-br\/wp-json\/wp\/v2\/product"}],"about":[{"href":"https:\/\/rebelviajes.com\/pt-br\/wp-json\/wp\/v2\/types\/product"}],"replies":[{"embeddable":true,"href":"https:\/\/rebelviajes.com\/pt-br\/wp-json\/wp\/v2\/comments?post=862"}],"version-history":[{"count":0,"href":"https:\/\/rebelviajes.com\/pt-br\/wp-json\/wp\/v2\/product\/862\/revisions"}],"wp:featuredmedia":[{"embeddable":true,"href":"https:\/\/rebelviajes.com\/pt-br\/wp-json\/wp\/v2\/media\/990105404"}],"wp:attachment":[{"href":"https:\/\/rebelviajes.com\/pt-br\/wp-json\/wp\/v2\/media?parent=862"}],"wp:term":[{"taxonomy":"product_brand","embeddable":true,"href":"https:\/\/rebelviajes.com\/pt-br\/wp-json\/wp\/v2\/product_brand?post=862"},{"taxonomy":"product_cat","embeddable":true,"href":"https:\/\/rebelviajes.com\/pt-br\/wp-json\/wp\/v2\/product_cat?post=862"},{"taxonomy":"product_tag","embeddable":true,"href":"https:\/\/rebelviajes.com\/pt-br\/wp-json\/wp\/v2\/product_tag?post=862"}],"curies":[{"name":"wp","href":"https:\/\/api.w.org\/{rel}","templated":true}]}}