{"id":990117208,"date":"2020-08-08T12:45:08","date_gmt":"2020-08-08T16:45:08","guid":{"rendered":"https:\/\/rebelviajes.com\/producto\/circuito-w-clasico-camping-autoguiado\/"},"modified":"2025-07-29T16:29:39","modified_gmt":"2025-07-29T20:29:39","slug":"circuito-w-clasico","status":"publish","type":"product","link":"https:\/\/rebelviajes.com\/pt-br\/product\/circuito-w-clasico\/","title":{"rendered":"Circuito W Cl\u00e1ssico (camping &#8211; autoguiado)"},"content":{"rendered":"<h2 id=\"descripcion\">Descri\u00e7\u00e3o<\/h2>\n<h3>Descubra o famoso Circuito W, explorando seus principais pontos<\/h3>\n<p>O <strong>Circuito W Cl\u00e1ssico<\/strong> \u00e9 o programa para os amantes de <strong>trekking<\/strong> e de <strong>acampar<\/strong> na natureza. Voc\u00ea completar\u00e1 o <strong>cl\u00e1ssico circuito do Parque Nacional Torres del Paine<\/strong> em 5 dias e 4 noites.<\/p>\n<p>Neste <strong>circuito de trekking<\/strong>, voc\u00ea ir\u00e1 passar pelo principais pontos do <strong>Parque Torres del Paine<\/strong>, visitando suas atra\u00e7\u00f5es mais famosas. Voc\u00ea conhecer\u00e1 as <strong>tr\u00eas torres de granito<\/strong>, a imponente <strong>Geleira Grey<\/strong> e os icebergs que flutuam no <strong>Lago Grey<\/strong>, al\u00e9m do belo <strong>Vale do Franc\u00eas<\/strong>.<\/p>\n<p>Al\u00e9m disso, no <strong>Circuito W Cl\u00e1ssico<\/strong>, voc\u00ea n\u00e3o ter\u00e1 que se preocupar em trazer uma barraca e um saco de dormir. Nosso circuito j\u00e1 <strong>inclui a barraca armada no camping<\/strong>, juntamente com <strong>saco de dormir<\/strong> e <strong>colchonete<\/strong>.<\/p>\n<h3>Conhe\u00e7a a base das Torres, o setor Glaciar Grey e o Vale Franc\u00eas<\/h3>\n<p>O primeiro dia do <strong>Circuito W Cl\u00e1ssico<\/strong> ser\u00e1 um dia tranquilo. Voc\u00ea s\u00f3 pegar\u00e1 o \u00f4nibus da cidade de <strong>Puerto Natales<\/strong> para o <strong>Parque Torres del Paine<\/strong> para passar sua primeira noite acampando.<\/p>\n<p>No dia seguinte voc\u00ea far\u00e1 o trekking mais conhecido da regi\u00e3o. O <strong>Trekking Base Torres<\/strong> \u00e9 uma trilha de aproximadamente 20 km e de grau de dificuldade m\u00e9dio-alto. No entanto, mesmo com a dificuldade de um caminho com subidas, ao chegar ao miradouro sentir\u00e1 que o seu esfor\u00e7o foi recompensado.<\/p>\n<p>Voc\u00ea conhecer\u00e1 o <strong>Valle del Franc\u00e9s<\/strong> no quarto dia do <strong>Circuito W Cl\u00e1sico.<\/strong>. Voc\u00ea caminhar\u00e1 por florestas e morenas de uma antiga geleira. Uma vez no mirante brit\u00e2nico, voc\u00ea desfrutar\u00e1 de uma vista incr\u00edvel do <strong>Paine Grande<\/strong>, <strong>Catedral<\/strong>, <strong>Aleta de Tibur\u00f3n<\/strong> y <strong>Cuerno Norte<\/strong>.<\/p>\n<p>O \u00faltimo dia ser\u00e1 para conhecer o <strong>sector Grey<\/strong>, saindo desde <strong>Paine Grande<\/strong>. Voc\u00ea pode apreciar a vista do <strong>Glaciar Grey<\/strong> e ver os<strong>icebergs flutuando no Lago Grey<\/strong>. Recomendamos que voc\u00ea fa\u00e7a uma caminhada at\u00e9 as conhecidas <strong>pontes suspensas<\/strong>.<\/p>\n<div class=\"divisor\"><\/div>\n<h2 id=\"itinerario\">Itiner\u00e1rio<\/h2>\n<h3>Dia 1: Puerto Natales \u2013 Torre Central<\/h3>\n<p>O ponto de encontro para iniciar este circuito \u00e9 o Terminal Rodovi\u00e1rio de Puerto Natales \u00e0s 6:45 para pegar o \u00f4nibus regular que vai em dire\u00e7\u00e3o \u00e0 estrada que leva pouco mais de duas horas para chegar ao Parque Nacional Torres del Paine pelo acesso para Porter\u00eda Laguna Amarga, onde voc\u00ea ter\u00e1 que pegar outro ve\u00edculo para o ref\u00fagio Torre Central, onde passar\u00e1 sua primeira noite.<\/p>\n<h3>Dia 2: Base Torres (13 km, 7 a 8 horas)<\/h3>\n<p>Ap\u00f3s o caf\u00e9 da manh\u00e3 e depois de receber sua caixa de almo\u00e7o para o dia. Voc\u00ea come\u00e7ar\u00e1 a caminhada ascendente por pouco mais de uma hora at\u00e9 chegar ao acampamento chileno, onde poder\u00e1 deixar sua bagagem e iniciar a jornada por uma antiga floresta de lenga. Saindo da floresta, inicie uma caminhada pelo caminho que o levar\u00e1 \u00e0 Base de Las Torres, onde se as condi\u00e7\u00f5es clim\u00e1ticas permitirem, poder\u00e1 desfrutar das torres de granito e da lagoa que adornam seus p\u00e9s, depois de desfrutar da merecida vista que voc\u00ea deve retornar pelo mesmo caminho. Dependendo da disponibilidade, voc\u00ea pode ficar em um ref\u00fagio chileno ou retornar ao Ref\u00fagio Torre Central, onde poder\u00e1 jantar e descansar em sua segunda noite de hospedagem.<\/p>\n<h3>Dia 3: Refugio El Chileno \u2013 Refugio Los Cuernos (11 km, 4 a 5 horas)<\/h3>\n<p>No in\u00edcio do dia e depois de pegar seu lanche do dia, voc\u00ea deve continuar com a rota margeando o Maci\u00e7o do Paine at\u00e9 chegar a um atalho que o leva pelo caminho para os chifres do Paine, durante as 4 a 5 horas voc\u00ea pode desfrutar das vistas incr\u00edveis do Lago Nordenskj\u00f6ld e das geleiras suspensas. Ap\u00f3s um longo dia de fotografia e paisagens incr\u00edveis, voc\u00ea pode se preparar para dormir no Refugio Cuernos ou Domos Franc\u00e9s, dependendo da disponibilidade.<\/p>\n<h3>Dia 4: Valle del Franc\u00e9s \u2013 Paine Grande (25,3 km, 10 a 12 horas)<\/h3>\n<p>Depois de um bom caf\u00e9 da manh\u00e3 e pegar seu respectivo box lunch, pronto para visitar os principais dos vales que comp\u00f5em o circuito W, voc\u00ea inicia o passeio por volta das 8:00 da manh\u00e3 margeando o Lago Nordenskj\u00f6ld para conhecer o acampamento italiano e depois continua com um pequeno subida entre florestas e morenas da antiga geleira em dire\u00e7\u00e3o ao Vale do Franc\u00eas. Uma vez l\u00e1 voc\u00ea pode desfrutar de uma vista incr\u00edvel dos chifres do Paine junto com geleiras suspensas e rochas de cores diferentes, voc\u00ea pode entrar em contato com os guardas florestais da CONAF para deixar a mochila e continuar a viagem de carga mais leve at\u00e9 chegar ao Mirante Brit\u00e2nico, onde voc\u00ea pode desfrutar do maravilhosas vistas de Paine Grande, Catedral, Aleta de Tibur\u00f3n e Cuerno Norte. Voc\u00ea retornar\u00e1 pelo mesmo caminho e seguir\u00e1 em dire\u00e7\u00e3o ao setor Paine Grande onde passar\u00e1 a noite.<\/p>\n<h3>Dia 5: Glaciar Grey \u2013 Puerto Natales (22 km, 8 a 9 horas)<\/h3>\n<p>Depois de tomar o caf\u00e9 da manh\u00e3 e estar pronto para fazer esta \u00faltima caminhada em dire\u00e7\u00e3o ao \u00faltimo trekking que falta conhecer, Mirante do Glaciar Grey, partindo de Paine Grande onde come\u00e7a a caminhada, voc\u00ea deixar\u00e1 para tr\u00e1s a lagoa Los Patos. Para entrar na densa floresta nativa, depois de uma hora e meia voc\u00ea j\u00e1 poder\u00e1 ver a geleira e os primeiros icebergs flutuantes do gelado Lago Grey. Continuando a caminhada de quase duas horas com o objetivo da impressionante l\u00edngua de gelo do Glaciar Grey at\u00e9 chegar ao mirante principal. Uma vez l\u00e1, se voc\u00ea tiver tempo, recomendamos que voc\u00ea fa\u00e7a uma caminhada at\u00e9 as pontes suspensas. Para retornar, voc\u00ea deve seguir o mesmo caminho at\u00e9 o setor Peho\u00e9, tente chegar antes das 18h30 para entrar no catamar\u00e3 que o levar\u00e1 ao setor Pudeto, onde espera o transporte que o levar\u00e1 ao terminal de \u00f4nibus de Puerto Natales por volta das 10 :00 pm :00 horas.<\/p>\n<div class=\"divisor\"><\/div>\n<h2 id=\"detalle\">Detalhe<\/h2>\n<table>\n<tr>\n<th><i class=\"fa fa-check\" aria-hidden=\"true\"><\/i> Inclui<\/th>\n<\/tr>\n<tr>\n<td>\nTranslados:<br \/>\n&#8211; Transporte de ida e volta em \u00f4nibus regular de Puerto Natales ao Parque Nacional Torres del Paine<br \/>\n&#8211; Transporte de conex\u00e3o em \u00f4nibus da Porter\u00eda Laguna Amarga ao Setor Las Torres<br \/>\n&#8211; Transporte de conex\u00e3o em catamar\u00e3 do Setor Peho\u00e9 a Pudeto<br \/>\nHospedagem em camping, barracas duplas privativas (inclui local, barraca armada, saco de dormir e isolamento)<br \/>\nAlimenta\u00e7\u00e3o:<br \/>\n&#8211; Caf\u00e9 da manh\u00e3 (caf\u00e9, ch\u00e1, leite, p\u00e3o, ovos, gel\u00e9ia, suco e frutas)<br \/>\n&#8211; Box lunch (sandu\u00edche frio, barra de cereais, barra de chocolate, nozes e frutas)<br \/>\n&#8211; Jantar (menu do dia, com entrada, prato principal, sobremesa e \u00e1gua)<br \/>\nTicket de entrada do Parque Nacional Torres del Paine\n<\/td>\n<\/tr>\n<\/table>\n<p><\/p>\n<table>\n<tr>\n<th><i class=\"fa fa-times\" aria-hidden=\"true\"><\/i> N\u00e3o inclui<\/th>\n<\/tr>\n<tr>\n<td>\nVoos para \/ de Puerto Natales<br \/>\nGorjetas<br \/>\nSeguro m\u00e9dico<br \/>\nAssist\u00eancia m\u00e9dica em caso de acidente<br \/>\nAssist\u00eancia na evacua\u00e7\u00e3o por causas clim\u00e1ticas<br \/>\nSeguro de viagem que cobre acidentes e cancelamentos por motivo de for\u00e7a maior\n<\/td>\n<\/tr>\n<\/table>\n<div class=\"divisor\"><\/div>\n<h2 id=\"faq\">FAQ<\/h2>\n<h3>Com quanta anteced\u00eancia devo reservar o Circuito Cl\u00e1ssico W?<\/h3>\n<p>Este circuito tem uma grande procura e h\u00e1 datas em que as datas se esgotam com meses de anteced\u00eancia. Portanto, recomendamos que voc\u00ea reserve com a maior anteced\u00eancia poss\u00edvel, pois as vagas s\u00e3o limitadas.<\/p>\n<h3>Qual \u00e9 a diferen\u00e7a entre o Circuito W com alojamento em abrigo ou alojamento em camping?<\/h3>\n<p>O programa com abrigos voc\u00ea vai dormir em quarto compartilhado com beliches e banheiro compartilhado. Por outro lado, no camping voc\u00ea dormir\u00e1 em uma barraca dupla privativa j\u00e1 montada com saco de dormir e isolamento com banheiro compartilhado.<\/p>\n<h3>Quais s\u00e3o as diferen\u00e7as entre o W Classic Circuit e o W Express Circuit?<\/h3>\n<p>A diferen\u00e7a entre os dois circuitos \u00e9 que o Circuito W Classic percorre uma dist\u00e2ncia de 75,5 km, para chegar ao segundo mirante da Geleira Grey, mais pr\u00f3ximo da geleira. J\u00e1 o Circuito Expresso W, de 72,5 km, chega ao primeiro mirante da Geleira Grey, mais distante da geleira.<\/p>\n<h3>Qual \u00e9 a diferen\u00e7a entre um programa guiado e um programa autoguiado?<\/h3>\n<p>No circuito guiado voc\u00ea ir\u00e1 com um guia profissional, que o acompanhar\u00e1 durante toda a caminhada, al\u00e9m de lhe dar informa\u00e7\u00f5es sobre os lugares que voc\u00ea visitar\u00e1 durante o circuito. Por outro lado, faz\u00ea-lo de forma aut\u00f4noma \u00e9 poss\u00edvel porque as trilhas do parque s\u00e3o devidamente sinalizadas. Al\u00e9m de receber uma palestra explicativa no in\u00edcio do circuito, onde voc\u00ea receber\u00e1 um mapa com todos os detalhes.<\/p>\n<h3>A partir de que idade podem fazer o Circuito W?<\/h3>\n<p>A idade m\u00ednima \u00e9 de 14 anos, deve-se considerar que \u00e9 um trekking de v\u00e1rios dias, com exig\u00eancia f\u00edsica m\u00e9dia-alta, o que n\u00e3o \u00e9 aconselh\u00e1vel para menores.<\/p>\n<h3>\u00c9 necess\u00e1rio levar \u00e1gua?<\/h3>\n<p>N\u00e3o \u00e9 necess\u00e1rio levar \u00e1gua, pois h\u00e1 fontes de \u00e1gua pot\u00e1vel dispon\u00edveis ao longo do caminho, seja nos abrigos e acampamentos ou nas fontes naturais de \u00e1gua, durante as caminhadas.<\/p>\n<h3>H\u00e1 Wi-Fi e tomadas?<\/h3>\n<p>Sim, h\u00e1 servi\u00e7o WiFi nos abrigos mas n\u00e3o est\u00e1 inclu\u00eddo no pre\u00e7o, \u00e9 pagamento \u00e9 feito diretamente em cada abrigo. O pre\u00e7o pode variar de acordo com o tempo e a velocidade. Voc\u00ea pode usar as tomadas dispon\u00edveis nas \u00e1reas comuns dos abrigos. No entanto, recomendamos que voc\u00ea tenha baterias externas carregadas.<\/p>\n<h3>Posso deixar parte da minha bagagem em alguns dos abrigos enquanto fa\u00e7o o circuito?<\/h3>\n<p>Se voc\u00ea puder, deixe sua mochila grande nos acampamentos chileno e italiano e pegue-a no caminho de volta.<\/p>\n<h3>Quais s\u00e3o as op\u00e7\u00f5es de transporte para chegar a Puerto Natales saindo de Punta Arenas e El Calafate?<\/h3>\n<p>As empresas Bus-Sur, Buses Pacheco e Buses Fern\u00e1ndez oferecem o servi\u00e7o regular de \u00f4nibus de Punta Arenas a Puerto Natales, enquanto as empresas Bus-Sur, Turismo Zaahj e Cootra oferecem o servi\u00e7o regular de \u00f4nibus de El Calafate a Puerto Natales. Para saber pre\u00e7os, disponibilidade e frequ\u00eancia destes servi\u00e7os dever\u00e1 consultar as informa\u00e7\u00f5es publicadas nos sites das empresas indicadas.<\/p>\n<h3>O que levar?<\/h3>\n<ul>\n<li>Mochila de 40 litros para levar todas as coisas e mochila de 25 litros para caminhadas de um dia at\u00e9 Base Torres e Valle del Franc\u00e9s<\/li>\n<li>Casaco e cal\u00e7as imperme\u00e1veis, agasalhos tipo l\u00e3, roupa t\u00e9rmica (primeira camada), camisas de manga curta e manga comprida<\/li>\n<li>Sapatos de trekking, chinelos e sand\u00e1lias para banho e descanso<\/li>\n<li>Chap\u00e9u e luvas para o frio, chap\u00e9u para o sol, protetor solar, \u00f3culos de sol, tamp\u00f5es para os ouvidos, toalha<\/li>\n<li>Bateria recarreg\u00e1vel para o celular, lanterna, cadeado, sacos para guardar o lixo, bast\u00f5es de trekking, seguro de viagem que cobre acidentes, seguro de cancelamentos por motivo de for\u00e7a maior<\/li>\n<\/ul>\n<div class=\"divisor\"><\/div>\n<h2 id=\"condiciones\">Condi\u00e7\u00f5es<\/h2>\n<p>Confira as <span class=\"open-modal\" onclick=\"openModal()\">condi\u00e7\u00f5es de contrata\u00e7\u00e3o<\/span> do programa Circuito W Cl\u00e1ssico (camping &#8211; autoguiado).<\/p>\n<div id=\"my-modal\" class=\"modal\">\n<button class=\"close-modal\" onclick=\"closeModal()\"><i class=\"fa fa-times\" aria-hidden=\"true\"><\/i><\/button><\/p>\n<p>O pr\u00e9-pagamento ser\u00e1 necess\u00e1rio para todas as reservas confirmadas. Se estes n\u00e3o forem pagos nas datas estipuladas na confirma\u00e7\u00e3o, reserva-se o direito de cancelar ou anular a reserva.<\/p>\n<p>Os pagamentos podem ser feitos atrav\u00e9s de dep\u00f3sitos, transfer\u00eancias banc\u00e1rias ou cart\u00f5es de cr\u00e9dito nacionais e estrangeiros e Paypal. Pagamentos com cart\u00e3o de cr\u00e9dito ou Paypal devem adicionar 3% ao total.<\/p>\n<p>Este circuito tem uma grande procura e h\u00e1 datas em que as datas se esgotam com meses de anteced\u00eancia. Portanto, recomendamos que voc\u00ea reserve com a maior anteced\u00eancia poss\u00edvel, pois os lugares s\u00e3o limitados<\/p>\n<h3>Servi\u00e7os oferecidos<\/h3>\n<ul>\n<li>Hospedagem em camping para reservas individuais Paine Grande, Grey, Dickson e Los Perros e tamb\u00e9m para reservas de grupos em Paine Grande.<\/li>\n<li>Hospedagem em quartos com camas de solteiro nos abrigos Dickson, Grey e Paine Grande.<\/li>\n<li>Alimenta\u00e7\u00e3o em Paine Grande, Grey e Dickson.<\/li>\n<li>Equipamento de camping (como servi\u00e7os adicionais) em Paine Grande, Grey, Dickson e Los Perros: barracas para um m\u00e1ximo de 2 pessoas, colch\u00f5es individuais e sacos de dormir individuais.<\/li>\n<li>Kit de cama e toalhas como servi\u00e7os adicionais nos abrigos Paine Grande, Grey e Dickson.<\/li>\n<\/ul>\n<h3>Gloss\u00e1rio<\/h3>\n<ul>\n<li>Quarto Est\u00e1ndar: servi\u00e7o de hospedagem em quartos dispon\u00edveis para grupos fechados, em beliches que inclui capa de colch\u00e3o, travesseiro e fronha. Dispon\u00edvel nos abrigos Paine Grande, Gray e Dickson.<\/li>\n<li>Kit cama: composto por len\u00e7\u00f3is e cobertor, oferecido como servi\u00e7o adicional \u00e0 cama de solteiro.<\/li>\n<li>Alimenta\u00e7\u00e3o: servi\u00e7o de jantar, caf\u00e9 da manh\u00e3, almo\u00e7o ou box lunch \u00e0 parte ou pens\u00e3o completa, nessa ordem. O servi\u00e7o de pens\u00e3o completa \u00e9 entregue no mesmo ref\u00fagio e n\u00e3o pode ser separado entre 2 setores. Caso a reserva considere servi\u00e7os de alimenta\u00e7\u00e3o em diferentes abrigos, estes ser\u00e3o cobrados como servi\u00e7os separados.<\/li>\n<li>Almo\u00e7o: \u00e9 um menu \u00fanico, com op\u00e7\u00e3o de menu vegetariano (com indica\u00e7\u00e3o na reserva ou inscri\u00e7\u00e3o pr\u00e9via at\u00e9 \u00e0 v\u00e9spera antes das 15h00). Deve indicar na recep\u00e7\u00e3o no dia anterior se prefere optar por almo\u00e7o ou box lunch para o dia seguinte.<\/li>\n<li>O jantar no Paine Grande consiste em um buffet com v\u00e1rias op\u00e7\u00f5es como saladas, carnes, acompanhamentos e sobremesas, enquanto no Dickson e Grey \u00e9 um menu \u00fanico servido \u00e0 mesa.<\/li>\n<li>Os jantares de Natal e Ano Novo incluem um jantar buffet acompanhado de um copo de vinho (dispon\u00edvel apenas em Dickson, Grey e Paine Grande).<\/li>\n<\/ul>\n<h3>Temporada<\/h3>\n<p>Dada a situa\u00e7\u00e3o atual, as datas de abertura dos nossos ref\u00fagios e parques de camping foram alteradas: o Paine Grande e Grey, de 1 de outubro de 2021 a 29 de abril de 2022.<\/p>\n<ul>\n<li>Dickson, de 2 de novembro de 2021 a 26 de abril de 2022, sujeito \u00e0s condi\u00e7\u00f5es clim\u00e1ticas e avalia\u00e7\u00e3o futura em coordena\u00e7\u00e3o com a administra\u00e7\u00e3o do parque e demais operadores.<\/li>\n<li>Los Perros, de 3 de novembro de 2021 a 27 de abril de 2022, sujeito \u00e0s condi\u00e7\u00f5es clim\u00e1ticas e avalia\u00e7\u00e3o futura em coordena\u00e7\u00e3o com a administra\u00e7\u00e3o do parque e outros operadores.<\/li>\n<\/ul>\n<h3>Hor\u00e1rios de entrada e sa\u00edda e servi\u00e7os em geral<\/h3>\n<ul>\n<li>Check-in a partir das 01:00 p.m.<\/li>\n<li>Check-out \u00e0s 09:00 a.m.<\/li>\n<\/ul>\n<p>Hor\u00e1rios dos servi\u00e7os:<\/p>\n<p>Ref\u00fagio e Camping Paine Grande<\/p>\n<ul>\n<li>Recep\u00e7\u00e3o: 07:00 a.m. \u00e0s 10:00 p.m.<\/li>\n<li>Minimarket: hor\u00e1rio cont\u00ednuo das 07:00 a.m. \u00e0s 10:00 p.m.<\/li>\n<li>Banheiros: 24 hrs<\/li>\n<li>Chuveiros: 12:00 p.m. \u00e0s 10:00 p.m.<\/li>\n<\/ul>\n<p>Ref\u00fagio e Camping Grey \u2013 Dickson e Camping Perros<\/p>\n<ul>\n<li>Recep\u00e7\u00e3o: 07:00 a.m. \u00e0s 10:00 p.m.<\/li>\n<li>Minimarket: hor\u00e1rio das 08:00 a.m. \u00e0s 10:00 a.m. e das 02:00 p.m. \u00e0s 09:00 p.m.<\/li>\n<li>Banheiros: 24 hrs<\/li>\n<li>Chuveiros: das 08:00 a.m. \u00e0s 10.00 a.m. e das 05:00 p.m. \u00e0s 08:00 p.m.<\/li>\n<\/ul>\n<p>Apesar de n\u00e3o oferecermos servi\u00e7os fora do hor\u00e1rio estabelecido, nossa equipe estar\u00e1 sempre atenta se voc\u00ea precisar ou solicitar que lhe prestemos ajuda em um caso espec\u00edfico.<br \/>\nOs hor\u00e1rios podem ser modificados, por isso \u00e9 importante confirmar em cada recep\u00e7\u00e3o.<\/p>\n<h3>Processo de reserva<\/h3>\n<p>Para fazer reservas voc\u00ea deve enviar um e-mail. Cada reserva deve especificar os seguintes dados que ser\u00e3o solicitados ao Operador ou Ag\u00eancia de Viagens:<br \/>\n&#8211; Nome do passageiro ou grupo.<br \/>\n&#8211; Nome do ref\u00fagio ou camping.<br \/>\n&#8211; N\u00famero total de passageiros (incluindo guias e funcion\u00e1rios).<br \/>\n&#8211; Nacionalidade. o N\u00famero do passaporte \/ ID.<br \/>\n&#8211; Tipo de moeda em que deve ser faturado.<br \/>\n&#8211; Datas de perman\u00eancia (entrada e sa\u00edda).<br \/>\n&#8211; Servi\u00e7os adicionais exigidos pelos passageiros.<br \/>\n&#8211; Informar se os guias e\/ou funcion\u00e1rios s\u00e3o chilenos, pois neste caso devem apresentar voucher separado e fatura em pesos (fatura afeta).<\/p>\n<p>Voc\u00ea receber\u00e1 por correio uma confirma\u00e7\u00e3o do pedido contendo um N\u00famero de Reserva. Somente com este n\u00famero e e-mail, a solicita\u00e7\u00e3o feita pode ser considerada confirmada. Isso tamb\u00e9m se aplica a modifica\u00e7\u00f5es e\/ou cancelamentos.<\/p>\n<p>Deve-se considerar que uma modifica\u00e7\u00e3o de reserva pode causar uma altera\u00e7\u00e3o no valor final a ser pago.<\/p>\n<p>Os ref\u00fagios e campings n\u00e3o recebem nem processam reservas diretamente.<\/p>\n<p>Clientes estrangeiros que s\u00e3o obrigados a apresentar o passaporte e cart\u00e3o de entrada no pa\u00eds (data de validade original e v\u00e1lida), no momento do check-in para que possam usufruir da isen\u00e7\u00e3o fiscal. Caso estes documentos n\u00e3o sejam apresentados, dever\u00e1 pagar a diferen\u00e7a de IVA (19%) diretamente na rece\u00e7\u00e3o do ref\u00fagio ou parque de campismo.<\/p>\n<h3>Vouchers<\/h3>\n<p>Este documento deve especificar claramente: c\u00f3digo de reserva, nome do h\u00f3spede ou grupo, dias de estadia indicando a entrada (check-in) e sa\u00edda (check-out) e o detalhe dos servi\u00e7os confirmados. N\u00e3o ser\u00e3o aceitos vouchers alterados, adulterados ou fotocopiados. Deve ser apresentado um voucher para cada estabelecimento e deve ser diferenciado se for para camping ou ref\u00fagio. Por exemplo, para um grupo com servi\u00e7os em Paine Grande, deve ser emitido um voucher para ref\u00fagio e outro para camping caso tenham servi\u00e7os contratados em ambos os setores. Os vouchers s\u00e3o nominativos e intransfer\u00edveis.<\/p>\n<h3>Bloqueios &#8211; Individuais ou grupais<\/h3>\n<p>As reservas devem ser pagas integralmente at\u00e9 45 dias antes da entrada dos passageiros.<\/p>\n<p>Para cancelamentos, redu\u00e7\u00e3o do n\u00famero de h\u00f3spedes, altera\u00e7\u00e3o de servi\u00e7os ou altera\u00e7\u00e3o de data com menos de 45 dias antes do check-in, ser\u00e1 cobrado 100% do valor da reserva original.<\/p>\n<p>Pelo menos 30 dias antes do check-in, a ag\u00eancia\/operador tur\u00edstico dever\u00e1 enviar-nos o formul\u00e1rio de dados do h\u00f3spede completo com todas as informa\u00e7\u00f5es nele solicitadas. Reservas feitas com menos de 45 dias antes do check-in t\u00eam uma prorroga\u00e7\u00e3o de at\u00e9 2 dias \u00fateis a partir da confirma\u00e7\u00e3o inicial da reserva para cancelar ou modificar sem \u00f4nus e pagar 100% do valor da reserva. Ap\u00f3s este per\u00edodo, qualquer modifica\u00e7\u00e3o ou cancelamento ser\u00e1 cobrado integralmente. As reservas s\u00e3o nominativas e intransfer\u00edveis.<\/p>\n<p>Sem preju\u00edzo do acima exposto, no caso de grupos, s\u00e9ries ou blocos, reserva-se o direito de modificar as condi\u00e7\u00f5es de pagamento, juntamente com as datas, prazos e valores a serem pagos, que ser\u00e3o informados no momento da confirma\u00e7\u00e3o da reserva. Para saber o status dos bloqueios, voc\u00ea pode solicitar uma atualiza\u00e7\u00e3o ao Operador ou Ag\u00eancia de Viagens e cotas podem ser solicitadas se voc\u00ea precisar.<\/p>\n<p>O pr\u00e9-pagamento ser\u00e1 necess\u00e1rio para todas as reservas confirmadas. Se estes n\u00e3o forem pagos nas datas estipuladas na confirma\u00e7\u00e3o, reserva-se o direito de cancelar ou anular a reserva.<\/p>\n<h3>No show ou n\u00e3o apresenta\u00e7\u00e3o<\/h3>\n<p>Quando a reserva for efetuada atrav\u00e9s de um Operador Tur\u00edstico ou Ag\u00eancia de Viagens e um passageiro n\u00e3o se apresentar no ref\u00fagio ou parque de campismo, ser\u00e1 considerado um No Show e ser\u00e1 emitida uma fatura em moeda nacional no valor total da reserva.<br \/>\nSe a reserva tiver sido feita em d\u00f3lares, ser\u00e1 emitida uma fatura em moeda nacional no valor total da reserva \u00e0 taxa de c\u00e2mbio em vigor no dia do Check Out mais IVA. A ag\u00eancia ou operador tur\u00edstico deve pagar a diferen\u00e7a deste imposto<\/p>\n<p>Se um passageiro n\u00e3o se apresentar no dia da sua reserva no ref\u00fagio ou parque de campismo, ser\u00e1 reservado o direito de dispor dos espa\u00e7os reservados para os voltar a comercializar.<br \/>\nCaso o h\u00f3spede tenha uma reserva para mais de uma noite, o n\u00e3o comparecimento no primeiro dia de sua reserva cancelar\u00e1 automaticamente toda a sua estadia, com exce\u00e7\u00e3o daqueles que informarem via e-mail que chegar\u00e3o no dia seguinte (a primeira noite \u00e9 perdida de qualquer forma). Isso se aplica a cancelamentos ap\u00f3s o prazo e\/ou No Show.<\/p>\n<h3>Responsabilidades<\/h3>\n<p>A empresa n\u00e3o se responsabiliza por custos adicionais para modifica\u00e7\u00f5es ou cancelamentos de reservas, nem despesas geradas por perdas ou atrasos em servi\u00e7os de transporte a\u00e9reo, terrestre, lacustre ou mar\u00edtimo de passageiros. Da mesma forma, V\u00e9rtice S.A. n\u00e3o se responsabiliza pela perda de documentos ou bens pessoais do passageiro na sua viagem ou durante a sua estadia nos nossos abrigos e parques de campismo. \u00c9 responsabilidade de cada pessoa fazer um check-up m\u00e9dico preventivo, antes de uma atividade, excurs\u00e3o, trekking, etc., para garantir que sua sa\u00fade esteja em boas condi\u00e7\u00f5es e seja compat\u00edvel com a atividade a ser realizada.<\/p>\n<p>A empresa n\u00e3o se responsabiliza por acidentes no caminho ou nas trilhas, ou em locais alheios \u00e0s suas instala\u00e7\u00f5es. Qualquer responsabilidade que a empresa possa ter deve ser acreditada por meio de senten\u00e7a judicial execut\u00f3ria. Embora sejam indicadas as dist\u00e2ncias e graus de dificuldade das caminhadas nos trilhos, \u00e9 da responsabilidade do h\u00f3spede l\u00ea-las e saber quais s\u00e3o as suas limita\u00e7\u00f5es, bem como trazer os equipamentos adequados para um \u00f3timo desenvolvimento das mesmas. Ao mesmo tempo, \u00e9 de responsabilidade dos passageiros informar-se da Conaf sobre os hor\u00e1rios de fechamento e abertura das trilhas, a necessidade de um guia na baixa temporada, bem como o regulamento interno do Parque Nacional Torres del Paine<\/p>\n<h3>Cl\u00e1usula Covid-19<\/h3>\n<p><u>Atos da Autoridade<\/u><br \/>\nCaso um passageiro necessite cancelar sua viagem fora do per\u00edodo de cancelamento (45 dias antes do check-in), devido a uma Lei da Autoridade, como: mudan\u00e7as nos traslados a\u00e9reos, terrestres e\/ou lacustres ou fechamento de fronteiras nacionais ou regionais devido ao COVID-19, pode ser remarcado sem penalidade at\u00e9 a temporada 2022-2023 (data m\u00e1xima de estadia 30 de abril de 2023).<\/p>\n<p><u>Em caso de cont\u00e1gio do passageiro<\/u><br \/>\nCaso um passageiro necessite cancelar sua viagem fora do per\u00edodo de cancelamento (45 dias antes do check-in) devido \u00e0 dissemina\u00e7\u00e3o do v\u00edrus COVID-19, o passageiro afetado dever\u00e1 apresentar um atestado m\u00e9dico para poder remarcar sem penalidade at\u00e9 o Temporada 2022 \u2013 2023 (data m\u00e1xima de estadia 30 de abril de 2023).<\/p>\n<p>Caso a nova data de reserva coincida com 24 de dezembro ou 31 de dezembro, dever\u00e1 ser pago o valor do servi\u00e7o de jantar ou pens\u00e3o completa de Natal ou Ano Novo, com os valores da nova \u00e9poca.<\/p>\n<p>Caso a nova data de reserva coincida com 24 de dezembro ou 31 de dezembro, dever\u00e1 ser pago o valor do servi\u00e7o de jantar ou pens\u00e3o completa de Natal ou Ano Novo, com os valores da nova \u00e9poca.<\/p>\n<p><u>Em caso de suspeita de cont\u00e1gio durante a estadia<\/u><br \/>\nSe ocorrer uma situa\u00e7\u00e3o em que um passageiro seja suspeito de estar infectado ou esteja em contato pr\u00f3ximo com o COVID-19, seguindo as regulamenta\u00e7\u00f5es do Seremi de Sa\u00fade do Chile, ele dever\u00e1 permanecer em isolamento at\u00e9 que possa ser transferido para o hospital de Puerto Natales.<\/p>\n<p>No caso de que devido a esta situa\u00e7\u00e3o a estadia deva ser prolongada ou servi\u00e7os adicionais devem ser levados aos contratados, essas despesas devem ser pagas diretamente pelos passageiros (com tarifa RACK) a menos que a ag\u00eancia cuide dessas despesas adicionais (aplicando tarifa CONFIDENCIAL).<\/p>\n<h3>Servi\u00e7os adicionais<\/h3>\n<p>Quando forem solicitados os servi\u00e7os de tenda, colch\u00e3o ou saco-cama, o utente ou o guia, como representante da ag\u00eancia de viagens ou operador tur\u00edstico, dever\u00e1 entregar \u00e0 sua guarda algum documento oficial que comprove a sua identidade, desde que fa\u00e7a uso de o servi\u00e7o ou, na sua falta, um voucher Transbank como garantia com um valor retido no cart\u00e3o de cr\u00e9dito.<\/p>\n<p>Caso as tendas, sacos de dormir ou colchonetes sejam danificados ou destru\u00eddos, o usu\u00e1rio ser\u00e1 respons\u00e1vel por cada um deles, devendo pagar \u00e0 empresa. os seguintes valores:<\/p>\n<p>Valores de reposi\u00e7\u00e3o de mercadorias danificadas*<\/p>\n<ul>\n<li>Barraca: $400.000<\/li>\n<li>Colchonete: $20.000<\/li>\n<li>Saco de dormir: $100.000<\/li>\n<\/ul>\n<p>Repara\u00e7\u00e3o de bens*<\/p>\n<ul>\n<li>Barraca: $20.000<\/li>\n<li>Saco de dormir: $20.000<\/li>\n<\/ul>\n<p>*Valores unit\u00e1rios em pesos chilenos com IVA inclu\u00eddo<\/p>\n<p>No momento do check-out, o administrador, subadministrador ou gestor de camping avaliar\u00e1 o estado do im\u00f3vel, segundo o qual determinar\u00e1 se est\u00e1 destru\u00eddo, se foi extraviado ou danificado e em que medida, e informar\u00e1 o total valor a ser pago pelo usu\u00e1rio.<\/p>\n<p>Conhe\u00e7a nossas <a href=\"https:\/\/rebelviajes.com\/pt-br\/termos-e-condicoes\/\" target=\"_blank\" rel=\"noopener\">Termos e Condi\u00e7\u00f5es<\/a> do nosso site.\n<\/div>\n","protected":false},"excerpt":{"rendered":"<p>Do <strong>Terminal Rodovi\u00e1rio Puerto Natales<\/strong><br \/>\n5 dias \/ 4 noites<br \/>\nIn\u00edcio 06:45 (primeiro dia) &#8211; T\u00e9rmino 22:00 (\u00faltimo dia)<\/p>\n","protected":false},"featured_media":990109066,"comment_status":"open","ping_status":"closed","template":"","meta":{"site-sidebar-layout":"default","site-content-layout":"default","ast-site-content-layout":"default","site-content-style":"default","site-sidebar-style":"default","ast-global-header-display":"","ast-banner-title-visibility":"","ast-main-header-display":"","ast-hfb-above-header-display":"","ast-hfb-below-header-display":"","ast-hfb-mobile-header-display":"","site-post-title":"","ast-breadcrumbs-content":"","ast-featured-img":"","footer-sml-layout":"","ast-disable-related-posts":"","theme-transparent-header-meta":"default","adv-header-id-meta":"","stick-header-meta":"","header-above-stick-meta":"","header-main-stick-meta":"","header-below-stick-meta":"","astra-migrate-meta-layouts":"default","ast-page-background-enabled":"default","ast-page-background-meta":{"desktop":{"background-color":"","background-image":"","background-repeat":"repeat","background-position":"center center","background-size":"auto","background-attachment":"scroll","background-type":"","background-media":"","overlay-type":"","overlay-color":"","overlay-opacity":"","overlay-gradient":""},"tablet":{"background-color":"","background-image":"","background-repeat":"repeat","background-position":"center center","background-size":"auto","background-attachment":"scroll","background-type":"","background-media":"","overlay-type":"","overlay-color":"","overlay-opacity":"","overlay-gradient":""},"mobile":{"background-color":"","background-image":"","background-repeat":"repeat","background-position":"center center","background-size":"auto","background-attachment":"scroll","background-type":"","background-media":"","overlay-type":"","overlay-color":"","overlay-opacity":"","overlay-gradient":""}},"ast-content-background-meta":{"desktop":{"background-color":"var(--ast-global-color-5)","background-image":"","background-repeat":"repeat","background-position":"center center","background-size":"auto","background-attachment":"scroll","background-type":"","background-media":"","overlay-type":"","overlay-color":"","overlay-opacity":"","overlay-gradient":""},"tablet":{"background-color":"var(--ast-global-color-5)","background-image":"","background-repeat":"repeat","background-position":"center center","background-size":"auto","background-attachment":"scroll","background-type":"","background-media":"","overlay-type":"","overlay-color":"","overlay-opacity":"","overlay-gradient":""},"mobile":{"background-color":"var(--ast-global-color-5)","background-image":"","background-repeat":"repeat","background-position":"center center","background-size":"auto","background-attachment":"scroll","background-type":"","background-media":"","overlay-type":"","overlay-color":"","overlay-opacity":"","overlay-gradient":""}}},"product_brand":[],"product_cat":[349,602],"product_tag":[532,508,491],"class_list":{"0":"post-990117208","1":"product","2":"type-product","3":"status-publish","4":"has-post-thumbnail","6":"product_cat-programas-turisticos","7":"product_cat-puerto-natales-torres-del-paine-pt-br","8":"product_tag-programa-simple-nuevo-pt-br-2","9":"product_tag-puerto-natales-pt-br-2","10":"product_tag-torres-del-paine-pt-br-2","11":"desktop-align-left","12":"tablet-align-left","13":"mobile-align-left","15":"first","16":"instock","17":"sold-individually","18":"shipping-taxable","19":"purchasable","20":"product-type-variable"},"_links":{"self":[{"href":"https:\/\/rebelviajes.com\/pt-br\/wp-json\/wp\/v2\/product\/990117208","targetHints":{"allow":["GET"]}}],"collection":[{"href":"https:\/\/rebelviajes.com\/pt-br\/wp-json\/wp\/v2\/product"}],"about":[{"href":"https:\/\/rebelviajes.com\/pt-br\/wp-json\/wp\/v2\/types\/product"}],"replies":[{"embeddable":true,"href":"https:\/\/rebelviajes.com\/pt-br\/wp-json\/wp\/v2\/comments?post=990117208"}],"version-history":[{"count":0,"href":"https:\/\/rebelviajes.com\/pt-br\/wp-json\/wp\/v2\/product\/990117208\/revisions"}],"wp:featuredmedia":[{"embeddable":true,"href":"https:\/\/rebelviajes.com\/pt-br\/wp-json\/wp\/v2\/media\/990109066"}],"wp:attachment":[{"href":"https:\/\/rebelviajes.com\/pt-br\/wp-json\/wp\/v2\/media?parent=990117208"}],"wp:term":[{"taxonomy":"product_brand","embeddable":true,"href":"https:\/\/rebelviajes.com\/pt-br\/wp-json\/wp\/v2\/product_brand?post=990117208"},{"taxonomy":"product_cat","embeddable":true,"href":"https:\/\/rebelviajes.com\/pt-br\/wp-json\/wp\/v2\/product_cat?post=990117208"},{"taxonomy":"product_tag","embeddable":true,"href":"https:\/\/rebelviajes.com\/pt-br\/wp-json\/wp\/v2\/product_tag?post=990117208"}],"curies":[{"name":"wp","href":"https:\/\/api.w.org\/{rel}","templated":true}]}}