{"id":990117220,"date":"2020-12-07T19:17:08","date_gmt":"2020-12-07T22:17:08","guid":{"rendered":"https:\/\/rebelviajes.com\/producto\/lenga-3-dias-2-noches\/"},"modified":"2025-04-29T22:58:24","modified_gmt":"2025-04-30T02:58:24","slug":"lenga-3-dias-2-noches","status":"publish","type":"product","link":"https:\/\/rebelviajes.com\/pt-br\/product\/lenga-3-dias-2-noches\/","title":{"rendered":"Lenga 3 dias \/ 2 noites"},"content":{"rendered":"<h2 id=\"descripcion\">Descri\u00e7\u00e3o<\/h2>\n<h3>Descubra a Patag\u00f4nia com o programa Lenga 3 dias \/ 2 noites e reconecte-se com a natureza<\/h3>\n<p>Com o programa <strong>Lenga 3 dias \/ 2 noites<\/strong>, voc\u00ea ser\u00e1 capaz de se reconectar com o ambiente natural que <strong>Patag\u00f4nia chilena<\/strong> tem a oferecer. Em meio a <strong>montanhas<\/strong>, <strong>bosques<\/strong> e <strong>lagos<\/strong>, esta experi\u00eancia \u00e9 a s\u00edntese perfeita do que voc\u00ea precisa para recuperar a harmonia e o prazer.<\/p>\n<p>Voc\u00ea vai ficar na cidade de <strong>Puerto Natales<\/strong>, em um ponto muito bem localizado, com possibilidade de visitar as principais atra\u00e7\u00f5es da<strong>Patag\u00f4nia<\/strong>.<\/p>\n<h3>Conhe\u00e7a o Parque Torres del Paine<\/h3>\n<p>O programa come\u00e7a com uma visita ao famoso <strong>Parque Nacional Torres del Paine<\/strong>, parada obrigat\u00f3ria em uma viagem \u00e0 <strong>Patag\u00f4nia<\/strong>. Este passeio de dia inteiro \u00e9 perfeito para uma vis\u00e3o completa do parque, pois leva voc\u00ea de uma ponta \u00e0 outra.<\/p>\n<p>Al\u00e9m de conhecer o parque, voc\u00ea tamb\u00e9m ter\u00e1 a oportunidade de visitar o impressionante <strong>Monumento Natural Cueva del Milod\u00f3n<\/strong>, local formado por cavernas de tr\u00eas mil anos, nas quais se encontram restos de um mam\u00edfero pr\u00e9-hist\u00f3rico j\u00e1 extinto, provavelmente no final do Pleistoceno, chamado <strong>Milod\u00f3n<\/strong>.<\/p>\n<div class=\"divisor\"><\/div>\n<h2 id=\"itinerario\">Itiner\u00e1rio<\/h2>\n<h3>Full Day Torres del Paine<\/h3>\n<p>A excurs\u00e3o de dia inteiro come\u00e7a com uma visita ao <strong>Monumento Natural Cueva del Milod\u00f3n<\/strong>. L\u00e1 voc\u00ea visitar\u00e1 a maior caverna de um conjunto de tr\u00eas cavernas, que guardam em seu interior mais de 100 anos de hist\u00f3ria e os restos de animais pr\u00e9-hist\u00f3ricos.<\/p>\n<p>Voc\u00ea continuar\u00e1 a excurs\u00e3o entrando no <strong>Parque Nacional Torres del Paine,<\/strong> onde desfrutar\u00e1 da incr\u00edvel vista da <strong>Laguna Sof\u00eda<\/strong>, <strong>Lago Porte\u00f1o<\/strong>, <strong>Cordilheira Prat<\/strong>, <strong>Cerro Mesa<\/strong>, <strong>Sierra del Toro<\/strong> e <strong>Sierra Ballena<\/strong>.<\/p>\n<p>Depois de ver o mirante do <strong>Lago del Toro<\/strong>, voc\u00ea continuar\u00e1 at\u00e9 o setor <strong>Lago Grey<\/strong>, onde far\u00e1 uma curta caminhada de aproximadamente 20 minutos para chegar \u00e0 margem do <strong>Lago Grey<\/strong>, de onde voc\u00ea ter\u00e1 outra perspectiva do <strong>maci\u00e7o do Paine<\/strong> e dos <strong>Cuernos del Paine<\/strong>, se as condi\u00e7\u00f5es clim\u00e1ticas permitirem.<\/p>\n<p>Para finalizar a excurs\u00e3o, visitaremos a praia <strong>Laguna Amarga<\/strong> e o mirante do <strong>Lago Sarmiento<\/strong>, que tem uma vista completa das Torres.<\/p>\n<div class=\"divisor\"><\/div>\n<h2 id=\"detalle\">Detalhe<\/h2>\n<table>\n<tbody>\n<tr>\n<th><i class=\"fa fa-check\" aria-hidden=\"true\"><\/i> Inclui<\/th>\n<\/tr>\n<tr>\n<td>\nTraslado para Puerto Natales (desde Punta Arenas, Aeropuerto Puerto Natales ou El Calafate)<br \/>\nAcomoda\u00e7\u00e3o com banheiro privado<br \/>\nCaf\u00e9 da manh\u00e3<br \/>\nEntrada do Parque Nacional Torres del Paine<br \/>\nExcurs\u00e3o:<br \/>\n<a href=\"https:\/\/rebelviajes.com\/pt-br\/product\/full-day-torres-del-paine-desde-natales\/\" target=\"_blank\" rel=\"noopener\">&#8211; Full Day Torres del Paine<\/a> (com guia bilingue e traslado compartilhado)<\/td>\n<\/tr>\n<\/tbody>\n<\/table>\n<table>\n<tbody>\n<tr>\n<th><i class=\"fa fa-times\" aria-hidden=\"true\"><\/i> N\u00e3o inclui<\/th>\n<\/tr>\n<tr>\n<td>Voos hacia \/ desde Punta Arenas<br \/>\nTraslados n\u00e3o mencionados<br \/>\nGorjetas<br \/>\nAlimenta\u00e7\u00e3o n\u00e3o mencionada<br \/>\nEntrada do Monumento Natural Cueva del Milod\u00f3n<br \/>\nSeguro de acidentes em viagens<\/td>\n<\/tr>\n<\/tbody>\n<\/table>\n<div class=\"divisor\"><\/div>\n<h2 id=\"faq\">FAQ<\/h2>\n<h3>Posso alterar as datas da minha reserva?<\/h3>\n<p>Voc\u00ea pode modificar sua reserva ao longo do ano dependendo da disponibilidade dos servi\u00e7os.<\/p>\n<h3>O que levar?<\/h3>\n<p>Cal\u00e7ados imperme\u00e1veis \u200b\u200bpara caminhadas, \u00f3culos de sol, protetor solar, \u00e1gua, chap\u00e9u para o sol, chap\u00e9u e luvas para o frio, camisas de manga curta e manga longa, agasalhos de l\u00e3 e jaqueta e cal\u00e7as imperme\u00e1veis.<\/p>\n<h3>Qual \u00e9 o pre\u00e7o da entrada para o Monumento Nacional Cueva del Milod\u00f3n?<\/h3>\n<p>Voc\u00ea pode verificar o pre\u00e7o atualizado da entrada diretamente no site da <a href=\"https:\/\/www.conaf.cl\/parques\/monumento-natural-cueva-del-milodon\/\" target=\"_blank\" rel=\"noopener\">Conaf<\/a>.<\/p>\n<h3>Qual \u00e9 o pre\u00e7o da entrada do Parque Nacional Torres del Paine?<\/h3>\n<p>Voc\u00ea pode verificar o pre\u00e7o atualizado da entrada diretamente no site do <a href=\"https:\/\/parquetorresdelpaine.cl\/tarifas-y-horarios\/\" target=\"_blank\" rel=\"noopener\">Parque Torres del Paine<\/a>.<\/p>\n<div class=\"divisor\"><\/div>\n<h2 id=\"condiciones\">Condi\u00e7\u00f5es<\/h2>\n<p><b>Reserva<\/b><\/p>\n<p>As reservas devem ser feitas pelo menos 15 dias antes da data de in\u00edcio do servi\u00e7o.<\/p>\n<p>As reservas devem ser solicitadas atrav\u00e9s do e-mail reservas@rebelviajes.com, indicando a data prevista e o servi\u00e7o a ser solicitado.<br \/>\nTodas as informa\u00e7\u00f5es necess\u00e1rias para a reserva devem ser fornecidas (nome e sobrenome, nacionalidade, data de nascimento, n\u00famero do passaporte, restri\u00e7\u00f5es alimentares, alergias).<\/p>\n<p>A reserva \u00e9 confirmada quando o operador\/cliente recebe a confirma\u00e7\u00e3o da reserva.<\/p>\n<p>Excurs\u00f5es de dia inteiro ou meio dia em servi\u00e7o regular. Os locais a serem visitados est\u00e3o sujeitos a altera\u00e7\u00f5es no mesmo dia da excurs\u00e3o em caso de condi\u00e7\u00f5es clim\u00e1ticas adversas.<\/p>\n<p>O hor\u00e1rio de t\u00e9rmino desta atividade pode ser modificado devido \u00e0s condi\u00e7\u00f5es clim\u00e1ticas, por isso recomendamos que voc\u00ea n\u00e3o compre passagens para sair de Punta Arenas ou Puerto Natales at\u00e9 tr\u00eas horas ap\u00f3s o hor\u00e1rio programado para o retorno, nem deixe sua viagem para o dia seguinte ao final do passeio.<\/p>\n<p><b>Pol\u00edtica de Cancelamento e Anula\u00e7\u00e3o<\/b><\/p>\n<p>Em caso de cancelamento por parte do cliente\/operador, ser\u00e3o aplicadas as seguintes penalidades:<\/p>\n<p><u>Com mais de 25 dias de anteced\u00eancia:<\/u> Multa de 0% do valor total do servi\u00e7o.<br \/>\n<u>Entre 24 e 19 dias de anteced\u00eancia:<\/u> Penalidade de 25% do valor total do servi\u00e7o<br \/>\n<u>Entre 18 e 11 dias de anteced\u00eancia:<\/u> Multa de 50% do valor total do servi\u00e7o.<br \/>\n<u>Aviso com menos de 10 dias de anteced\u00eancia:<\/u> Multa de 100% do valor total do servi\u00e7o.<br \/>\n<u>No-show:<\/u> Penalidade de 100% do valor total do servi\u00e7o (sem direito a reembolso).<\/p>\n<p>Rebel Viajes n\u00e3o se responsabiliza por cancelamentos devido a fatores externos, como problemas de sa\u00fade dos passageiros ou qualquer outra causa fora do nosso controle.<\/p>\n<p>Suspens\u00e3o por condi\u00e7\u00f5es clim\u00e1ticas: reembolso total ser\u00e1 feito quando a empresa cancelar antes de iniciar o servi\u00e7o. O reembolso total ser\u00e1 feito quando a empresa cancelar antes de iniciar o servi\u00e7o.<\/p>\n<p>Caso haja indeniza\u00e7\u00e3o por situa\u00e7\u00e3o especial, ser\u00e1 acordada com as pessoas, e ser\u00e1 definida pelo desenvolvimento do programa de viagens.<\/p>\n<p><b>Modifica\u00e7\u00f5es<\/b><\/p>\n<p>A reserva pode ser transfer\u00edvel para outros passageiros atrav\u00e9s do e-mail reservas@rebelviajes.com.<\/p>\n<p>No entanto, todos os ingressos s\u00e3o intransfer\u00edveis.<\/p>\n<p>Altera\u00e7\u00f5es de data est\u00e3o sujeitas \u00e0 disponibilidade e devem ser feitas 7 dias antes do in\u00edcio do programa ou excurs\u00e3o.<\/p>\n<p><b>Responsabilidade do Cliente<\/b><\/p>\n<p>\u00c9 de responsabilidade do cliente garantir que os requisitos f\u00edsicos do servi\u00e7o contratado sejam atendidos. \u00c9 recomend\u00e1vel adquirir um seguro de viagem com assist\u00eancia m\u00e9dica. <\/p>\n","protected":false},"excerpt":{"rendered":"<p><b>Puerto Natales<\/b><br \/>\n3 dias \/ 2 noites<\/p>\n","protected":false},"featured_media":990114571,"comment_status":"open","ping_status":"closed","template":"","meta":{"site-sidebar-layout":"default","site-content-layout":"default","ast-site-content-layout":"default","site-content-style":"default","site-sidebar-style":"default","ast-global-header-display":"","ast-banner-title-visibility":"","ast-main-header-display":"","ast-hfb-above-header-display":"","ast-hfb-below-header-display":"","ast-hfb-mobile-header-display":"","site-post-title":"","ast-breadcrumbs-content":"","ast-featured-img":"","footer-sml-layout":"","ast-disable-related-posts":"","theme-transparent-header-meta":"default","adv-header-id-meta":"","stick-header-meta":"","header-above-stick-meta":"","header-main-stick-meta":"","header-below-stick-meta":"","astra-migrate-meta-layouts":"default","ast-page-background-enabled":"default","ast-page-background-meta":{"desktop":{"background-color":"","background-image":"","background-repeat":"repeat","background-position":"center center","background-size":"auto","background-attachment":"scroll","background-type":"","background-media":"","overlay-type":"","overlay-color":"","overlay-opacity":"","overlay-gradient":""},"tablet":{"background-color":"","background-image":"","background-repeat":"repeat","background-position":"center center","background-size":"auto","background-attachment":"scroll","background-type":"","background-media":"","overlay-type":"","overlay-color":"","overlay-opacity":"","overlay-gradient":""},"mobile":{"background-color":"","background-image":"","background-repeat":"repeat","background-position":"center center","background-size":"auto","background-attachment":"scroll","background-type":"","background-media":"","overlay-type":"","overlay-color":"","overlay-opacity":"","overlay-gradient":""}},"ast-content-background-meta":{"desktop":{"background-color":"var(--ast-global-color-5)","background-image":"","background-repeat":"repeat","background-position":"center center","background-size":"auto","background-attachment":"scroll","background-type":"","background-media":"","overlay-type":"","overlay-color":"","overlay-opacity":"","overlay-gradient":""},"tablet":{"background-color":"var(--ast-global-color-5)","background-image":"","background-repeat":"repeat","background-position":"center center","background-size":"auto","background-attachment":"scroll","background-type":"","background-media":"","overlay-type":"","overlay-color":"","overlay-opacity":"","overlay-gradient":""},"mobile":{"background-color":"var(--ast-global-color-5)","background-image":"","background-repeat":"repeat","background-position":"center center","background-size":"auto","background-attachment":"scroll","background-type":"","background-media":"","overlay-type":"","overlay-color":"","overlay-opacity":"","overlay-gradient":""}}},"product_brand":[],"product_cat":[349,602],"product_tag":[533,508],"class_list":{"0":"post-990117220","1":"product","2":"type-product","3":"status-publish","4":"has-post-thumbnail","6":"product_cat-programas-turisticos","7":"product_cat-puerto-natales-torres-del-paine-pt-br","8":"product_tag-landing-page-nueva-pt-br","9":"product_tag-puerto-natales-pt-br-2","10":"desktop-align-left","11":"tablet-align-left","12":"mobile-align-left","14":"first","15":"instock","16":"sold-individually","17":"shipping-taxable","18":"purchasable","19":"product-type-variable"},"_links":{"self":[{"href":"https:\/\/rebelviajes.com\/pt-br\/wp-json\/wp\/v2\/product\/990117220","targetHints":{"allow":["GET"]}}],"collection":[{"href":"https:\/\/rebelviajes.com\/pt-br\/wp-json\/wp\/v2\/product"}],"about":[{"href":"https:\/\/rebelviajes.com\/pt-br\/wp-json\/wp\/v2\/types\/product"}],"replies":[{"embeddable":true,"href":"https:\/\/rebelviajes.com\/pt-br\/wp-json\/wp\/v2\/comments?post=990117220"}],"version-history":[{"count":0,"href":"https:\/\/rebelviajes.com\/pt-br\/wp-json\/wp\/v2\/product\/990117220\/revisions"}],"wp:featuredmedia":[{"embeddable":true,"href":"https:\/\/rebelviajes.com\/pt-br\/wp-json\/wp\/v2\/media\/990114571"}],"wp:attachment":[{"href":"https:\/\/rebelviajes.com\/pt-br\/wp-json\/wp\/v2\/media?parent=990117220"}],"wp:term":[{"taxonomy":"product_brand","embeddable":true,"href":"https:\/\/rebelviajes.com\/pt-br\/wp-json\/wp\/v2\/product_brand?post=990117220"},{"taxonomy":"product_cat","embeddable":true,"href":"https:\/\/rebelviajes.com\/pt-br\/wp-json\/wp\/v2\/product_cat?post=990117220"},{"taxonomy":"product_tag","embeddable":true,"href":"https:\/\/rebelviajes.com\/pt-br\/wp-json\/wp\/v2\/product_tag?post=990117220"}],"curies":[{"name":"wp","href":"https:\/\/api.w.org\/{rel}","templated":true}]}}