{"id":990117238,"date":"2022-02-28T17:38:46","date_gmt":"2022-02-28T20:38:46","guid":{"rendered":"https:\/\/rebelviajes.com\/producto\/trekking-faro-san-isidro\/"},"modified":"2026-04-27T13:09:40","modified_gmt":"2026-04-27T17:09:40","slug":"trekking-faro-san-isidro","status":"publish","type":"product","link":"https:\/\/rebelviajes.com\/pt-br\/product\/trekking-faro-san-isidro\/","title":{"rendered":"Trekking Faro San Isidro"},"content":{"rendered":"<h2 id=\"descripcion\">Descri\u00e7\u00e3o<\/h2>\n<h3>Desfrute de vistas espetaculares da costa no extremo sul do Chile<\/h3>\n<p>Voc\u00ea percorrer\u00e1 este caminho desfrutando de espetaculares vistas costeiras no extremo sul do Chile, com as quais chegar\u00e1 quase ao final do territ\u00f3rio continental sul-americano, onde o forte vento da Patag\u00f4nia sopra at\u00e9 o hist\u00f3rico Farol de San Isidro, uma atra\u00e7\u00e3o que se destaca por ter mais de 100 anos guiando as navega\u00e7\u00f5es. <\/p>\n<p>O trekking at\u00e9 o Farol San Isidro, al\u00e9m de simples, tem uma beleza impressionante: a exuberante e quase impenetr\u00e1vel floresta virgem de coig\u00fce, o imponente Monte Tarn e as \u00e1guas calmas do Estreito de Magallanes, que tornam este trekking inesquec\u00edvel. Al\u00e9m disso, nos meses de ver\u00e3o e com um pouco de sorte, \u00e9 poss\u00edvel ver golfinhos e baleias vagando tranquilamente pelo estreito.<\/p>\n<h3>Itiner\u00e1rio<\/h3>\n<ul>\n<li>08:00\/08:30 &#8211; Recep\u00e7\u00e3o de passageiros em seus respectivos locais de hospedagem e sa\u00edda para o setor de Punta Arbol, localizado a 75 km ao sul de Punta Arenas, onde os \u00faltimos 20 km s\u00e3o de cascalho. Percurso costeiro margeando o Estreito de Magalh\u00e3es, com possibilidade de avistar fauna marinha, dependendo da \u00e9poca do ano.<\/li>\n<li>10:15 &#8211; In\u00edcio da caminhada, cerca de 4 quil\u00f4metros de ida ao longo da praia. Com observa\u00e7\u00e3o da flora e fauna ao longo do caminho e vistas da Ilha Dawson e da Cordilheira Darwin.<\/li>\n<li>11:45 &#8211; Chegada ao setor Faro San Isidro. Te daremos tempo para alimenta\u00e7\u00e3o.<\/li>\n<li>12:15\/14:00 &#8211; 4 km de volta a p\u00e9 para Punta Arbol.<\/li>\n<li>15:30 &#8211; Chegada em Punta Arenas.<\/li>\n<\/ul>\n<div class=\"divisor\"><\/div>\n<h2 id=\"detalle\">Detalhe<\/h2>\n<table>\n<tr>\n<th><i class=\"fa fa-check\" aria-hidden=\"true\"><\/i> Inclui<\/th>\n<\/tr>\n<tr>\n<td>\nTranslado compartilhado<br \/>\nGuia bil\u00edngue (Espanhol e Ingl\u00eas)\n<\/td>\n<\/tr>\n<\/table>\n<p><\/p>\n<table>\n<tr>\n<th><i class=\"fa fa-times\" aria-hidden=\"true\"><\/i> N\u00e3o inclui<\/th>\n<\/tr>\n<tr>\n<td>\nGorjetas<br \/>\nAlimenta\u00e7\u00e3o<br \/>\nSeguro de acidentes\n<\/td>\n<\/tr>\n<\/table>\n<div class=\"divisor\"><\/div>\n<h2 id=\"faq\">FAQ<\/h2>\n<h3>O que levar? <\/h3>\n<ul>\n<li>Mochila para itens pessoais (celular, c\u00e2meras, documentos, etc.) <\/li>\n<li>Jaqueta imperme\u00e1vel <\/li>\n<li>Gorro<\/li>\n<li>Luvas <\/li>\n<li>Sapatos de trekking <\/li>\n<\/ul>\n<h3>O que acontece em caso de suspens\u00e3o devido \u00e0s condi\u00e7\u00f5es meteorol\u00f3gicas?<\/h3>\n<p>Um reembolso total ser\u00e1 feito quando a empresa cancelar antes de iniciar o servi\u00e7o, devido a condi\u00e7\u00f5es clim\u00e1ticas adversas. Durante o desenvolvimento da atividade, n\u00e3o est\u00e1 contemplado nenhum reembolso de dinheiro; neste caso, por fatores externos \u00e0 empresa. Caso haja indeniza\u00e7\u00e3o por situa\u00e7\u00e3o especial, ser\u00e1 acordada com as pessoas, e ser\u00e1 definida pelo desenvolvimento do programa de viagens.<\/p>\n<div class=\"divisor\"><\/div>\n<h2 id=\"condiciones\">Condi\u00e7\u00f5es<\/h2>\n<p>Consulte as <span class=\"open-modal\" onclick=\"openModal()\">condi\u00e7\u00f5es de contrata\u00e7\u00e3o<\/span> da excurs\u00e3o Trekking Faro San Isidro.<\/p>\n<div id=\"my-modal\" class=\"modal\">\n<button class=\"close-modal\" onclick=\"closeModal()\"><i class=\"fa fa-times\" aria-hidden=\"true\"><\/i><\/button><\/p>\n<p>Excurs\u00e3o de um dia inteiro ou meio dia em servi\u00e7o regular.<\/p>\n<p>Os locais a serem visitados est\u00e3o sujeitos a altera\u00e7\u00f5es no mesmo dia da excurs\u00e3o em caso de condi\u00e7\u00f5es clim\u00e1ticas adversas.<\/p>\n<p>O hor\u00e1rio de t\u00e9rmino desta atividade pode ser modificado devido \u00e0s condi\u00e7\u00f5es clim\u00e1ticas, por isso recomendamos que voc\u00ea n\u00e3o compre passagens para sair de Punta Arenas ou Puerto Natales at\u00e9 tr\u00eas horas ap\u00f3s o hor\u00e1rio programado para o retorno, nem deixe sua viagem para o dia seguinte ao final do passeio.<\/p>\n<p>Caso o passageiro n\u00e3o compare\u00e7a nos hor\u00e1rios definidos para a excurs\u00e3o, n\u00e3o haver\u00e1 reembolso.<\/p>\n<p><b>Suspens\u00e3o devido \u00e0s condi\u00e7\u00f5es meteorol\u00f3gica:<\/b> Um reembolso total ser\u00e1 feito quando a empresa cancelar antes de iniciar o servi\u00e7o.<\/p>\n<p>O reembolso total ser\u00e1 feito quando a empresa cancelar antes de iniciar o servi\u00e7o.<\/p>\n<p>Caso haja indeniza\u00e7\u00e3o por situa\u00e7\u00e3o especial, ser\u00e1 acordada com as pessoas, e ser\u00e1 definida pelo desenvolvimento do programa de viagens.<\/p>\n<p><b>Importante:<\/b> Nenhuma excurs\u00e3o inclui seguro de acidentes.<\/p>\n<p>Conhe\u00e7a nossos <a href=\"https:\/\/rebelviajes.com\/pt-br\/termos-e-condicoes\/\" target=\"_blank\" rel=\"noopener\">Termos e Condi\u00e7\u00f5es<\/a>.\n<\/div>\n","protected":false},"excerpt":{"rendered":"<p>Sa\u00eddas de <strong>Punta Arenas<br \/>\nTodos os dias<\/strong><br \/>\nHor\u00e1rio: <strong>in\u00edcio \u00e0s 8:00 \u2013 t\u00e9rmino \u00e0s 15:30<\/strong><\/p>\n","protected":false},"featured_media":990116151,"comment_status":"open","ping_status":"closed","template":"","meta":{"site-sidebar-layout":"default","site-content-layout":"default","ast-site-content-layout":"default","site-content-style":"default","site-sidebar-style":"default","ast-global-header-display":"","ast-banner-title-visibility":"","ast-main-header-display":"","ast-hfb-above-header-display":"","ast-hfb-below-header-display":"","ast-hfb-mobile-header-display":"","site-post-title":"","ast-breadcrumbs-content":"","ast-featured-img":"","footer-sml-layout":"","ast-disable-related-posts":"","theme-transparent-header-meta":"default","adv-header-id-meta":"","stick-header-meta":"","header-above-stick-meta":"","header-main-stick-meta":"","header-below-stick-meta":"","astra-migrate-meta-layouts":"default","ast-page-background-enabled":"default","ast-page-background-meta":{"desktop":{"background-color":"","background-image":"","background-repeat":"repeat","background-position":"center center","background-size":"auto","background-attachment":"scroll","background-type":"","background-media":"","overlay-type":"","overlay-color":"","overlay-opacity":"","overlay-gradient":""},"tablet":{"background-color":"","background-image":"","background-repeat":"repeat","background-position":"center center","background-size":"auto","background-attachment":"scroll","background-type":"","background-media":"","overlay-type":"","overlay-color":"","overlay-opacity":"","overlay-gradient":""},"mobile":{"background-color":"","background-image":"","background-repeat":"repeat","background-position":"center center","background-size":"auto","background-attachment":"scroll","background-type":"","background-media":"","overlay-type":"","overlay-color":"","overlay-opacity":"","overlay-gradient":""}},"ast-content-background-meta":{"desktop":{"background-color":"var(--ast-global-color-5)","background-image":"","background-repeat":"repeat","background-position":"center center","background-size":"auto","background-attachment":"scroll","background-type":"","background-media":"","overlay-type":"","overlay-color":"","overlay-opacity":"","overlay-gradient":""},"tablet":{"background-color":"var(--ast-global-color-5)","background-image":"","background-repeat":"repeat","background-position":"center center","background-size":"auto","background-attachment":"scroll","background-type":"","background-media":"","overlay-type":"","overlay-color":"","overlay-opacity":"","overlay-gradient":""},"mobile":{"background-color":"var(--ast-global-color-5)","background-image":"","background-repeat":"repeat","background-position":"center center","background-size":"auto","background-attachment":"scroll","background-type":"","background-media":"","overlay-type":"","overlay-color":"","overlay-opacity":"","overlay-gradient":""}}},"product_brand":[],"product_cat":[347,605],"product_tag":[530,509],"class_list":{"0":"post-990117238","1":"product","2":"type-product","3":"status-publish","4":"has-post-thumbnail","6":"product_cat-full-day-pt","7":"product_cat-punta-arenas-pt-br","8":"product_tag-excursion-nueva-pt-br","9":"product_tag-punta-arenas-pt-br-2","10":"desktop-align-left","11":"tablet-align-left","12":"mobile-align-left","14":"first","15":"instock","16":"sold-individually","17":"shipping-taxable","18":"purchasable","19":"product-type-simple"},"_links":{"self":[{"href":"https:\/\/rebelviajes.com\/pt-br\/wp-json\/wp\/v2\/product\/990117238","targetHints":{"allow":["GET"]}}],"collection":[{"href":"https:\/\/rebelviajes.com\/pt-br\/wp-json\/wp\/v2\/product"}],"about":[{"href":"https:\/\/rebelviajes.com\/pt-br\/wp-json\/wp\/v2\/types\/product"}],"replies":[{"embeddable":true,"href":"https:\/\/rebelviajes.com\/pt-br\/wp-json\/wp\/v2\/comments?post=990117238"}],"version-history":[{"count":0,"href":"https:\/\/rebelviajes.com\/pt-br\/wp-json\/wp\/v2\/product\/990117238\/revisions"}],"wp:featuredmedia":[{"embeddable":true,"href":"https:\/\/rebelviajes.com\/pt-br\/wp-json\/wp\/v2\/media\/990116151"}],"wp:attachment":[{"href":"https:\/\/rebelviajes.com\/pt-br\/wp-json\/wp\/v2\/media?parent=990117238"}],"wp:term":[{"taxonomy":"product_brand","embeddable":true,"href":"https:\/\/rebelviajes.com\/pt-br\/wp-json\/wp\/v2\/product_brand?post=990117238"},{"taxonomy":"product_cat","embeddable":true,"href":"https:\/\/rebelviajes.com\/pt-br\/wp-json\/wp\/v2\/product_cat?post=990117238"},{"taxonomy":"product_tag","embeddable":true,"href":"https:\/\/rebelviajes.com\/pt-br\/wp-json\/wp\/v2\/product_tag?post=990117238"}],"curies":[{"name":"wp","href":"https:\/\/api.w.org\/{rel}","templated":true}]}}