{"id":990117257,"date":"2021-08-12T15:45:48","date_gmt":"2021-08-12T19:45:48","guid":{"rendered":"https:\/\/rebelviajes.com\/producto\/circuito-o-refugio-autoguiado\/"},"modified":"2025-03-29T01:36:43","modified_gmt":"2025-03-29T04:36:43","slug":"circuito-o-refugio","status":"publish","type":"product","link":"https:\/\/rebelviajes.com\/pt-br\/product\/circuito-o-refugio\/","title":{"rendered":"Circuito O (refugio &#8211; autoguiado)"},"content":{"rendered":"<h2 id=\"descripcion\">Descri\u00e7\u00e3o<\/h2>\n<h3>Trekking autoguiado pelo Circuito O do Parque Torres del Paine, cheio de paisagens inesquec\u00edveis<\/h3>\n<p>Descubra o <strong>Circuito O<\/strong> numa viagem de 8 dias repleta de paisagens inesquec\u00edveis. Parta para a aventura definitiva, no cora\u00e7\u00e3o da <strong>Patag\u00f4nia<\/strong>, com sua maravilhosa <strong>fauna<\/strong> e seus <strong>lagos<\/strong> e <strong>geleiras impressionantes<\/strong>. O <strong>Circuito O do Parque Torres del Paine<\/strong> \u00e9 a experi\u00eancia perfeita para os amantes da <strong>aventura<\/strong> e do <strong>trekking<\/strong>.<\/p>\n<p>Com certeza, \u00e9 um dos <strong>circuitos de trekking<\/strong> mais desafiadores, seguros e bonitos do mundo. Voc\u00ea descobrir\u00e1 os <strong>ambientes naturais<\/strong> preferidos pelos turistas que buscam mergulhar nas profundezas da <strong>natureza<\/strong>. Voc\u00ea viver\u00e1 uma aventura extrema com o <strong>conforto<\/strong> e a <strong>seguran\u00e7a<\/strong> do destino preferido dos aventureiros.<\/p>\n<p>Al\u00e9m disso, com o programa <strong>Circuito O<\/strong>, voc\u00ea n\u00e3o ter\u00e1 que se preocupar em trazer uma barraca e um saco de dormir. Nosso circuito j\u00e1 <strong>inclui a barraca armada no camping<\/strong>, juntamente com <strong>saco de dormir<\/strong> e <strong>colchonete<\/strong>.<\/p>\n<h3>Conhe\u00e7a a Geleira Los Perros, o setor Grey e a base das Torres<\/h3>\n<p>No primeiro dia do <strong>Circuito O<\/strong>, voc\u00ea pegar\u00e1 o \u00f4nibus da cidade de <strong>Puerto Natales<\/strong> at\u00e9 o <strong>Parque Torres del Paine<\/strong>. Neste dia, voc\u00ea far\u00e1 uma das caminhadas mais simples do programa. A trilha para o <strong>Ser\u00f3n<\/strong> oferece muitas paisagens incr\u00edveis no lado selvagem do <strong>Parque Torres del Paine<\/strong>.<\/p>\n<p>No terceiro dia, voc\u00ea entrar\u00e1 na \u00e1rea mais remota do parque, em meio a uma vegeta\u00e7\u00e3o exuberante e verde. Voc\u00ea vai margear o <strong>rio Los Perros<\/strong>, onde ficar\u00e1 sem f\u00f4lego ao ver a maravilhosa <strong>Geleira Los Perros<\/strong> e sua <strong>lagoa azul-esverdeada<\/strong>.<\/p>\n<p>Voc\u00ea tamb\u00e9m conhecer\u00e1 as paisagens espetaculares do <strong>Campo de Gelo do Sul da Patag\u00f4nia<\/strong> e os icebergs do <strong>Lago Grey<\/strong>. Voc\u00ea realizar\u00e1 uma caminhada de subida por uma floresta montanhosa at\u00e9 chegar ao, \u00e0s vezes muito ventoso, <strong>mirante da Geleira Grey<\/strong>.<\/p>\n<p>J\u00e1 no \u00faltimo dia do <strong>Circuito O<\/strong>, voc\u00ea far\u00e1 o <strong>trekking mais conhecido<\/strong> da zona. O <strong>Trekking Base Torres<\/strong> \u00e9 uma trilha de aproximadamente 20 km e de grau de dificuldade m\u00e9dio-alto. No entanto, mesmo com a dificuldade de um caminho com subidas, ao chegar ao mirante sentir\u00e1 que o seu esfor\u00e7o foi recompensado.<\/p>\n<div class=\"divisor\"><\/div>\n<h2 id=\"itinerario\">Itiner\u00e1rio<\/h2>\n<h3>Dia 1: Puerto Natales \u2013 Parque Torres del Paine \u2013 Camping Ser\u00f3n<\/h3>\n<p>Ap\u00f3s o caf\u00e9 da manh\u00e3 no hotel em Puerto Natales, deve-se partir para o Parque Nacional Torres del Paine \u00e0s 07h00, em \u00f4nibus regular (apare\u00e7a pelo menos 10 minutos antes, no terminal de \u00f4nibus).<\/p>\n<p>A viagem acontece no meio dos pampas patag\u00f4nicos, para chegar \u00e0 Laguna Amarga, a entrada principal do parque e o local onde a entrada deve ser registrada no Conaf (guarda-parque). O transporte \u00e9 feito no \u201cTransporte Las Torres\u201d para chegar ao Centro de Boas-vindas, onde ocorre o registro de passageiros, na Reserva Cerro Paine. Em seguida, come\u00e7a a caminhada at\u00e9 o Camping Ser\u00f3n.<\/p>\n<p>Embora seja considerado um dos dias em que a caminhada \u00e9 uma das mais f\u00e1ceis do Circuito, a trilha para Ser\u00f3n oferece muitas paisagens incr\u00edveis do lado selvagem do Parque Torres del Paine.<\/p>\n<p>Voc\u00ea caminha por um tapete verde vibrante de \u00e1rvores para continuar por uma agrad\u00e1vel encosta que desce em dire\u00e7\u00e3o a um pasto sem fim, na plan\u00edcie patag\u00f4nica.<\/p>\n<p>Continuando o caminho, relativamente plano, em dire\u00e7\u00e3o ao acampamento Ser\u00f3n, ser\u00e3o apreciados riachos cristalinos. Depois de se instalar no camping, haver\u00e1 algum tempo para desfrutar da imensid\u00e3o do terreno antes do jantar, que ser\u00e1 servido na pequena mas acolhedora sala de jantar do Ser\u00f3n.<\/p>\n<p>Dist\u00e2ncia: 9 km<br \/>\nTempo: 4-5 horas<br \/>\nN\u00edvel de dificuldade: m\u00e9dio<br \/>\nAcomoda\u00e7\u00e3o: Camping Ser\u00f3n<br \/>\nRefei\u00e7\u00f5es: almo\u00e7o (box lunch) e jantar<\/p>\n<h3>Dia 2: Camping Ser\u00f3n \u2013 Ref\u00fagio Dickson<\/h3>\n<p>Uma longa caminhada come\u00e7a por colinas ondulantes e prados \u00famidos dentro do parque. Montanhas cobertas de neve, lagos azuis pastel e vastas extens\u00f5es de pastagem fornecer\u00e3o o pano de fundo enquanto voc\u00ea explora o lado norte do parque. Al\u00e9m das incr\u00edveis e imponentes vistas da Geleira Dickson, Cerro Cubo e outros picos escarpados que marcam a fronteira entre Chile e Argentina. Ao chegar na \u00e1rea de Dickson, voc\u00ea faz o check-in e durante a tarde pode dar um passeio ao longo da costa rochosa do Lago Dickson, tudo isso antes do jantar no Ref\u00fagio.<\/p>\n<p>Dist\u00e2ncia: 18,5 km<br \/>\nTempo: 6-7 horas<br \/>\nN\u00edvel de dificuldade: exigente<br \/>\nAcomoda\u00e7\u00e3o: Refugio Dickson<br \/>\nRefei\u00e7\u00f5es: caf\u00e9 da manh\u00e3, lancheira e jantar<\/p>\n<h3>Dia 3: Ref\u00fagio Dickson \u2013 Acampamento Los Perros<\/h3>\n<p>Hoje a caminhada acontecer\u00e1 na \u00e1rea mais remota do parque, em meio a uma vegeta\u00e7\u00e3o verdejante. Poder\u00e1 sentir o vento a soprar pelos arbustos e ouvir o agrad\u00e1vel som dos pica-paus de Magalh\u00e3es. Margeando o rio Los Perros, voc\u00ea sobe uma grande morena onde ficar\u00e1 sem f\u00f4lego ao ver outra pitoresca montanha como tela de fundo, a maravilhosa Geleira Los Perros e sua lagoa azul-esverdeada. Voc\u00ea continua por um caminho rochoso antes de chegar ao acampamento Los Perros, onde ficar\u00e1 hospedado. Recomenda-se descansar, o dia seguinte ser\u00e1 longo.<\/p>\n<p>Dist\u00e2ncia: 9 km<br \/>\nTempo: 5 hrs<br \/>\nN\u00edvel de dificuldade: exigente<br \/>\nAcomoda\u00e7\u00e3o: Camping Los Perros<br \/>\nRefei\u00e7\u00f5es: n\u00e3o inclui alimenta\u00e7\u00e3o<\/p>\n<p>H\u00e1 uma loja onde \u00e9 poss\u00edvel comprar pratos preparados e snacks.<\/p>\n<h3>Dia 4: Acampamento Los Perros \u2013 Ref\u00fagio Grey<\/h3>\n<p>Respire fundo e prepare-se para o dia mais exigente do Circuito Paine, mas ao mesmo tempo muito gratificante. Depois de um caf\u00e9 da manh\u00e3 no acampamento, voc\u00ea come\u00e7ar\u00e1 a percorrer as ra\u00edzes das \u00e1rvores retorcidas e grandes po\u00e7as de lama, sob a copa verde das \u00e1rvores. Voc\u00ea sai da floresta e come\u00e7a a subir por rochas desgastadas e soltas (\u00e0s vezes neve) at\u00e9 chegar ao ponto mais alto do Circuito Paine, o famoso Passo John Garner (1.200 msnm) Envolto pelos fortes ventos patag\u00f4nicos enquanto voc\u00ea ficar\u00e1 impressionado com o Campo de Gelo do Sul da Patag\u00f4nia e seu maravilhoso tapete resplandecente. A descida \u00e9 feita pela lateral de uma gigantesca parede de gelo e a trilha continua pelo Camping El Paso, atravessando as emocionantes pontes suspensas antes de chegar ao Ref\u00fagio Grey para jantar e um merecido descanso.<\/p>\n<p>Dist\u00e2ncia: 22 km<br \/>\nTempo: 10-12 hrs<br \/>\nN\u00edvel de dificuldade: muito exigente<br \/>\nAcomoda\u00e7\u00e3o: Refugio Grey<br \/>\nRefei\u00e7\u00f5es: caf\u00e9 da manh\u00e3, almo\u00e7o (box lunch) e jantar<\/p>\n<h3>Dia 5: Ref\u00fagio Grey \u2013 Ref\u00fagio Paine Grande<\/h3>\n<p>Desfrute do caf\u00e9 da manh\u00e3 no Ref\u00fagio Grey, antes de come\u00e7ar a se maravilhar com as paisagens mais espetaculares do Campo de Gelo do Sul da Patag\u00f4nia e os icebergs do Lago Grey. Uma caminhada de subida por uma floresta montanhosa para chegar ao mirante \u00e0s vezes (muito) ventoso da Geleira Grey. A caminhada continua at\u00e9 chegar \u00e0 Lagoa dos Patos, onde se inicia a descida por um vale estreito e ventoso que leva diretamente ao Ref\u00fagio Paine Grande.<\/p>\n<p>Dist\u00e2ncia: 11 km<br \/>\nTempo: 4 hrs<br \/>\nN\u00edvel de dificuldade: m\u00e9dio<br \/>\nAcomoda\u00e7\u00e3o: Ref\u00fagio Paine Grande<br \/>\nRefei\u00e7\u00f5es: caf\u00e9 da manh\u00e3, almo\u00e7o (box lunch) e jantar<\/p>\n<h3>Dia 6: Ref\u00fagio Paine Grande \u2013 Vale do Franc\u00eas<\/h3>\n<p>Come\u00e7a bem cedo para ter um dia inteiro de caminhada em dire\u00e7\u00e3o ao cora\u00e7\u00e3o do Parque Torres del Paine. Ap\u00f3s o caf\u00e9 da manh\u00e3, solicite o box lunch e prepare-se para um dia de paisagens das montanhas patag\u00f4nicas. Voc\u00ea caminha por paisagens \u00e1ridas e ao longo da margem das maravilhosas \u00e1guas azuis do Lago Skottsberg. Ap\u00f3s aproximadamente 2,5 horas de caminhada, voc\u00ea chegar\u00e1 ao acampamento El Italiano, onde come\u00e7a a subida em dire\u00e7\u00e3o ao Vale.<\/p>\n<p>Voc\u00ea sobe pelo imenso terreno rochoso e segue a borda das copas das \u00e1rvores at\u00e9 chegar ao mirante Franc\u00eas, aqui voc\u00ea ser\u00e1 recompensado com impressionantes paisagens dos Cornos, lagoas glaciais azul-turquesa e maravilhosas geleiras suspensas que caem em forma de cachoeiras pelo leste face do Paine Grande (3.050 mts). Se voc\u00ea tiver sorte, ouvir\u00e1 o trov\u00e3o da \u00e1gua e do gelo caindo, \u00e9 um ponto onde as avalanches podem ser observadas com frequ\u00eancia. Momento ideal para tirar algumas fotos e aproveitar o box lunch, tudo isso antes de descer para o acampamento Italiano.<\/p>\n<p>Voc\u00ea volta pelo mesmo caminho at\u00e9 o acampamento italiano e continua em dire\u00e7\u00e3o ao Ref\u00fagio Franc\u00eas ou ao Ref\u00fagio Los Cuernos. Relaxe \u00e0 tarde e desfrute de uma deliciosa refei\u00e7\u00e3o no Ref\u00fagio.<\/p>\n<p>Dist\u00e2ncia: 17 km &#8211; Refugio Los Cuernos e 13 km &#8211; Refugio\/Domos Franc\u00e9s<br \/>\nTempo: 6-7 horas &#8211; Refugio Los Cuernos<br \/>\nN\u00edvel de dificuldade: exigente<br \/>\nAcomoda\u00e7\u00e3o: Refugio Los Cuernos ou Refugio Franc\u00e9s (dependendo da disponibilidade)<br \/>\nRefei\u00e7\u00f5es: caf\u00e9 da manh\u00e3, almo\u00e7o (box lunch) e jantar<\/p>\n<h3>Dia 7: Ref\u00fagio Los Cuernos \u2013 Ref\u00fagio Torre Central<\/h3>\n<p>Independentemente de onde voc\u00ea come\u00e7ar a caminhada, do Refugio Los Cuernos ou do Refugio Franc\u00e9s, voc\u00ea passar\u00e1 por riachos imaculados, admirando as geleiras suspensas do Monte Almirante Nieto (2.670 mts) voc\u00ea poder\u00e1 procurar condores enquanto contorna as \u00e1guas azul-esverdeadas do Lago Nordenskj\u00f4ld. Voc\u00ea continuar\u00e1 pelo caminho bem sinalizado at\u00e9 chegar ao Ref\u00fagio Torre Central, onde relaxar\u00e1 durante a tarde.<\/p>\n<p>Distancia: 12 km &#8211; desde Refugio Los Cuernos y 14.5 km &#8211; desde Refugio Franc\u00e9s<br \/>\nTiempo: 4-6 hrs (dependiendo el punto de inicio)<br \/>\nNivel de dificultad: media<br \/>\nAlojamiento: Refugio Torre Central<br \/>\nComidas: desayuno, box lunch y cena<\/p>\n<h3>Dia 8: Refugio Torre Central \u2013 Base Torres \u2013 Puerto Natales<\/h3>\n<p>Hoje \u00e9 a caminhada pelo Vale do Ascencio que serpenteia por colinas varridas pelo vento e enormes florestas. Durante a subida final, voc\u00ea atravessar\u00e1 um imenso terreno rochoso at\u00e9 chegar a uma das paisagens mais emblem\u00e1ticas do mundo, a Base das Torres. A uma altura de 900 m.a.s.l. Voc\u00ea vai se maravilhar com as paredes de granito das torres (norte, centro-sul) e a brilhante lagoa glacial turquesa. Momento ideal para tirar fotos e comer um box lunch antes de continuar pela mesma trilha descendo at\u00e9 o Ref\u00fagio Torre Central e o Centro de Boas-vindas. \u00c0s 19h voc\u00ea pegar\u00e1 o translado \u201cLas Torres\u201d que vai para Laguna Amarga para conectar com o \u00f4nibus regular para Puerto Natales.<\/p>\n<p>Dist\u00e2ncia: 22 km<br \/>\nTempo: 8-10 horas<br \/>\nN\u00edvel de dificuldade: muito exigente<br \/>\nRefei\u00e7\u00f5es: caf\u00e9 da manh\u00e3 e almo\u00e7o (box lunch)<\/p>\n<div class=\"divisor\"><\/div>\n<h2 id=\"detalle\">Detalhe<\/h2>\n<table>\n<tbody>\n<tr>\n<th><i class=\"fa fa-check\" aria-hidden=\"true\"><\/i> Inclui<\/th>\n<\/tr>\n<tr>\n<td>Traslados:<br \/>\n&#8211; Transporte ida y vuelta en bus regular desde Puerto Natales al Parque Nacional Torres del Paine<br \/>\n&#8211; Transporte de conexi\u00f3n en bus desde Porter\u00eda Laguna Amarga hasta Centro de Bienvenida<br \/>\nAlojamiento en ref\u00fagio<br \/>\nAlimentaci\u00f3n:<br \/>\n&#8211; Desayuno (caf\u00e9, t\u00e9, leche, pan, huevos, mermelada, jugo y frutas)<br \/>\n&#8211; Box lunch (s\u00e1ndwich fr\u00edo, barra de cereal, barra de chocolate, frutos secos y frutas)<br \/>\n&#8211; Cena (men\u00fa del d\u00eda, con entrada, plato de fondo, postre y agua)<br \/>\nTicket de entrada al Parque Nacional Torres del Paine<\/td>\n<\/tr>\n<\/tbody>\n<\/table>\n<table>\n<tbody>\n<tr>\n<th><i class=\"fa fa-times\" aria-hidden=\"true\"><\/i> N\u00e3o inclui<\/th>\n<\/tr>\n<tr>\n<td>Voos de\/para Puerto Natales<br \/>\nGorjetas<br \/>\nAcomoda\u00e7\u00f5es em Puerto Natales<br \/>\nSeguro m\u00e9dico<br \/>\nAssist\u00eancia m\u00e9dica em caso de acidente<br \/>\nAssist\u00eancia na evacua\u00e7\u00e3o devido a condi\u00e7\u00f5es clim\u00e1ticas<br \/>\nSeguro de viagem que cobre acidentes e cancelamentos por motivos de for\u00e7a maior<\/td>\n<\/tr>\n<\/tbody>\n<\/table>\n<div class=\"divisor\"><\/div>\n<h2 id=\"faq\">FAQ<\/h2>\n<h3>Com que anteced\u00eancia devo reservar o Circuito O?<\/h3>\n<p>Este circuito tem uma grande procura e h\u00e1 datas em que as datas se esgotam com meses de anteced\u00eancia.<br \/>\nPortanto, recomendamos que voc\u00ea reserve com a maior anteced\u00eancia poss\u00edvel, pois as vagas s\u00e3o limitadas.<\/p>\n<h3>Qual \u00e9 a diferen\u00e7a entre um programa guiado e um programa autoguiado?<\/h3>\n<p>No circuito guiado voc\u00ea ir\u00e1 com um guia profissional, que o acompanhar\u00e1 durante toda a caminhada, al\u00e9m de lhe dar informa\u00e7\u00f5es sobre os lugares que voc\u00ea visitar\u00e1 durante o circuito.<br \/>\nPor outro lado, faz\u00ea-lo de forma aut\u00f4noma \u00e9 poss\u00edvel porque as trilhas do parque s\u00e3o devidamente sinalizadas. Al\u00e9m de receber uma palestra explicativa no in\u00edcio do circuito, onde voc\u00ea receber\u00e1 um mapa com todos os detalhes.<\/p>\n<h3>A partir de que idade podem fazer o Circuito O?<\/h3>\n<p>A idade m\u00ednima \u00e9 de 16 anos, deve-se considerar que \u00e9 um trekking de v\u00e1rios dias, com exig\u00eancia f\u00edsica m\u00e9dia-alta, o que n\u00e3o \u00e9 aconselh\u00e1vel para menores.<\/p>\n<h3>\u00c9 necess\u00e1rio levar \u00e1gua?<\/h3>\n<p>N\u00e3o \u00e9 necess\u00e1rio levar \u00e1gua, pois h\u00e1 fontes de \u00e1gua pot\u00e1vel dispon\u00edveis ao longo do caminho, seja nos ref\u00fagios e acampamentos ou nas fontes naturais de \u00e1gua, durante as caminhadas.<\/p>\n<h3>H\u00e1 Wi-Fi e tomadas?<\/h3>\n<p>Sim, h\u00e1 servi\u00e7o WiFi nos ref\u00fagios mas n\u00e3o est\u00e1 inclu\u00eddo no pre\u00e7o. O pagamento \u00e9 feito diretamente em cada ref\u00fagio. O pre\u00e7o pode variar dependendo do tempo e da velocidade.<br \/>\nVoc\u00ea pode usar as tomadas el\u00e9tricas dispon\u00edveis nas \u00e1reas comuns dos abrigos. No entanto, recomendamos que voc\u00ea tenha baterias externas carregadas.<\/p>\n<h3>Posso deixar parte da minha bagagem em alguns dos abrigos enquanto fa\u00e7o o circuito?<\/h3>\n<p>Se voc\u00ea puder, deixe sua mochila grande nos acampamentos chileno e italiano e pegue-a no caminho de volta.<\/p>\n<h3>Quais s\u00e3o as op\u00e7\u00f5es de transporte para chegar a Puerto Natales saindo de Punta Arenas e El Calafate?<\/h3>\n<p>As empresas Bus-Sur, Buses Pacheco e Buses Fern\u00e1ndez oferecem o servi\u00e7o regular de \u00f4nibus de Punta Arenas a Puerto Natales, enquanto as empresas Bus-Sur, Turismo Zaahj e Cootra oferecem o servi\u00e7o regular de \u00f4nibus de El Calafate a Puerto Natales. Para saber pre\u00e7os, disponibilidade e frequ\u00eancia destes servi\u00e7os dever\u00e1 consultar as informa\u00e7\u00f5es publicadas nos sites das empresas indicadas.<\/p>\n<h3>O que levar?<\/h3>\n<ul>\n<li>Mochila de 40 litros para levar todas as coisas e mochila de 25 litros para caminhadas de um dia at\u00e9 Base Torres e Vale do Franc\u00eas<\/li>\n<li>Casaco e cal\u00e7as imperme\u00e1veis, agasalhos tipo l\u00e3, roupa t\u00e9rmica (primeira camada), camisas de manga curta e manga comprida<\/li>\n<li>Sapatos de trekking, chinelos e sand\u00e1lias para banho e descanso<\/li>\n<li>Chap\u00e9u e luvas para o frio, chap\u00e9u para o sol, protetor solar, \u00f3culos de sol, tamp\u00f5es para os ouvidos, toalha<\/li>\n<li>Bateria recarreg\u00e1vel para o celular, lanterna, cadeado, sacos para guardar o lixo, bast\u00f5es de trekking, seguro de viagem que cobre acidentes, seguro de cancelamentos por motivo de for\u00e7a maior<\/li>\n<\/ul>\n<div class=\"btn-cta-productos\"><a role=\"button\" href=\"https:\/\/rebelviajes.com\/circuito-w-lo-que-necesitas-saber\/\" target=\"_blank\" rel=\"noopener\">VEJA TUDO O QUE VOC\u00ca PRECISA SABER!<\/a><\/div>\n<div class=\"divisor\"><\/div>\n<h2 id=\"condiciones\">Condi\u00e7\u00f5es<\/h2>\n<p> <a href=\"http:\/\/rebelviajes.com\/wp-content\/uploads\/2024\/12\/Condiciones-Circuito-W-y-O-Vertice.pdf\" target=\"_blank\" rel=\"noopener\">Clique aqui para consultar as condi\u00e7\u00f5es de contrata\u00e7\u00e3o<\/a> do programa Circuito W Cl\u00e1ssico (ref\u00fagio- autoguiado).<\/p>\n<p>Conhe\u00e7a os <a href=\"https:\/\/rebelviajes.com\/pt-br\/termos-e-condicoes\/\" target=\"_blank\" rel=\"noopener\">Termos e Condi\u00e7\u00f5es<\/a> do nosso site.<\/p>\n","protected":false},"excerpt":{"rendered":"<p><b>In\u00edcio da atividade:<\/b> Dia 1 \u00e0s 06:45 no Terminal Rodovi\u00e1rio de Puerto Natales.<br \/>\n<b>T\u00e9rmino da atividade:<\/b> Dia 8 \u00e0s 22:00 no Terminal Rodovi\u00e1rio de Puerto Natales.<\/p>\n","protected":false},"featured_media":990110276,"comment_status":"open","ping_status":"closed","template":"","meta":{"site-sidebar-layout":"default","site-content-layout":"default","ast-site-content-layout":"default","site-content-style":"default","site-sidebar-style":"default","ast-global-header-display":"","ast-banner-title-visibility":"","ast-main-header-display":"","ast-hfb-above-header-display":"","ast-hfb-below-header-display":"","ast-hfb-mobile-header-display":"","site-post-title":"","ast-breadcrumbs-content":"","ast-featured-img":"","footer-sml-layout":"","ast-disable-related-posts":"","theme-transparent-header-meta":"default","adv-header-id-meta":"","stick-header-meta":"","header-above-stick-meta":"","header-main-stick-meta":"","header-below-stick-meta":"","astra-migrate-meta-layouts":"default","ast-page-background-enabled":"default","ast-page-background-meta":{"desktop":{"background-color":"","background-image":"","background-repeat":"repeat","background-position":"center center","background-size":"auto","background-attachment":"scroll","background-type":"","background-media":"","overlay-type":"","overlay-color":"","overlay-opacity":"","overlay-gradient":""},"tablet":{"background-color":"","background-image":"","background-repeat":"repeat","background-position":"center center","background-size":"auto","background-attachment":"scroll","background-type":"","background-media":"","overlay-type":"","overlay-color":"","overlay-opacity":"","overlay-gradient":""},"mobile":{"background-color":"","background-image":"","background-repeat":"repeat","background-position":"center center","background-size":"auto","background-attachment":"scroll","background-type":"","background-media":"","overlay-type":"","overlay-color":"","overlay-opacity":"","overlay-gradient":""}},"ast-content-background-meta":{"desktop":{"background-color":"var(--ast-global-color-5)","background-image":"","background-repeat":"repeat","background-position":"center center","background-size":"auto","background-attachment":"scroll","background-type":"","background-media":"","overlay-type":"","overlay-color":"","overlay-opacity":"","overlay-gradient":""},"tablet":{"background-color":"var(--ast-global-color-5)","background-image":"","background-repeat":"repeat","background-position":"center center","background-size":"auto","background-attachment":"scroll","background-type":"","background-media":"","overlay-type":"","overlay-color":"","overlay-opacity":"","overlay-gradient":""},"mobile":{"background-color":"var(--ast-global-color-5)","background-image":"","background-repeat":"repeat","background-position":"center center","background-size":"auto","background-attachment":"scroll","background-type":"","background-media":"","overlay-type":"","overlay-color":"","overlay-opacity":"","overlay-gradient":""}}},"product_brand":[],"product_cat":[349,602],"product_tag":[532,508,491],"class_list":{"0":"post-990117257","1":"product","2":"type-product","3":"status-publish","4":"has-post-thumbnail","6":"product_cat-programas-turisticos","7":"product_cat-puerto-natales-torres-del-paine-pt-br","8":"product_tag-programa-simple-nuevo-pt-br-2","9":"product_tag-puerto-natales-pt-br-2","10":"product_tag-torres-del-paine-pt-br-2","11":"desktop-align-left","12":"tablet-align-left","13":"mobile-align-left","15":"first","16":"instock","17":"sold-individually","18":"shipping-taxable","19":"purchasable","20":"product-type-variable"},"_links":{"self":[{"href":"https:\/\/rebelviajes.com\/pt-br\/wp-json\/wp\/v2\/product\/990117257","targetHints":{"allow":["GET"]}}],"collection":[{"href":"https:\/\/rebelviajes.com\/pt-br\/wp-json\/wp\/v2\/product"}],"about":[{"href":"https:\/\/rebelviajes.com\/pt-br\/wp-json\/wp\/v2\/types\/product"}],"replies":[{"embeddable":true,"href":"https:\/\/rebelviajes.com\/pt-br\/wp-json\/wp\/v2\/comments?post=990117257"}],"version-history":[{"count":0,"href":"https:\/\/rebelviajes.com\/pt-br\/wp-json\/wp\/v2\/product\/990117257\/revisions"}],"wp:featuredmedia":[{"embeddable":true,"href":"https:\/\/rebelviajes.com\/pt-br\/wp-json\/wp\/v2\/media\/990110276"}],"wp:attachment":[{"href":"https:\/\/rebelviajes.com\/pt-br\/wp-json\/wp\/v2\/media?parent=990117257"}],"wp:term":[{"taxonomy":"product_brand","embeddable":true,"href":"https:\/\/rebelviajes.com\/pt-br\/wp-json\/wp\/v2\/product_brand?post=990117257"},{"taxonomy":"product_cat","embeddable":true,"href":"https:\/\/rebelviajes.com\/pt-br\/wp-json\/wp\/v2\/product_cat?post=990117257"},{"taxonomy":"product_tag","embeddable":true,"href":"https:\/\/rebelviajes.com\/pt-br\/wp-json\/wp\/v2\/product_tag?post=990117257"}],"curies":[{"name":"wp","href":"https:\/\/api.w.org\/{rel}","templated":true}]}}