{"id":990117320,"date":"2021-12-17T19:08:59","date_gmt":"2022-04-06T20:57:22","guid":{"rendered":"https:\/\/rebelviajes.com\/producto\/programa-patagonia-activa\/"},"modified":"2022-06-17T08:46:16","modified_gmt":"2022-06-17T12:46:16","slug":"patagonia-activa","status":"publish","type":"product","link":"https:\/\/rebelviajes.com\/pt-br\/product\/patagonia-activa\/","title":{"rendered":"Patag\u00f4nia Ativa"},"content":{"rendered":"<h2 id=\"descripcion\">Descri\u00e7\u00e3o<\/h2>\n<h3>Te oferecemos uma aventura cheia de adrenalina e satisfa\u00e7\u00e3o<\/h3>\n<p>Neste programa come\u00e7aremos em uma subida \u00edngreme e constante, vamos margear rios pela floresta e com pequenas vistas para as montanhas com suas geleiras. Al\u00e9m disso, veremos a maravilha da flora e fauna deste lugar para chegar a um dos mais belos mirantes deste lugar.<\/p>\n<p>Te daremos uma experi\u00eancia \u00fanica e aut\u00eantica. Na est\u00e2ncia La Pen\u00ednsula, localizada na costa do fiorde Ultima Esperanza, cercada por uma natureza incr\u00edvel. Este lugar s\u00f3 \u00e9 acess\u00edvel por mar a partir de Puerto Natales, portanto \u00e9 um lugar tranquilo tanto para visitantes quanto para os animais. Experi\u00eancia que o convida a viver e aprender como \u00e9 a vida em uma est\u00e2ncia patag\u00f4nica.<\/p>\n<h3>Hospedagem na cidade de Puerto Natales<\/h3>\n<p>Nos dias 1,2 e 3 voc\u00ea poder\u00e1 se hospedar no Hotel Costaustralis na cidade de Puerto Natales. Inclui alojamento em quarto duplo \u00e0 noite neste hotel conhecido por proporcionar uma das vistas mais privilegiadas de toda a cidade, com belos amanheceres e noites m\u00e1gicas gra\u00e7as \u00e0 magn\u00edfica paisagem que a natureza regional nos proporciona.<\/p>\n<p>Quarto:<br \/>\nAcolhedor, espa\u00e7oso e moderno quarto standard equipado com uma cama king-size. Tem Wi-Fi gratuito, TV de tela LED, canais a cabo, aquecimento com controle individual, cofre e banheiro privativo totalmente equipado.<\/p>\n<div class=\"divisor\"><\/div>\n<h2 id=\"itinerario\">Itiner\u00e1rio<\/h2>\n<h3>Dia 1: Chegada e boas-vindas a Puerto Natales<\/h3>\n<p><\/p>\n<ul>\n<li>Traslado em \u00f4nibus regular do Aeroporto de Punta Arenas para a cidade de Puerto Natales<\/li>\n<li>Chegada ao Hotel Costaustralis<\/li>\n<li>Jantar de boas-vindas<\/li>\n<li>Noite de alojamento em quarto duplo no Hotel Costaustralis<\/li>\n<\/ul>\n<h3>Dia 2: Excurs\u00e3o Trekking Base Torres del Paine<\/h3>\n<p><\/p>\n<ul>\n<li>Caf\u00e9 da manh\u00e3<\/li>\n<li>Noite de hospedagem no Hotel Costaustralis<\/li>\n<\/ul>\n<p>A aventura come\u00e7a \u00e0s 7h30 cruzando a estepe at\u00e9 chegar ao maci\u00e7o de Torres del Paine, uma forma\u00e7\u00e3o gran\u00edtica e sedimentar de 120 milh\u00f5es de anos. O primeiro ter\u00e7o come\u00e7a com uma subida \u00edngreme e constante at\u00e9 a passagem dos ventos. Esta \u00e9 a entrada do Valle Ascencio, para continuar em uma descida suave at\u00e9 o Ref\u00fagio Chileno, pr\u00f3ximo ao rio hom\u00f4nimo no vale.<\/p>\n<p>O pr\u00f3ximo trecho margear\u00e1 o rio atrav\u00e9s da floresta e com pequenas vistas das montanhas com suas geleiras, terminando no acampamento Torres. O \u00faltimo trecho \u00e9 a subida de uma morena, que nos levar\u00e1 a um dos mirantes mais visitados e bonitos da Patag\u00f4nia.<\/p>\n<h3>Dia 3: Full Day Est\u00e2ncia La Pen\u00ednsula<\/h3>\n<p><\/p>\n<ul>\n<li>Caf\u00e9 da manh\u00e3<\/li>\n<li>Noite de hospedagem no Hotel Costaustralis<\/li>\n<\/ul>\n<p>Dia inteiro na Est\u00e2ncia La Pen\u00ednsula, localizada na costa do fiorde Ultima Esperanza, cercada por uma natureza incr\u00edvel. S\u00f3 \u00e9 acess\u00edvel por mar a partir de Puerto Natales, por isso \u00e9 um lugar tranquilo para visitantes e animais.<\/p>\n<p>Experi\u00eancia que o convida a viver e aprender como \u00e9 a vida em uma est\u00e2ncia patag\u00f4nica. Tenha uma experi\u00eancia \u00fanica e aut\u00eantica. O passeio come\u00e7a \u00e0s 8h30 com traslado do hotel ao cais de Natales, para embarcar em um barco at\u00e9 a est\u00e2ncia.<\/p>\n<p>Ap\u00f3s meia hora de navega\u00e7\u00e3o, chega-se \u00e0 Pen\u00ednsula, onde al\u00e9m das boas-vindas, o visitante recebe uma explica\u00e7\u00e3o das atividades. Onde voc\u00ea pode escolher entre passeio a cavalo, trekking ou 4&#215;4.<\/p>\n<p>Ap\u00f3s esta divertida atividade na fazenda, voc\u00ea desfrutar\u00e1 de um almo\u00e7o t\u00edpico da Patag\u00f4nia com uma pequena demonstra\u00e7\u00e3o de c\u00e3es pastores, onde poder\u00e1 aprender um pouco mais sobre a ra\u00e7a desses animais de trabalho, al\u00e9m de uma demonstra\u00e7\u00e3o de tosquia com explica\u00e7\u00e3o o processo de tosquia, extra\u00e7\u00e3o de l\u00e3 e como ir da mat\u00e9ria-prima ao produto final. Tempo livre e retorno ao Hotel Costaustralis.<\/p>\n<h3>Dia 4: Dia da partida<\/h3>\n<p><\/p>\n<ul>\n<li>Buffet de caf\u00e9 da manh\u00e3 no Hotel Costaustralis<\/li>\n<li>Traslado em \u00f4nibus regular do Hotel Costaustralis ao Aeroporto de Punta Arenas<\/li>\n<\/ul>\n<div class=\"divisor\"><\/div>\n<h2 id=\"detalle\">Detalhe<\/h2>\n<table>\n<tr>\n<th><i class=\"fa fa-check\" aria-hidden=\"true\"><\/i> Inclui<\/th>\n<\/tr>\n<tr>\n<td>\nTranslados mencionados<br \/>\nAlimenta\u00e7\u00e3o mencionada<br \/>\nHospedagem no Hotel Costaustralis<br \/>\nExcurs\u00f5es mencionadas<br \/>\nGuia profissional<br \/>\nEntrada ao Parque Nacional Torres del Paine\n<\/td>\n<\/tr>\n<\/table>\n<p><\/p>\n<table>\n<tr>\n<th><i class=\"fa fa-times\" aria-hidden=\"true\"><\/i> N\u00e3o inclui<\/th>\n<\/tr>\n<tr>\n<td>\nVoos para \/ de Punta Arenas<br \/>\nSeguro de acidentes ou outros<br \/>\nGorjetas<br \/>\nServi\u00e7os n\u00e3o mencionados no programa<br \/>\nExcurs\u00f5es opcionais\n<\/td>\n<\/tr>\n<\/table>\n<div class=\"divisor\"><\/div>\n<h2 id=\"faq\">FAQ<\/h2>\n<h3>Todos podem fazer este programa?<\/h3>\n<p>No primeiro dia a dist\u00e2ncia total a ser percorrida \u00e9 de 20 km. Esta atividade n\u00e3o \u00e9 adequada para todos. A participa\u00e7\u00e3o de gestantes n\u00e3o \u00e9 permitida e n\u00e3o \u00e9 recomendada para pessoas com problemas de joelho e\/ou coluna e pessoas com problemas respirat\u00f3rios e\/ou card\u00edacos.<\/p>\n<h3>Existe um guia do que levar para a caminhada no primeiro dia?<\/h3>\n<p>Para o primeiro dia de viagem, recomendamos sempre sapatos de montanha imperme\u00e1veis, \u00f3culos de sol, protetor solar, \u00e1gua, chap\u00e9u para o sol, chap\u00e9u e luvas para o frio, camisas de manga curta e manga comprida, agasalho tipo l\u00e3 e casaco e cal\u00e7as imperme\u00e1veis.<\/p>\n<div class=\"divisor\"><\/div>\n<h2 id=\"condiciones\">Condi\u00e7\u00f5es<\/h2>\n<p>Consulte as <span class=\"open-modal\" onclick=\"openModal()\">condi\u00e7\u00f5es de contrata\u00e7\u00e3o<\/span> do programa Patag\u00f4nia Ativa.<\/p>\n<div id=\"my-modal\" class=\"modal\">\n<button class=\"close-modal\" onclick=\"closeModal()\"><i class=\"fa fa-times\" aria-hidden=\"true\"><\/i><\/button><\/p>\n<h3>Hospedagem<\/h3>\n<p>Inclui alojamento em quarto e cama individual para as noites mencionadas no programa.<\/p>\n<p>Hospedagem no Hotel Costaustralis na cidade de Puerto Natales.<\/p>\n<p><a style=\"color:#7A7A7A\" href=\"https:\/\/www.hotelcostaustralis.com\/habitaciones\" target=\"_blank\" rel=\"noopener\"><u>Hotel Costaustralis<\/u><\/a> &#8211; Acolhedor, espa\u00e7oso e moderno quarto duplo equipado com uma cama king-size. Tem Wi-Fi gratuito, TV de tela LED, canais a cabo, aquecimento com controle individual, cofre e banheiro privativo totalmente equipado.<\/p>\n<h3>Translado<\/h3>\n<p>Inclui transporte regular de \u00f4nibus nos seguintes trajetos:<br \/>\n&#8211; Aeroporto de Punta Arenas &#8211; Puerto Natales<br \/>\n&#8211; Puerto Natales &#8211; Aeroporto de Punta Arenas<\/p>\n<p>Os translados regulares de \u00f4nibus operam das 7h30 \u00e0s 20h.<br \/>\nDura\u00e7\u00e3o do translado de 3 horas.<\/p>\n<h3>Modifica\u00e7\u00f5es e cancelamentos<\/h3>\n<p>As modifica\u00e7\u00f5es nas reservas devem ser feitas em um prazo superior a 15 dias a partir da chegada do passageiro, estar\u00e3o sujeitas \u00e0 disponibilidade e mantendo as mesmas caracter\u00edsticas da tarifa paga ou pagando a diferen\u00e7a, se houver, pelo servi\u00e7o modificado.<\/p>\n<h3>Suspens\u00e3o devido \u00e0s condi\u00e7\u00f5es meteorol\u00f3gicas<\/h3>\n<p>O reembolso total ser\u00e1 feito quando a empresa cancelar antes de iniciar o servi\u00e7o.<\/p>\n<p>Caso haja indeniza\u00e7\u00e3o por situa\u00e7\u00e3o especial, ser\u00e1 acordada com as pessoas, e ser\u00e1 definida pelo desenvolvimento do programa de viagens.<\/p>\n<h3>Responsabilidades<\/h3>\n<p>A Rebel Viajes registrou devidamente suas atividades no cadastro de prestadores de servi\u00e7os tur\u00edsticos da SERNATUR, obtendo aprova\u00e7\u00e3o para o desenvolvimento e atividades de Ag\u00eancia de Viagens e Operador Tur\u00edstico de acordo com o n\u00famero de registro 30455 e 37770 respectivamente.<\/p>\n<p><em>Da mesma forma, a empresa N\u00c3O possui seguro complementar de acidentes. <\/em><\/p>\n<h3>Limita\u00e7\u00f5es<\/h3>\n<p>Estar em boas condi\u00e7\u00f5es f\u00edsicas e de sa\u00fade para os participantes. Quando inclu\u00eddos menores, eles devem preencher a autoriza\u00e7\u00e3o de seus pais ou respons\u00e1veis, a Ag\u00eancia disp\u00f5e de alguns formul\u00e1rios para isso.<\/p>\n<h3>Recomenda\u00e7\u00f5es<\/h3>\n<p>Cal\u00e7ado confort\u00e1vel (sapato de trekking meia volta), roupa confort\u00e1vel (moletom e cal\u00e7a de secagem r\u00e1pida), blus\u00e3o, chap\u00e9u de sol (chap\u00e9u de abas ou legion\u00e1rio), gorro de l\u00e3, luvas de trabalho, \u00f3culos de sol, protetor solar, protetor labial, garrafa ou recipiente para \u00e1gua, mochila.<\/p>\n<p>A empresa reserva-se o direito de recusar a utiliza\u00e7\u00e3o de equipamentos pessoais em mau estado que coloquem em risco a seguran\u00e7a dos utilizadores ou da atividade.<\/p>\n<p>Conhe\u00e7a os <a href=\"https:\/\/rebelviajes.com\/terminos-y-condiciones\/\" target=\"_blank\" rel=\"noopener\">Termos e Condi\u00e7\u00f5es<\/a> do nosso site.\n<\/div>\n","protected":false},"excerpt":{"rendered":"<p><strong>Do aeroporto de Punta Arenas \u00e0 cidade de Puerto Natales<\/strong><br \/>\n4 dias \/ 3 noites<br \/>\nIn\u00edcio 07:30 (primeiro dia) \u2013 T\u00e9rmino 22:30 (\u00faltimo dia)<\/p>\n","protected":false},"featured_media":990115322,"comment_status":"open","ping_status":"closed","template":"","meta":{"site-sidebar-layout":"default","site-content-layout":"default","ast-site-content-layout":"default","site-content-style":"default","site-sidebar-style":"default","ast-global-header-display":"","ast-banner-title-visibility":"","ast-main-header-display":"","ast-hfb-above-header-display":"","ast-hfb-below-header-display":"","ast-hfb-mobile-header-display":"","site-post-title":"","ast-breadcrumbs-content":"","ast-featured-img":"","footer-sml-layout":"","ast-disable-related-posts":"","theme-transparent-header-meta":"default","adv-header-id-meta":"","stick-header-meta":"","header-above-stick-meta":"","header-main-stick-meta":"","header-below-stick-meta":"","astra-migrate-meta-layouts":"default","ast-page-background-enabled":"default","ast-page-background-meta":{"desktop":{"background-color":"","background-image":"","background-repeat":"repeat","background-position":"center center","background-size":"auto","background-attachment":"scroll","background-type":"","background-media":"","overlay-type":"","overlay-color":"","overlay-opacity":"","overlay-gradient":""},"tablet":{"background-color":"","background-image":"","background-repeat":"repeat","background-position":"center center","background-size":"auto","background-attachment":"scroll","background-type":"","background-media":"","overlay-type":"","overlay-color":"","overlay-opacity":"","overlay-gradient":""},"mobile":{"background-color":"","background-image":"","background-repeat":"repeat","background-position":"center center","background-size":"auto","background-attachment":"scroll","background-type":"","background-media":"","overlay-type":"","overlay-color":"","overlay-opacity":"","overlay-gradient":""}},"ast-content-background-meta":{"desktop":{"background-color":"var(--ast-global-color-5)","background-image":"","background-repeat":"repeat","background-position":"center center","background-size":"auto","background-attachment":"scroll","background-type":"","background-media":"","overlay-type":"","overlay-color":"","overlay-opacity":"","overlay-gradient":""},"tablet":{"background-color":"var(--ast-global-color-5)","background-image":"","background-repeat":"repeat","background-position":"center center","background-size":"auto","background-attachment":"scroll","background-type":"","background-media":"","overlay-type":"","overlay-color":"","overlay-opacity":"","overlay-gradient":""},"mobile":{"background-color":"var(--ast-global-color-5)","background-image":"","background-repeat":"repeat","background-position":"center center","background-size":"auto","background-attachment":"scroll","background-type":"","background-media":"","overlay-type":"","overlay-color":"","overlay-opacity":"","overlay-gradient":""}}},"product_brand":[],"product_cat":[349,602],"product_tag":[531,508],"class_list":{"0":"post-990117320","1":"product","2":"type-product","3":"status-publish","4":"has-post-thumbnail","6":"product_cat-programas-turisticos","7":"product_cat-puerto-natales-torres-del-paine-pt-br","8":"product_tag-programa-personalizado-nuevo-pt-br","9":"product_tag-puerto-natales-pt-br-2","10":"desktop-align-left","11":"tablet-align-left","12":"mobile-align-left","14":"first","15":"instock","16":"virtual","17":"sold-individually","18":"purchasable","19":"product-type-simple"},"_links":{"self":[{"href":"https:\/\/rebelviajes.com\/pt-br\/wp-json\/wp\/v2\/product\/990117320","targetHints":{"allow":["GET"]}}],"collection":[{"href":"https:\/\/rebelviajes.com\/pt-br\/wp-json\/wp\/v2\/product"}],"about":[{"href":"https:\/\/rebelviajes.com\/pt-br\/wp-json\/wp\/v2\/types\/product"}],"replies":[{"embeddable":true,"href":"https:\/\/rebelviajes.com\/pt-br\/wp-json\/wp\/v2\/comments?post=990117320"}],"version-history":[{"count":0,"href":"https:\/\/rebelviajes.com\/pt-br\/wp-json\/wp\/v2\/product\/990117320\/revisions"}],"wp:featuredmedia":[{"embeddable":true,"href":"https:\/\/rebelviajes.com\/pt-br\/wp-json\/wp\/v2\/media\/990115322"}],"wp:attachment":[{"href":"https:\/\/rebelviajes.com\/pt-br\/wp-json\/wp\/v2\/media?parent=990117320"}],"wp:term":[{"taxonomy":"product_brand","embeddable":true,"href":"https:\/\/rebelviajes.com\/pt-br\/wp-json\/wp\/v2\/product_brand?post=990117320"},{"taxonomy":"product_cat","embeddable":true,"href":"https:\/\/rebelviajes.com\/pt-br\/wp-json\/wp\/v2\/product_cat?post=990117320"},{"taxonomy":"product_tag","embeddable":true,"href":"https:\/\/rebelviajes.com\/pt-br\/wp-json\/wp\/v2\/product_tag?post=990117320"}],"curies":[{"name":"wp","href":"https:\/\/api.w.org\/{rel}","templated":true}]}}