{"id":990117328,"date":"2022-03-04T18:01:21","date_gmt":"2022-03-04T21:01:21","guid":{"rendered":"https:\/\/rebelviajes.com\/producto\/sendero-reserva-de-magallanes\/"},"modified":"2022-06-14T09:50:19","modified_gmt":"2022-06-14T13:50:19","slug":"sendero-reserva-de-magallanes","status":"publish","type":"product","link":"https:\/\/rebelviajes.com\/pt-br\/product\/sendero-reserva-de-magallanes\/","title":{"rendered":"Trilha Reserva de Magallanes"},"content":{"rendered":"<h2 id=\"descripcion\">Descri\u00e7\u00e3o<\/h2>\n<h3>Conhe\u00e7a uma reserva de florestas nativas caracter\u00edsticas do ecossistema patag\u00f4nico<\/h3>\n<p>Este passeio de meio dia permite conhecer a Reserva Florestal Magallanes, uma reserva de florestas nativas caracter\u00edsticas do ecossistema patag\u00f4nico, com uma variedade de caminhos dispon\u00edveis para trekking e mountain bike.<\/p>\n<p>A reserva est\u00e1 localizada a apenas 8 quil\u00f4metros a oeste da cidade de Punta Arenas, onde existem mais de 60 quil\u00f4metros de trilhas e excurs\u00f5es para explorar e observar a maravilhosa flora e fauna do setor. Da trilha voc\u00ea tamb\u00e9m ter\u00e1 uma vista panor\u00e2mica do vale do rio De las Minas a caminho do Estreito de Magallanes, onde o carv\u00e3o foi encontrado.<\/p>\n<h3>Itiner\u00e1rio<\/h3>\n<ul>\n<li>10:00 \u2013 Pick up no lugar de hospedagem para translado at\u00e9 a Reserva Nacional de Magallanes. Que se destaca por sua paisagem sempre verde e belas vistas de seus mirantes.<\/li>\n<li>10:30 \u2013 Chegada \u00e0 Reserva, parada na Administra\u00e7\u00e3o e apresenta\u00e7\u00e3o do Percurso. Caminhada pelas diversas trilhas dispon\u00edveis na reserva, aproveitando a bela vista que se destaca de seus mirantes e da flora e fauna nativas da nossa regi\u00e3o.<\/li>\n<li>13:30 \u2013 Retorno \u00e0 cidade de Punta Arenas.<\/li>\n<\/ul>\n<div class=\"divisor\"><\/div>\n<h2 id=\"detalle\">Detalhe<\/h2>\n<table>\n<tbody>\n<tr>\n<th><i class=\"fa fa-check\" aria-hidden=\"true\"><\/i> Inclui<\/th>\n<\/tr>\n<tr>\n<td>Translado compartilhado<br \/>\nGu\u00eda<\/td>\n<\/tr>\n<\/tbody>\n<\/table>\n<p>&nbsp;<\/p>\n<table>\n<tbody>\n<tr>\n<th><i class=\"fa fa-times\" aria-hidden=\"true\"><\/i> N\u00e3o inclui<\/th>\n<\/tr>\n<tr>\n<td>Entrada para a Reserva Nacional de Magallanes<br \/>\nAlimenta\u00e7\u00e3o<br \/>\nGorjetas<br \/>\nSeguro de acidentes<br \/>\nServi\u00e7os n\u00e3o mencionados<\/td>\n<\/tr>\n<\/tbody>\n<\/table>\n<div class=\"divisor\"><\/div>\n<h2 id=\"faq\">FAQ<\/h2>\n<h3>O que levar?<\/h3>\n<ul>\n<li>Cal\u00e7ado confort\u00e1vel (sapato de trekking cano medio)<\/li>\n<li>Roupa confort\u00e1vel (moletom e cal\u00e7a de secagem r\u00e1pida)<\/li>\n<li>Cortavento<\/li>\n<li>Luvas<\/li>\n<li>\u00d3culos de sol<\/li>\n<li>Buff ou gorro<\/li>\n<\/ul>\n<h3>O que acontece em caso de suspens\u00e3o devido \u00e0s condi\u00e7\u00f5es meteorol\u00f3gicas?<\/h3>\n<p>Suspens\u00e3o devido \u00e0s condi\u00e7\u00f5es meteorol\u00f3gicas. Um reembolso total ser\u00e1 feito quando a empresa cancelar antes de iniciar o servi\u00e7o, devido a condi\u00e7\u00f5es clim\u00e1ticas adversas. Durante el desarrollo de la actividad, no se contempla devoluci\u00f3n de dinero; en este caso, por factores externos a la empresa.<\/p>\n<h3>Qual \u00e9 o pre\u00e7o da entrada da Reserva Nacional de Magallanes?<\/h3>\n<p>Voc\u00ea pode verificar o pre\u00e7o atualizado da entrada diretamente no site da <a href=\"https:\/\/www.conaf.cl\/parques\/reserva-nacional-magallanes\/\" target=\"_blank\" rel=\"noopener\">Conaf<\/a>.<\/p>\n<div class=\"divisor\"><\/div>\n<h2 id=\"condiciones\">Condi\u00e7\u00f5es<\/h2>\n<p>Confira as <span class=\"open-modal\">condi\u00e7\u00f5es de contrata\u00e7\u00e3o<\/span> da excurs\u00e3o Trilha Reserva de Magallanes.<\/p>\n<div id=\"my-modal\" class=\"modal\">\n<p><button class=\"close-modal\"><i class=\"fa fa-times\" aria-hidden=\"true\"><\/i><\/button>Excurs\u00e3o de um dia inteiro ou meio dia em servi\u00e7o regular.<\/p>\n<p>Nesta temporada, devido \u00e0s condi\u00e7\u00f5es meteorol\u00f3gicas, a Reserva Nacional de Magallanes estar\u00e1 habilitada apenas para trekking com as trilhas Mirador Las Minas, Trilha Da Administra\u00e7\u00e3o e Mirador las Minas, Trilha Mirador Guarda, Trilha Los \u00d1irres (A passarela) e Trilha Coig\u00fces.<\/p>\n<p>O passageiro pode cancelar o servi\u00e7o ou remarcar para outra data, com pelo menos 24 horas de anteced\u00eancia. Em caso de cancelamento dentro do prazo estabelecido, 100% \u00e9 devolvido.<\/p>\n<p><b>Importante:<\/b> Nenhuma excurs\u00e3o inclui seguro de acidentes.<\/p>\n<p>Conhe\u00e7a nossos <a href=\"https:\/\/rebelviajes.com\/terminos-y-condiciones\/\" target=\"_blank\" rel=\"noopener\">Termos e Condi\u00e7\u00f5es<\/a>.<\/p>\n<\/div>\n","protected":false},"excerpt":{"rendered":"<p>Sa\u00eddas de <strong>Punta Arenas<br \/>\nTodos os dias<\/strong><br \/>\nHor\u00e1rio: <strong>in\u00edcio \u00e0s 10:00 \u2013 t\u00e9rmino \u00e0s 13:30<\/strong><\/p>\n","protected":false},"featured_media":990116166,"comment_status":"open","ping_status":"closed","template":"","meta":{"site-sidebar-layout":"default","site-content-layout":"default","ast-site-content-layout":"default","site-content-style":"default","site-sidebar-style":"default","ast-global-header-display":"","ast-banner-title-visibility":"","ast-main-header-display":"","ast-hfb-above-header-display":"","ast-hfb-below-header-display":"","ast-hfb-mobile-header-display":"","site-post-title":"","ast-breadcrumbs-content":"","ast-featured-img":"","footer-sml-layout":"","ast-disable-related-posts":"","theme-transparent-header-meta":"default","adv-header-id-meta":"","stick-header-meta":"","header-above-stick-meta":"","header-main-stick-meta":"","header-below-stick-meta":"","astra-migrate-meta-layouts":"default","ast-page-background-enabled":"default","ast-page-background-meta":{"desktop":{"background-color":"","background-image":"","background-repeat":"repeat","background-position":"center center","background-size":"auto","background-attachment":"scroll","background-type":"","background-media":"","overlay-type":"","overlay-color":"","overlay-opacity":"","overlay-gradient":""},"tablet":{"background-color":"","background-image":"","background-repeat":"repeat","background-position":"center center","background-size":"auto","background-attachment":"scroll","background-type":"","background-media":"","overlay-type":"","overlay-color":"","overlay-opacity":"","overlay-gradient":""},"mobile":{"background-color":"","background-image":"","background-repeat":"repeat","background-position":"center center","background-size":"auto","background-attachment":"scroll","background-type":"","background-media":"","overlay-type":"","overlay-color":"","overlay-opacity":"","overlay-gradient":""}},"ast-content-background-meta":{"desktop":{"background-color":"var(--ast-global-color-5)","background-image":"","background-repeat":"repeat","background-position":"center center","background-size":"auto","background-attachment":"scroll","background-type":"","background-media":"","overlay-type":"","overlay-color":"","overlay-opacity":"","overlay-gradient":""},"tablet":{"background-color":"var(--ast-global-color-5)","background-image":"","background-repeat":"repeat","background-position":"center center","background-size":"auto","background-attachment":"scroll","background-type":"","background-media":"","overlay-type":"","overlay-color":"","overlay-opacity":"","overlay-gradient":""},"mobile":{"background-color":"var(--ast-global-color-5)","background-image":"","background-repeat":"repeat","background-position":"center center","background-size":"auto","background-attachment":"scroll","background-type":"","background-media":"","overlay-type":"","overlay-color":"","overlay-opacity":"","overlay-gradient":""}}},"product_brand":[],"product_cat":[515,605],"product_tag":[530,509],"class_list":{"0":"post-990117328","1":"product","2":"type-product","3":"status-publish","4":"has-post-thumbnail","6":"product_cat-half-day-pt-br","7":"product_cat-punta-arenas-pt-br","8":"product_tag-excursion-nueva-pt-br","9":"product_tag-punta-arenas-pt-br-2","10":"desktop-align-left","11":"tablet-align-left","12":"mobile-align-left","14":"first","15":"instock","16":"virtual","17":"sold-individually","18":"purchasable","19":"product-type-simple"},"_links":{"self":[{"href":"https:\/\/rebelviajes.com\/pt-br\/wp-json\/wp\/v2\/product\/990117328","targetHints":{"allow":["GET"]}}],"collection":[{"href":"https:\/\/rebelviajes.com\/pt-br\/wp-json\/wp\/v2\/product"}],"about":[{"href":"https:\/\/rebelviajes.com\/pt-br\/wp-json\/wp\/v2\/types\/product"}],"replies":[{"embeddable":true,"href":"https:\/\/rebelviajes.com\/pt-br\/wp-json\/wp\/v2\/comments?post=990117328"}],"version-history":[{"count":0,"href":"https:\/\/rebelviajes.com\/pt-br\/wp-json\/wp\/v2\/product\/990117328\/revisions"}],"wp:featuredmedia":[{"embeddable":true,"href":"https:\/\/rebelviajes.com\/pt-br\/wp-json\/wp\/v2\/media\/990116166"}],"wp:attachment":[{"href":"https:\/\/rebelviajes.com\/pt-br\/wp-json\/wp\/v2\/media?parent=990117328"}],"wp:term":[{"taxonomy":"product_brand","embeddable":true,"href":"https:\/\/rebelviajes.com\/pt-br\/wp-json\/wp\/v2\/product_brand?post=990117328"},{"taxonomy":"product_cat","embeddable":true,"href":"https:\/\/rebelviajes.com\/pt-br\/wp-json\/wp\/v2\/product_cat?post=990117328"},{"taxonomy":"product_tag","embeddable":true,"href":"https:\/\/rebelviajes.com\/pt-br\/wp-json\/wp\/v2\/product_tag?post=990117328"}],"curies":[{"name":"wp","href":"https:\/\/api.w.org\/{rel}","templated":true}]}}