{"id":990124734,"date":"2024-06-20T19:28:05","date_gmt":"2025-03-02T22:56:53","guid":{"rendered":"https:\/\/rebelviajes.com\/producto\/trilha-inca-curta-2-dias-1-noite\/"},"modified":"2025-03-13T09:39:20","modified_gmt":"2025-03-13T12:39:20","slug":"trilha-inca-curta-2-dias-1-noite","status":"publish","type":"product","link":"https:\/\/rebelviajes.com\/pt-br\/product\/trilha-inca-curta-2-dias-1-noite\/","title":{"rendered":"Trilha Inca Curta 2 Dias \/ 1 Noite"},"content":{"rendered":"<h2 id=\"descripcion\">Descri\u00e7\u00e3o<\/h2>\n<p>A trilha Inca de 2 dias \u00e9 a vers\u00e3o curta da trilha cl\u00e1ssica de 4 dias, sendo uma op\u00e7\u00e3o perfeita para quem n\u00e3o tem muito tempo, mas deseja vivenciar a caminhada at\u00e9 <strong>Machu Picchu<\/strong> pela trilha original dos Incas. Esta rota de trekking \u00e9 chamada de <strong>\u201cEl sendero sagrado Inca\u201d<\/strong>, com 12 quil\u00f4metros do percurso original. <\/p>\n<p>Voc\u00ea ter\u00e1 a oportunidade de visitar <strong>Machu Picchu<\/strong> duas vezes: no primeiro dia \u00e0 tarde e no segundo dia pela manh\u00e3. Assim, poder\u00e1 apreciar tanto o p\u00f4r do sol quanto o amanhecer. Al\u00e9m disso, no segundo dia do percurso, poder\u00e1 desfrutar de <strong>Machu picchu<\/strong> durante todo o dia.   <\/p>\n<p>O famoso <strong>Camino Inca<\/strong> at\u00e9 <strong>Machu Picchu<\/strong> \u00e9 uma das trilhas mais ic\u00f4nicas e inesquec\u00edveis que voc\u00ea pode fazer na vida.<\/p>\n<div class=\"divisor\"><\/div>\n<h2 id=\"itinerario\">Itiner\u00e1rio<\/h2>\n<h3>DIA 1: CUSCO | OLLANTAYTAMBO \u2013 KM 104 \u2013 MACHU PICCHU<\/h3>\n<p>Come\u00e7aremos esta jornada buscando voc\u00ea em seu hotel e, em seguida, viajaremos por tr\u00eas horas de <strong>Cusco<\/strong> at\u00e9 a esta\u00e7\u00e3o de trem de <strong>Ollantaytambo<\/strong>. De l\u00e1, embarcaremos no trem at\u00e9 o Km 104, onde iniciaremos nossa incr\u00edvel caminhada pelo <strong>Camino Inca<\/strong>. <\/p>\n<p>Nossa aventura come\u00e7a com uma caminhada em subida por cerca de quatro horas at\u00e9 chegar ao s\u00edtio arqueol\u00f3gico de <strong>Wi\u00f1aywayna<\/strong> (Sempre Jovem). Faremos uma pausa para desfrutar do nosso almo\u00e7o em meio \u00e0s montanhas e teremos tempo livre para descansar e apreciar a deslumbrante paisagem. <\/p>\n<p>Em seguida, continuaremos nossa caminhada em dire\u00e7\u00e3o a um local chamado <strong>Inti Punku<\/strong> (a Porta do Sol). De l\u00e1, poderemos olhar para baixo e admirar a impressionante beleza da cidade inca de <strong>Machu Picchu<\/strong>! \u00c9 nesse ponto que o <strong>Camino Inca<\/strong> termina oficialmente. <\/p>\n<p>Finalizaremos nosso primeiro dia de aventura seguindo a trilha lateral em dire\u00e7\u00e3o \u00e0 sa\u00edda de <strong>Machu Picchu<\/strong>, onde embarcaremos no \u00f4nibus com destino ao vilarejo de <strong>Aguas Calientes<\/strong>. L\u00e1, desfrutaremos de um jantar e, em seguida, descansaremos confortavelmente no albergue.<\/p>\n<p><strong>Dist\u00e2ncia a p\u00e9:<\/strong> 12 km \/ 7,45 milhas.<br \/>\n<strong>Altitude inicial:<\/strong> 2100 metros acima do n\u00edvel do mar \/ 6889 p\u00e9s acima do n\u00edvel do mar.<br \/>\n<strong>Altitude de Aguas Calientes:<\/strong> 2000 metros acima do n\u00edvel do mar \/ 6561 p\u00e9s acima do n\u00edvel do mar.<br \/>\n<strong>Dificuldade:<\/strong> moderada.<br \/>\n<strong>Refei\u00e7\u00f5es:<\/strong> almo\u00e7o e janta.<br \/>\n<strong>Acomoda\u00e7\u00e3o:<\/strong> hotel ou hostel (opcional).<\/p>\n<h3>D\u00cdA 2: AGUAS CALIENTES \u2013 MACHU PICCHU \u2013 CUSCO<\/h3>\n<p>Hoje, finalmente, voc\u00ea poder\u00e1 explorar as maravilhas que <strong>Machu Picchu<\/strong> tem a oferecer e vivenciar a presen\u00e7a m\u00e1gica dos vest\u00edgios deixados por essa grandiosa civiliza\u00e7\u00e3o.<\/p>\n<p>Pegaremos o primeiro \u00f4nibus dispon\u00edvel \u00e0s 5h30 da manh\u00e3 em dire\u00e7\u00e3o ao s\u00edtio arqueol\u00f3gico de <strong>Machu Picchu<\/strong>. Se partirmos a tempo, poderemos testemunhar o amanhecer sobre a cidade sagrada dos Incas <strong>Machu Picchu<\/strong>. Teremos tempo suficiente para explorar cada canto desse Patrim\u00f4nio Cultural da Humanidade, reconhecido pela UNESCO.  <\/p>\n<p>Seremos guiados por especialistas atrav\u00e9s das energ\u00e9ticas ru\u00ednas e suas diversas ruas principais. Voc\u00ea ter\u00e1 tempo para explorar por conta pr\u00f3pria as pra\u00e7as da cidade sagrada, considerada o centro espiritual mundial da sabedoria esot\u00e9rica, e poder\u00e1 subir as intrincadas escadarias esculpidas em pedra. Caso prefira, pode simplesmente contemplar e absorver a pura majestade deste lugar \u00fanico. <\/p>\n<p>Aqui est\u00e3o algumas atividades alternativas que voc\u00ea pode querer aproveitar por conta pr\u00f3pria:<\/p>\n<p>Subir o <strong>Huayna Picchu<\/strong> ou a montanha <strong>Machu Picchu<\/strong> para apreciar a impressionante beleza e magnitude de <strong>Machu Picchu<\/strong> (n\u00e3o inclu\u00eddo no pre\u00e7o do tour e deve ser reservado com anteced\u00eancia).<\/p>\n<p>Voc\u00ea ter\u00e1 tempo para caminhar at\u00e9 a <strong>Puerta del Sol ou Inti Punku<\/strong> (sem custo adicional).<br \/>\nOutras atividades opcionais em <strong>Aguas Calientes<\/strong> incluem uma visita ao novo museu local ou um momento de relaxamento nas \u00e1guas termais (ingresso necess\u00e1rio).<\/p>\n<p>Voc\u00ea descer\u00e1 at\u00e9 <strong>Aguas Calientes<\/strong> e, mais tarde, embarcar\u00e1 no trem por volta das 18h20 para a viagem de volta a <strong>Cusco<\/strong> com parada na esta\u00e7\u00e3o de <strong>Ollantaytambo<\/strong>, de onde ser\u00e1 conduzido de volta ao seu hotel.<\/p>\n<p><strong>Dificuldade:<\/strong> f\u00e1cil.<\/p>\n<div class=\"divisor\"><\/div>\n<h2 id=\"detalle\">Detalhe<\/h2>\n<table>\n<tbody>\n<tr>\n<th><i class=\"fa fa-check\" aria-hidden=\"true\"><\/i> Inclui<\/th>\n<\/tr>\n<tr>\n<td>\nRecep\u00e7\u00e3o no seu hotel<br \/>\nTransporte privado do hotel at\u00e9 a esta\u00e7\u00e3o de trem ou esta\u00e7\u00e3o de \u00f4nibus.<br \/>\nGuia profesional bil\u00edngue (ingl\u00eas e espanhol) com experi\u00eancia em trekking.<br \/>\nVisita guiada privada en Machu Picchu<br \/>\nTrem Tur\u00edstico Expedi\u00e7\u00e3o de Ollantaytambo ao KM 104 e de Aguas Calientes a Ollantaytambo.<br \/>\nIngressos para a trilha Inca e s\u00edtio arqueol\u00f3gico de Machu Picchu.<br \/>\nUma noite de hospedagem em Aguas Calientes (quarto privado com banheiro e ducha quente)<br \/>\nAlmo\u00e7o (lunch box)<br \/>\nKit de primeiros socorros, incluindo tanque de oxig\u00eanio de emerg\u00eancia<br \/>\nPassagens de \u00f4nibus de Aguas Calientes at\u00e9 Machupicchu (ida e volta \u2013 dia 2)<br \/>\nJantar no vilarejo de Aguas Calientes\n<\/td>\n<\/tr>\n<\/tbody>\n<\/table>\n<table>\n<tbody>\n<tr>\n<th><i class=\"fa fa-times\" aria-hidden=\"true\"><\/i> N\u00e3o inclui<\/th>\n<\/tr>\n<tr>\n<td>\nPassagem de \u00f4nibus de Machupicchu at\u00e9 Aguas Calientes (dia 1)<br \/>\nMontanha Wayna Picchu<br \/>\nMontanha Machupicchu<br \/>\n\u00daltimo almo\u00e7o em Machupicchu (dia 2)<br \/>\nV\u00f4os<br \/>\nSeguro de viajem<br \/>\nSeguro contra acidentes<br \/>\nAlimenta\u00e7\u00e3o n\u00e3o mencionada<br \/>\nTraslados n\u00e3o mencionados<br \/>\nServi\u00e7os n\u00e3o mencionados<br \/>\nGorjetas<br \/>\nIngressos n\u00e3o mencionados\n<\/td>\n<\/tr>\n<\/tbody>\n<\/table>\n<div class=\"divisor\"><\/div>\n<h2 id=\"faq\">FAQ<\/h2>\n<p>O briefing ocorrer\u00e1 na noite anterior \u00e0 partida do trekking, \u00e0s 18h, no seu hotel.<\/p>\n<h3>Posso guardar minha bagagem no seu escrit\u00f3rio?<\/h3>\n<p>Com certeza! Durante sua caminhada at\u00e9 Machu Picchu, sua bagagem principal pode ser armazenada gratuitamente em nosso escrit\u00f3rio ou no hotel. Leve apenas o essencial para a trilha, evite carregar itens desnecess\u00e1rios.   <\/p>\n<h3>O que acontece com o mal de altitude?<\/h3>\n<p>De modo geral, se voc\u00ea pratica exerc\u00edcios regularmente e passa alguns dias em Cusco ou no Vale Sagrado para se aclimatar \u00e0 altitude, \u00e9 prov\u00e1vel que se adapte bem.<br \/>\nO tratamento recomendado para o mal de altitude \u00e9 \u00e1gua, ch\u00e1 de coca e oxig\u00eanio, se necess\u00e1rio. Nossos guias s\u00e3o treinados para auxiliar em casos de mal de altitude.<br \/>\nOferecemos o City Tour Cusco ou o Tour pelo Vale Sagrado, que voc\u00ea pode reservar enquanto se aclimata. Consulte nossas op\u00e7\u00f5es de excurs\u00f5es de um dia. <\/p>\n<h3>N\u00f3s seremos deixados no nosso hotel ap\u00f3s a trilha?<\/h3>\n<p>Com certeza! Nosso pacote inclui o transporte de volta ao seu hotel ap\u00f3s a caminhada ou passeio. Se voc\u00ea reservou um hotel no Vale Sagrado, como Ollantaytambo ou Urubamba, tamb\u00e9m o levaremos at\u00e9 l\u00e1!<br \/>\nSe voc\u00ea passar a noite em Ollantaytambo antes da caminhada, n\u00f3s o buscaremos l\u00e1.<\/p>\n<h3>O que levar?<\/h3>\n<p>A trilha curta do Caminho Inca N\u00c3O INCLUI um carregador adicional, portanto, voc\u00ea dever\u00e1 levar todas as suas coisas. Recomendamos empacotar o mais leve poss\u00edvel, pois isso \u00e9 essencial para aproveitar ao m\u00e1ximo essa incr\u00edvel trilha.<br \/>\n&#8211; Passaporte original (o mesmo que voc\u00ea usou para reservar sua caminhada) &#8211; Boa mochila (25 a 30 litros) &#8211; Armazenamento de \u00e1gua: Camelbaks de 2 a 3 litros s\u00e3o recomendados. &#8211; Botas de monta\u00f1a c\u00f3modas con soporte para el tobillo. &#8211; Papel higi\u00eanico &#8211; 2 camisetas &#8211; 1 par de cal\u00e7as de caminhada ou confort\u00e1veis \u200b\u200b- Roupa \u00edntima &#8211; Meias de caminhada &#8211; L\u00e3 ou su\u00e9ter para manh\u00e3s e noites &#8211; Jaqueta &#8211; Hidratante facial &#8211; \u00c1lcool em gel &#8211; Len\u00e7os umedecidos &#8211; Escova e pasta de dentes &#8211; Medicamentos pessoais &#8211; Chap\u00e9u de sol &#8211; Protetor solar &#8211; Chap\u00e9u de l\u00e3 se for esta\u00e7\u00e3o fria para noites ou in\u00edcio da manh\u00e3 &#8211; Capa de chuva &#8211; esta\u00e7\u00e3o chuvosa &#8211; Lanches como barras de chocolate, barras de cereais ou qualquer fruta seca &#8211; Capa de chuva de pl\u00e1stico &#8211; C\u00e2mera &#8211; Dinheiro extra para lembran\u00e7as, bebidas e gorjetas.<\/p>\n<div class=\"divisor\"><\/div>\n<h2 id=\"condiciones\">Condi\u00e7\u00f5es<\/h2>\n<p>A Trilha Inca Curta N\u00c3O INCLUI carregador adicional, ent\u00e3o voc\u00ea precisar\u00e1 carregar todas as suas coisas. <\/p>\n<p><b>PEDIDO DE RESERVA<\/b><br \/>\nAs reservas devem ser solicitadas por escrito pelo e-mail Reservas@rebelviajes.com e ser\u00e1 considerado ratificado pelo mesmo meio confirmando data, tipo de programa e informa\u00e7\u00f5es de pagamento.<br \/>\nA confirma\u00e7\u00e3o somente ser\u00e1 feita ap\u00f3s o cliente aceitar estes termos e condi\u00e7\u00f5es.<\/p>\n<p><b>RESPONSABILIDADES<\/b><br \/>\n\u2022 A Rebel Viajes n\u00e3o se responsabiliza por custos adicionais devido a modifica\u00e7\u00f5es ou cancelamentos de reservas, nem por despesas extras decorrentes de perdas ou atrasos no transporte de passageiros, seja terrestre, mar\u00edtimo, a\u00e9reo ou fluvial.<br \/>\n\u2022 A Rebel Viajes n\u00e3o se responsabiliza por cancelamentos por motivos de for\u00e7a maior ou imprevistos e, neste caso, o passageiro n\u00e3o ser\u00e1 reembolsado.<br \/>\n\u2022 Da mesma forma, a Rebel Viajes n\u00e3o se responsabiliza pela perda de documentos ou pertences pessoais durante viagens ou datas espec\u00edficas do programa.<br \/>\n\u2022 \u00c9 responsabilidade de cada passageiro realizar um check-up m\u00e9dico preventivo antes de qualquer atividade, excurs\u00e3o ou trilha, para garantir que sua sa\u00fade est\u00e1 em boas condi\u00e7\u00f5es e compat\u00edvel com a atividade a ser realizada. Durante as datas do programa, caso o passageiro precise abandonar a viagem antes de sua conclus\u00e3o, independentemente do motivo, n\u00e3o haver\u00e1 reembolso.<br \/>\n\u2022 A Rebel Viajes n\u00e3o se responsabiliza por acidentes ocorridos no caminho, nas trilhas ou em locais que n\u00e3o estejam relacionados com o servi\u00e7o contratado. Qualquer responsabilidade atribu\u00edda \u00e0 Rebel Viajes dever\u00e1 ser comprovada por decis\u00e3o judicial.<br \/>\n\u2022 Embora a Rebel Viajes informe as dist\u00e2ncias e os n\u00edveis de dificuldade de todas as rotas de trekking em seus programas, \u00e9 responsabilidade do passageiro ler e conhecer suas pr\u00f3prias limita\u00e7\u00f5es, assim como levar o equipamento adequado para um desempenho ideal. Al\u00e9m disso, \u00e9 dever dos passageiros se informar junto \u00e0 CONAF sobre os hor\u00e1rios de abertura e fechamento das trilhas, bem como sobre o regulamento interno do Parque Nacional Torres del Paine.<br \/>\n\u2022 \u00c9 dever dos passageiros manter a documenta\u00e7\u00e3o em dia e ter as autoriza\u00e7\u00f5es e vistos necess\u00e1rios para atravessar fronteiras.<br \/>\nA Rebel Viajes n\u00e3o fornece reembolsos nem assume responsabilidade pelas despesas do passageiro caso o mesmo precise ser resgatado ou se, por qualquer motivo, o passageiro precise deixar a viagem mais cedo.<br \/>\n\u2022 A Rebel Viajes n\u00e3o se responsabiliza por nenhuma despesa adicional que o passageiro possa ter caso a viagem seja atrasada devido a condi\u00e7\u00f5es clim\u00e1ticas, greves, roubos, fen\u00f4menos naturais, dist\u00farbios civis, terrorismo, atos de guerra, restri\u00e7\u00f5es ou regulamenta\u00e7\u00f5es governamentais, falhas em qualquer tipo de transporte na chegada ou sa\u00edda do programa, ou qualquer outra raz\u00e3o que esteja fora do controle direto da Rebel Viajes.<br \/>\n\u2022A Rebel Viajes repudia a explora\u00e7\u00e3o sexual e comercial de crian\u00e7as, adolescentes e menores de idade, comprometendo-se a denunciar, identificar e capacitar sua equipe para a preven\u00e7\u00e3o de qualquer atividade tur\u00edstica ou servi\u00e7o de terceiros que envolva menores. <\/p>\n<p>A Rebel Viajes n\u00e3o se responsabiliza por cancelamentos, modifica\u00e7\u00f5es ou no-show devido \u00e0 impossibilidade de chegada ou acesso aos ref\u00fagios ou campings por causas externas, tais como problemas clim\u00e1ticos, interrup\u00e7\u00f5es nas estradas, fen\u00f4menos naturais, problemas com conex\u00f5es a\u00e9reas, atrasos em traslados, cancelamentos de embarca\u00e7\u00f5es e\/ou catamar\u00e3s, manifesta\u00e7\u00f5es sociais ou pol\u00edticas, ou qualquer outro problema decorrente dessas situa\u00e7\u00f5es. Al\u00e9m disso, qualquer outro fator alheio \u00e0 vontade e controle da Rebel Viajes, como acidentes ou doen\u00e7as antes ou durante sua visita a Torres del Paine, tamb\u00e9m n\u00e3o ser\u00e1 de sua responsabilidade. Para essas eventualidades, recomenda-se que os passageiros contratem um seguro de viagem.  <\/p>\n<p><b>SEGURO DE VIAGEM<\/b><br \/>\nA Rebel Viajes recomenda fortemente a contrata\u00e7\u00e3o de um seguro de viagem que cubra gastos com cancelamentos devido a condi\u00e7\u00f5es meteorol\u00f3gicas ou for\u00e7a maior, assim como um seguro contra acidentes, de acordo com as atividades que ser\u00e3o realizadas. <\/p>\n<p>Esse seguro deve cobrir acidentes pessoais, despesas de repatria\u00e7\u00e3o e quaisquer outros custos que possam surgir devido a danos, perdas, les\u00f5es, atrasos ou qualquer outro imprevisto que possa ocorrer durante a viagem. <\/p>\n<p>Recomenda-se que, ao contratar um seguro de viagem, o passageiro informe \u00e0 seguradora o tipo de viagem que ser\u00e1 realizada, pois nem todos os seguros cobrem atividades de turismo de aventura, que podem estar inclu\u00eddas no itiner\u00e1rio do programa.<\/p>\n<p><b>RELAT\u00d3RIO DE SA\u00daDE E ISEN\u00c7\u00c3O DE RESPONSABILIDADE<br \/>\n<\/b>Os passageiros devem notificar quaisquer problemas de sa\u00fade ao reservar sua viagem, para determinar se podem realizar a atividade ou se precisam de algum suporte adicional. <\/p>\n<p>No caso de programas guiados, o l\u00edder do grupo ou guia se reserva o direito de solicitar que um passageiro abandone o programa caso ele n\u00e3o esteja apto para realiz\u00e1-lo ou represente um risco para si mesmo e\/ou para o restante do grupo. A crit\u00e9rio do guia, o passageiro pode ser impedido de continuar a viagem caso, por qualquer motivo ou circunst\u00e2ncia, n\u00e3o esteja fisicamente ou mentalmente capacitado para seguir com a atividade ou n\u00e3o siga as instru\u00e7\u00f5es. Nessas circunst\u00e2ncias, n\u00e3o haver\u00e1 reembolso. Devido \u00e0 dificuldade geogr\u00e1fica, que pode impedir o acesso a atendimento m\u00e9dico e hospitais, a Rebel Viajes n\u00e3o se responsabiliza pela presta\u00e7\u00e3o de assist\u00eancia m\u00e9dica em nenhum momento da viagem.    <\/p>\n<p>Todos os passageiros dever\u00e3o, no momento da confirma\u00e7\u00e3o e pagamento do programa, aceitar e assinar o termo de isen\u00e7\u00e3o de responsabilidade, al\u00e9m de verificar seu estado de sa\u00fade e assumir a responsabilidade por suas limita\u00e7\u00f5es e\/ou necessidades especiais.<\/p>\n<p>Conhe\u00e7a nossos <a href=\"https:\/\/rebelviajes.com\/pt-br\/termos-e-condicoes\/\" target=\"_blank\" rel=\"noopener\">Termos e Condi\u00e7\u00f5es<\/a>.<\/p>\n","protected":false},"excerpt":{"rendered":"<p>Partindo de Cusco<br \/>\n2 dias \/ 1 noite<\/p>\n","protected":false},"featured_media":990124452,"comment_status":"open","ping_status":"closed","template":"","meta":{"site-sidebar-layout":"default","site-content-layout":"default","ast-site-content-layout":"default","site-content-style":"default","site-sidebar-style":"default","ast-global-header-display":"","ast-banner-title-visibility":"","ast-main-header-display":"","ast-hfb-above-header-display":"","ast-hfb-below-header-display":"","ast-hfb-mobile-header-display":"","site-post-title":"","ast-breadcrumbs-content":"","ast-featured-img":"","footer-sml-layout":"","ast-disable-related-posts":"","theme-transparent-header-meta":"default","adv-header-id-meta":"","stick-header-meta":"","header-above-stick-meta":"","header-main-stick-meta":"","header-below-stick-meta":"","astra-migrate-meta-layouts":"default","ast-page-background-enabled":"default","ast-page-background-meta":{"desktop":{"background-color":"","background-image":"","background-repeat":"repeat","background-position":"center center","background-size":"auto","background-attachment":"scroll","background-type":"","background-media":"","overlay-type":"","overlay-color":"","overlay-opacity":"","overlay-gradient":""},"tablet":{"background-color":"","background-image":"","background-repeat":"repeat","background-position":"center center","background-size":"auto","background-attachment":"scroll","background-type":"","background-media":"","overlay-type":"","overlay-color":"","overlay-opacity":"","overlay-gradient":""},"mobile":{"background-color":"","background-image":"","background-repeat":"repeat","background-position":"center center","background-size":"auto","background-attachment":"scroll","background-type":"","background-media":"","overlay-type":"","overlay-color":"","overlay-opacity":"","overlay-gradient":""}},"ast-content-background-meta":{"desktop":{"background-color":"var(--ast-global-color-5)","background-image":"","background-repeat":"repeat","background-position":"center center","background-size":"auto","background-attachment":"scroll","background-type":"","background-media":"","overlay-type":"","overlay-color":"","overlay-opacity":"","overlay-gradient":""},"tablet":{"background-color":"var(--ast-global-color-5)","background-image":"","background-repeat":"repeat","background-position":"center center","background-size":"auto","background-attachment":"scroll","background-type":"","background-media":"","overlay-type":"","overlay-color":"","overlay-opacity":"","overlay-gradient":""},"mobile":{"background-color":"var(--ast-global-color-5)","background-image":"","background-repeat":"repeat","background-position":"center center","background-size":"auto","background-attachment":"scroll","background-type":"","background-media":"","overlay-type":"","overlay-color":"","overlay-opacity":"","overlay-gradient":""}}},"product_brand":[],"product_cat":[601,349,600],"product_tag":[532],"class_list":{"0":"post-990124734","1":"product","2":"type-product","3":"status-publish","4":"has-post-thumbnail","6":"product_cat-cusco-machu-picchu-pt-br","7":"product_cat-programas-turisticos","8":"product_cat-peru-pt-br","9":"product_tag-programa-simple-nuevo-pt-br-2","10":"desktop-align-left","11":"tablet-align-left","12":"mobile-align-left","14":"first","15":"instock","16":"featured","17":"sold-individually","18":"shipping-taxable","19":"purchasable","20":"product-type-simple"},"_links":{"self":[{"href":"https:\/\/rebelviajes.com\/pt-br\/wp-json\/wp\/v2\/product\/990124734","targetHints":{"allow":["GET"]}}],"collection":[{"href":"https:\/\/rebelviajes.com\/pt-br\/wp-json\/wp\/v2\/product"}],"about":[{"href":"https:\/\/rebelviajes.com\/pt-br\/wp-json\/wp\/v2\/types\/product"}],"replies":[{"embeddable":true,"href":"https:\/\/rebelviajes.com\/pt-br\/wp-json\/wp\/v2\/comments?post=990124734"}],"version-history":[{"count":0,"href":"https:\/\/rebelviajes.com\/pt-br\/wp-json\/wp\/v2\/product\/990124734\/revisions"}],"wp:featuredmedia":[{"embeddable":true,"href":"https:\/\/rebelviajes.com\/pt-br\/wp-json\/wp\/v2\/media\/990124452"}],"wp:attachment":[{"href":"https:\/\/rebelviajes.com\/pt-br\/wp-json\/wp\/v2\/media?parent=990124734"}],"wp:term":[{"taxonomy":"product_brand","embeddable":true,"href":"https:\/\/rebelviajes.com\/pt-br\/wp-json\/wp\/v2\/product_brand?post=990124734"},{"taxonomy":"product_cat","embeddable":true,"href":"https:\/\/rebelviajes.com\/pt-br\/wp-json\/wp\/v2\/product_cat?post=990124734"},{"taxonomy":"product_tag","embeddable":true,"href":"https:\/\/rebelviajes.com\/pt-br\/wp-json\/wp\/v2\/product_tag?post=990124734"}],"curies":[{"name":"wp","href":"https:\/\/api.w.org\/{rel}","templated":true}]}}