{"id":990124878,"date":"2023-11-04T16:06:59","date_gmt":"2025-03-05T00:47:19","guid":{"rendered":"https:\/\/rebelviajes.com\/producto\/ilha-de-chiloe-ancud-punihuil\/"},"modified":"2025-03-04T21:47:19","modified_gmt":"2025-03-05T00:47:19","slug":"ilha-de-chiloe-ancud-punihuil","status":"publish","type":"product","link":"https:\/\/rebelviajes.com\/pt-br\/product\/ilha-de-chiloe-ancud-punihuil\/","title":{"rendered":"Ilha de Chilo\u00e9: Ancud &#8211; Pu\u00f1ihuil"},"content":{"rendered":"<h2 id=\"descripcion\">Descri\u00e7\u00e3o<\/h2>\n<h3>Chilo\u00e9, um lugar m\u00e1gico cheio de encanto e mist\u00e9rio! Experimente a cultura chilote em sua cultura e natureza <\/h3>\n<p>Iniciaremos nossa incr\u00edvel jornada rumo ao majestoso Oceano Pac\u00edfico, embarcando em uma aventura \u00fanica ao navegar pelo impressionante Canal de Chacao. No trajeto, faremos uma parada em Chacao, um charmoso povoado que preserva sua ess\u00eancia desde a \u00e9poca da conquista espanhola, proporcionando um fascinante vislumbre da hist\u00f3ria da regi\u00e3o. <\/p>\n<h3>Pu\u00f1ihuil, Pinguins de Humboldt e Magalh\u00e3es<\/h3>\n<p>Dando continuidade ao nosso percurso, seguiremos em dire\u00e7\u00e3o ao ic\u00f4nico Pu\u00f1ihuil, um santu\u00e1rio natural protegido, considerado um verdadeiro para\u00edso para os amantes da observa\u00e7\u00e3o de aves. Prepare-se para testemunhar um espet\u00e1culo impressionante! Neste local \u00fanico no mundo, os pinguins-de-Humboldt e os pinguins-de-Magalh\u00e3es convivem harmoniosamente, aninhando-se lado a lado. Se a sorte estiver ao nosso lado, teremos a experi\u00eancia inesquec\u00edvel de observar essas ador\u00e1veis criaturas em seu habitat natural.    <\/p>\n<h3>Ancud: hist\u00f3ria, mitos e lendas<\/h3>\n<p>Nossa aventura n\u00e3o termina aqui! Seguiremos de volta para Ancud, uma cidade com um rico patrim\u00f4nio cultural. Nesta parada, exploraremos o hist\u00f3rico Forte de San Antonio, uma imponente estrutura que nos transportar\u00e1 ao passado. Al\u00e9m disso, visitaremos o fascinante Museu Local, que abriga uma cole\u00e7\u00e3o de interessantes lendas e mitos da regi\u00e3o. Para os amantes da arte e do artesanato, o mercado local ser\u00e1 uma parada obrigat\u00f3ria, onde poder\u00e3o encontrar tesouros \u00fanicos e levar consigo lembran\u00e7as inesquec\u00edveis desta excurs\u00e3o.   <\/p>\n<p>Por fim, retornaremos ao nosso ponto de partida em Puerto Varas.<\/p>\n<div class=\"divisor\"><\/div>\n<h2 id=\"detalle\">Detalhe<\/h2>\n<table>\n<tbody>\n<tr>\n<th><i class=\"fa fa-check\" aria-hidden=\"true\"><\/i> Inclui<\/th>\n<\/tr>\n<tr>\n<td>Traslados ida e volta<br \/>\nGuia Tur\u00edstico<br \/>\nSeguro de transporte de passageiros<\/td>\n<\/tr>\n<\/tbody>\n<\/table>\n<table>\n<tbody>\n<tr>\n<th><i class=\"fa fa-times\" aria-hidden=\"true\"><\/i> N\u00e3o inclui<\/th>\n<\/tr>\n<tr>\n<td>Alimenta\u00e7\u00e3o<br \/>\nHospedagem<br \/>\nNavega\u00e7\u00e3o em Pu\u00f1ihuil<br \/>\nEntrada ao museu<br \/>\nServi\u00e7os n\u00e3o mencionados<\/td>\n<\/tr>\n<\/tbody>\n<\/table>\n<div class=\"divisor\"><\/div>\n<h2 id=\"faq\">FAQ<\/h2>\n<h3>Onde s\u00e3o os locais de partida ou apresenta\u00e7\u00e3o?<\/h3>\n<p>Existem v\u00e1rios pontos de apresenta\u00e7\u00e3o e partida, por favor, reveja a tabela a seguir:<\/p>\n<table>\n<tbody>\n<tr>\n<th>Lugar<\/th>\n<th>Endere\u00e7o<\/th>\n<th>Hor\u00e1rio de sa\u00edda<\/th>\n<\/tr>\n<tr>\n<td>Puerto Varas<\/td>\n<td>Del Salvador 72<\/td>\n<td>08h30<\/td>\n<\/tr>\n<tr>\n<td>Hot\u00e9is de Puerto Varas* <\/td>\n<td>&#8211;<\/td>\n<td>08h00<\/td>\n<\/tr>\n<tr>\n<td>Hot\u00e9is de Puerto Montt* <\/td>\n<td>&#8211;<\/td>\n<td>07h30<\/td>\n<\/tr>\n<\/tbody>\n<\/table>\n<p>*O traslado dos hot\u00e9is tem um custo adicional.<\/p>\n<h3>Quanto tempo dura o passeio?<\/h3>\n<p>O tempo total pode variar, mas normalmente leva 10 horas, dependendo do tr\u00e2nsito, das condi\u00e7\u00f5es clim\u00e1ticas e da rota espec\u00edfica escolhida.<\/p>\n<div class=\"divisor\"><\/div>\n<h2 id=\"condiciones\">Condi\u00e7\u00f5es<\/h2>\n<p>Consulte as <span class=\"open-modal\" onclick=\"openModal()\">condi\u00e7\u00f5es de contrata\u00e7\u00e3o<\/span> da excurs\u00e3o <strong>Ilha de Chilo\u00e9: Ancud &#8211; Pu\u00f1ihuil<\/strong>.<\/p>\n<div id=\"my-modal\" class=\"modal\"><button class=\"close-modal\" onclick=\"closeModal()\"><i class=\"fa fa-times\" aria-hidden=\"true\"><\/i><\/button>At\u00e9 73 horas antes da partida, ser\u00e1 aplic\u00e1vel um reembolso de 100%.<br \/>\nAt\u00e9 72 horas antes da partida n\u00e3o h\u00e1 reembolso aplic\u00e1vel.<\/p>\n<p>Conhe\u00e7a nossos <a href=\"https:\/\/rebelviajes.com\/pt-br\/termos-e-condicoes\/\" target=\"_blank\" rel=\"noopener\">Termos e Condi\u00e7\u00f5es<\/a>.<\/div>\n","protected":false},"excerpt":{"rendered":"<p>Sa\u00eddas de <strong>Puerto Varas<\/strong><br \/>\n<strong>Quartas, Sextas e Domingos<\/strong><br \/>\nHor\u00e1rio:<strong> in\u00edcio \u00e0s 08:30 \u2013 t\u00e9rmino \u00e0s 18:00<\/strong><\/p>\n","protected":false},"featured_media":990123696,"comment_status":"open","ping_status":"closed","template":"","meta":{"site-sidebar-layout":"default","site-content-layout":"default","ast-site-content-layout":"default","site-content-style":"default","site-sidebar-style":"default","ast-global-header-display":"","ast-banner-title-visibility":"","ast-main-header-display":"","ast-hfb-above-header-display":"","ast-hfb-below-header-display":"","ast-hfb-mobile-header-display":"","site-post-title":"","ast-breadcrumbs-content":"","ast-featured-img":"","footer-sml-layout":"","ast-disable-related-posts":"","theme-transparent-header-meta":"default","adv-header-id-meta":"","stick-header-meta":"","header-above-stick-meta":"","header-main-stick-meta":"","header-below-stick-meta":"","astra-migrate-meta-layouts":"default","ast-page-background-enabled":"default","ast-page-background-meta":{"desktop":{"background-color":"","background-image":"","background-repeat":"repeat","background-position":"center center","background-size":"auto","background-attachment":"scroll","background-type":"","background-media":"","overlay-type":"","overlay-color":"","overlay-opacity":"","overlay-gradient":""},"tablet":{"background-color":"","background-image":"","background-repeat":"repeat","background-position":"center center","background-size":"auto","background-attachment":"scroll","background-type":"","background-media":"","overlay-type":"","overlay-color":"","overlay-opacity":"","overlay-gradient":""},"mobile":{"background-color":"","background-image":"","background-repeat":"repeat","background-position":"center center","background-size":"auto","background-attachment":"scroll","background-type":"","background-media":"","overlay-type":"","overlay-color":"","overlay-opacity":"","overlay-gradient":""}},"ast-content-background-meta":{"desktop":{"background-color":"var(--ast-global-color-5)","background-image":"","background-repeat":"repeat","background-position":"center center","background-size":"auto","background-attachment":"scroll","background-type":"","background-media":"","overlay-type":"","overlay-color":"","overlay-opacity":"","overlay-gradient":""},"tablet":{"background-color":"var(--ast-global-color-5)","background-image":"","background-repeat":"repeat","background-position":"center center","background-size":"auto","background-attachment":"scroll","background-type":"","background-media":"","overlay-type":"","overlay-color":"","overlay-opacity":"","overlay-gradient":""},"mobile":{"background-color":"var(--ast-global-color-5)","background-image":"","background-repeat":"repeat","background-position":"center center","background-size":"auto","background-attachment":"scroll","background-type":"","background-media":"","overlay-type":"","overlay-color":"","overlay-opacity":"","overlay-gradient":""}}},"product_brand":[],"product_cat":[347,610],"product_tag":[530,521],"class_list":{"0":"post-990124878","1":"product","2":"type-product","3":"status-publish","4":"has-post-thumbnail","6":"product_cat-full-day-pt","7":"product_cat-puerto-varas-pt-br","8":"product_tag-excursion-nueva-pt-br","9":"product_tag-puerto-varas-pt-br","10":"desktop-align-left","11":"tablet-align-left","12":"mobile-align-left","14":"first","15":"instock","16":"virtual","17":"sold-individually","18":"purchasable","19":"product-type-simple"},"_links":{"self":[{"href":"https:\/\/rebelviajes.com\/pt-br\/wp-json\/wp\/v2\/product\/990124878","targetHints":{"allow":["GET"]}}],"collection":[{"href":"https:\/\/rebelviajes.com\/pt-br\/wp-json\/wp\/v2\/product"}],"about":[{"href":"https:\/\/rebelviajes.com\/pt-br\/wp-json\/wp\/v2\/types\/product"}],"replies":[{"embeddable":true,"href":"https:\/\/rebelviajes.com\/pt-br\/wp-json\/wp\/v2\/comments?post=990124878"}],"version-history":[{"count":0,"href":"https:\/\/rebelviajes.com\/pt-br\/wp-json\/wp\/v2\/product\/990124878\/revisions"}],"wp:featuredmedia":[{"embeddable":true,"href":"https:\/\/rebelviajes.com\/pt-br\/wp-json\/wp\/v2\/media\/990123696"}],"wp:attachment":[{"href":"https:\/\/rebelviajes.com\/pt-br\/wp-json\/wp\/v2\/media?parent=990124878"}],"wp:term":[{"taxonomy":"product_brand","embeddable":true,"href":"https:\/\/rebelviajes.com\/pt-br\/wp-json\/wp\/v2\/product_brand?post=990124878"},{"taxonomy":"product_cat","embeddable":true,"href":"https:\/\/rebelviajes.com\/pt-br\/wp-json\/wp\/v2\/product_cat?post=990124878"},{"taxonomy":"product_tag","embeddable":true,"href":"https:\/\/rebelviajes.com\/pt-br\/wp-json\/wp\/v2\/product_tag?post=990124878"}],"curies":[{"name":"wp","href":"https:\/\/api.w.org\/{rel}","templated":true}]}}