{"id":990124904,"date":"2023-09-04T11:51:20","date_gmt":"2023-09-04T14:51:20","guid":{"rendered":"https:\/\/rebelviajes.com\/producto\/frutillar\/"},"modified":"2025-03-05T11:36:11","modified_gmt":"2025-03-05T14:36:11","slug":"frutillar","status":"publish","type":"product","link":"https:\/\/rebelviajes.com\/pt-br\/product\/frutillar\/","title":{"rendered":"Frutillar"},"content":{"rendered":"<h2 id=\"descripcion\">Descri\u00e7\u00e3o<\/h2>\n<p>Viva uma experi\u00eancia que combina a heran\u00e7a cultural, a beleza natural e a rica hist\u00f3ria de Frutillar. Explore um destino \u00e0 beira do lago, encantado pela presen\u00e7a imponente do Lago Llanquihue e pela majestade dos vulc\u00f5es que dominam o horizonte. Caminhe pelos rastros dos colonos alem\u00e3es enquanto se encanta com as antigas mans\u00f5es, que ganharam uma nova vida como acolhedoras hospedagens.  <\/p>\n<p>Deixe-se seduzir pela deliciosa cozinha b\u00e1vara. que envolve o ambiente, enquanto se entrega aos sabores aut\u00eanticos da regi\u00e3o. Voc\u00ea n\u00e3o resistir\u00e1 \u00e0 confeitaria tradicional, com kuchenes e strudel de ma\u00e7\u00e3, um verdadeiro deleite para os sentidos que o conectar\u00e1 \u00e0s ra\u00edzes desta terra. <\/p>\n<p>Frutillar, ubicada en la ribera oeste del Lago Llanquihue, te recibe durante todo el a\u00f1o con su belleza incomparable. En nuestro recorrido, exploraremos un camino rural que ha sido transitado por generaciones de agricultores locales, permiti\u00e9ndonos observar de cerca la vida agr\u00edcola y ganadera que da vida a la zona. Cada paso te acercar\u00e1 a la autenticidad de esta regi\u00f3n.  <\/p>\n<p>Uma joia na coroa de Frutillar \u00e9 o famoso Teatro del Lago, um \u00edcone cultural que nos convida a explorar seus encantos. A grandiosidade deste espa\u00e7o n\u00e3o se destaca apenas por sua arquitetura impressionante, mas tamb\u00e9m pelas emo\u00e7\u00f5es e experi\u00eancias que ganham vida em seu interior. Cada visita \u00e9 uma oportunidade para se apaixonar ainda mais por Frutillar e sua vibrante cena cultural.  <\/p>\n<div class=\"divisor\"><\/div>\n<h2 id=\"detalle\">Detalhe<\/h2>\n<table>\n<tbody>\n<tr>\n<th><i class=\"fa fa-check\" aria-hidden=\"true\"><\/i> Inclui<\/th>\n<\/tr>\n<tr>\n<td>Traslados ida e volta<br \/>\nGuia tur\u00edstico<br \/>\nSeguro de transporte de passageiros<\/td>\n<\/tr>\n<\/tbody>\n<\/table>\n<table>\n<tbody>\n<tr>\n<th><i class=\"fa fa-times\" aria-hidden=\"true\"><\/i> N\u00e3o inclui<\/th>\n<\/tr>\n<tr>\n<td>Alimenta\u00e7\u00e3o<br \/>\nEntrada ao museu (fechado nas segundas-feiras)<br \/>\nHospedagem<br \/>\nServi\u00e7os n\u00e3o mencionados<\/td>\n<\/tr>\n<\/tbody>\n<\/table>\n<div class=\"divisor\"><\/div>\n<h2 id=\"faq\">FAQ<\/h2>\n<h3>Onde s\u00e3o os locais de partida ou apresenta\u00e7\u00e3o?<\/h3>\n<p>Existem v\u00e1rios pontos de apresenta\u00e7\u00e3o e partida, por favor, reveja a tabela a seguir:<\/p>\n<table>\n<tbody>\n<tr>\n<th>Lugar<\/th>\n<th>Endere\u00e7o<\/th>\n<th>Hor\u00e1rio de sa\u00edda<\/th>\n<\/tr>\n<tr>\n<td>Puerto Varas<\/td>\n<td>Del Salvador 72<\/td>\n<td>09h30<\/td>\n<\/tr>\n<tr>\n<td>Hot\u00e9is de Puerto Varas* <\/td>\n<td>&#8211;<\/td>\n<td>09h30<\/td>\n<\/tr>\n<tr>\n<td>Hot\u00e9is de Puerto Montt* <\/td>\n<td>&#8211;<\/td>\n<td>08h30<\/td>\n<\/tr>\n<\/tbody>\n<\/table>\n<p>*O traslado dos hot\u00e9is tem um custo adicional.<\/p>\n<h3>Quanto tempo dura o passeio?<\/h3>\n<p>O tempo total pode variar, mas normalmente leva 4 horas, dependendo do tr\u00e2nsito, das condi\u00e7\u00f5es clim\u00e1ticas e da rota espec\u00edfica escolhida.<\/p>\n<div class=\"divisor\"><\/div>\n<h2 id=\"condiciones\">Condi\u00e7\u00f5es<\/h2>\n<p>Consulte as <span class=\"open-modal\" onclick=\"openModal()\">condi\u00e7\u00f5es de contrata\u00e7\u00e3o<\/span> da excurs\u00e3o <strong>Frutillar<\/strong>.<\/p>\n<div id=\"my-modal\" class=\"modal\"><button class=\"close-modal\" onclick=\"closeModal()\"><i class=\"fa fa-times\" aria-hidden=\"true\"><\/i><\/button>At\u00e9 73 horas antes da partida, ser\u00e1 aplic\u00e1vel um reembolso de 100%.<br \/>\nAt\u00e9 72 horas antes da partida n\u00e3o h\u00e1 reembolso aplic\u00e1vel.<\/p>\n<p>Conhe\u00e7a nossos <a href=\"https:\/\/rebelviajes.com\/pt-br\/termos-e-condicoes\/\" target=\"_blank\" rel=\"noopener\">Termos e Condi\u00e7\u00f5es<\/a>.<\/p>\n<\/div>\n","protected":false},"excerpt":{"rendered":"<p>Sa\u00eddas de <strong>Puerto Varas<\/strong><br \/>\n<strong>Todos os dias<\/strong><br \/>\nHor\u00e1rio:<strong> in\u00edcio \u00e0s 09:30 \u2013 t\u00e9rmino \u00e0s 13:30<\/strong><\/p>\n","protected":false},"featured_media":990123680,"comment_status":"open","ping_status":"closed","template":"","meta":{"site-sidebar-layout":"default","site-content-layout":"default","ast-site-content-layout":"default","site-content-style":"default","site-sidebar-style":"default","ast-global-header-display":"","ast-banner-title-visibility":"","ast-main-header-display":"","ast-hfb-above-header-display":"","ast-hfb-below-header-display":"","ast-hfb-mobile-header-display":"","site-post-title":"","ast-breadcrumbs-content":"","ast-featured-img":"","footer-sml-layout":"","ast-disable-related-posts":"","theme-transparent-header-meta":"default","adv-header-id-meta":"","stick-header-meta":"","header-above-stick-meta":"","header-main-stick-meta":"","header-below-stick-meta":"","astra-migrate-meta-layouts":"default","ast-page-background-enabled":"default","ast-page-background-meta":{"desktop":{"background-color":"","background-image":"","background-repeat":"repeat","background-position":"center center","background-size":"auto","background-attachment":"scroll","background-type":"","background-media":"","overlay-type":"","overlay-color":"","overlay-opacity":"","overlay-gradient":""},"tablet":{"background-color":"","background-image":"","background-repeat":"repeat","background-position":"center center","background-size":"auto","background-attachment":"scroll","background-type":"","background-media":"","overlay-type":"","overlay-color":"","overlay-opacity":"","overlay-gradient":""},"mobile":{"background-color":"","background-image":"","background-repeat":"repeat","background-position":"center center","background-size":"auto","background-attachment":"scroll","background-type":"","background-media":"","overlay-type":"","overlay-color":"","overlay-opacity":"","overlay-gradient":""}},"ast-content-background-meta":{"desktop":{"background-color":"var(--ast-global-color-5)","background-image":"","background-repeat":"repeat","background-position":"center center","background-size":"auto","background-attachment":"scroll","background-type":"","background-media":"","overlay-type":"","overlay-color":"","overlay-opacity":"","overlay-gradient":""},"tablet":{"background-color":"var(--ast-global-color-5)","background-image":"","background-repeat":"repeat","background-position":"center center","background-size":"auto","background-attachment":"scroll","background-type":"","background-media":"","overlay-type":"","overlay-color":"","overlay-opacity":"","overlay-gradient":""},"mobile":{"background-color":"var(--ast-global-color-5)","background-image":"","background-repeat":"repeat","background-position":"center center","background-size":"auto","background-attachment":"scroll","background-type":"","background-media":"","overlay-type":"","overlay-color":"","overlay-opacity":"","overlay-gradient":""}}},"product_brand":[],"product_cat":[347,610],"product_tag":[530,521],"class_list":{"0":"post-990124904","1":"product","2":"type-product","3":"status-publish","4":"has-post-thumbnail","6":"product_cat-full-day-pt","7":"product_cat-puerto-varas-pt-br","8":"product_tag-excursion-nueva-pt-br","9":"product_tag-puerto-varas-pt-br","10":"desktop-align-left","11":"tablet-align-left","12":"mobile-align-left","14":"first","15":"instock","16":"virtual","17":"sold-individually","18":"purchasable","19":"product-type-simple"},"_links":{"self":[{"href":"https:\/\/rebelviajes.com\/pt-br\/wp-json\/wp\/v2\/product\/990124904","targetHints":{"allow":["GET"]}}],"collection":[{"href":"https:\/\/rebelviajes.com\/pt-br\/wp-json\/wp\/v2\/product"}],"about":[{"href":"https:\/\/rebelviajes.com\/pt-br\/wp-json\/wp\/v2\/types\/product"}],"replies":[{"embeddable":true,"href":"https:\/\/rebelviajes.com\/pt-br\/wp-json\/wp\/v2\/comments?post=990124904"}],"version-history":[{"count":0,"href":"https:\/\/rebelviajes.com\/pt-br\/wp-json\/wp\/v2\/product\/990124904\/revisions"}],"wp:featuredmedia":[{"embeddable":true,"href":"https:\/\/rebelviajes.com\/pt-br\/wp-json\/wp\/v2\/media\/990123680"}],"wp:attachment":[{"href":"https:\/\/rebelviajes.com\/pt-br\/wp-json\/wp\/v2\/media?parent=990124904"}],"wp:term":[{"taxonomy":"product_brand","embeddable":true,"href":"https:\/\/rebelviajes.com\/pt-br\/wp-json\/wp\/v2\/product_brand?post=990124904"},{"taxonomy":"product_cat","embeddable":true,"href":"https:\/\/rebelviajes.com\/pt-br\/wp-json\/wp\/v2\/product_cat?post=990124904"},{"taxonomy":"product_tag","embeddable":true,"href":"https:\/\/rebelviajes.com\/pt-br\/wp-json\/wp\/v2\/product_tag?post=990124904"}],"curies":[{"name":"wp","href":"https:\/\/api.w.org\/{rel}","templated":true}]}}