{"id":990124905,"date":"2023-09-04T11:11:48","date_gmt":"2023-09-04T14:11:48","guid":{"rendered":"https:\/\/rebelviajes.com\/producto\/banhos-termais-do-sol\/"},"modified":"2025-03-05T11:52:15","modified_gmt":"2025-03-05T14:52:15","slug":"banhos-termais-do-sol","status":"publish","type":"product","link":"https:\/\/rebelviajes.com\/pt-br\/product\/banhos-termais-do-sol\/","title":{"rendered":"Banhos Termais do Sol"},"content":{"rendered":"<h2 id=\"descripcion\">Descri\u00e7\u00e3o<\/h2>\n<p>Nossa jornada come\u00e7a em Puerto Varas, de onde seguiremos pela Rota 225 em dire\u00e7\u00e3o \u00e0 majestosa Cordilheira dos Andes. \u00c0 medida que avan\u00e7amos, voc\u00ea ser\u00e1 testemunha da imponente beleza do Estu\u00e1rio de Reloncav\u00ed, uma paisagem que lhe recordar\u00e1 a grandiosidade da natureza ao nosso redor. <\/p>\n<p>Nossa primeira parada nos levar\u00e1 a Puelo, um charmoso recanto que abriga as famosas Termas del Sol. Aqui, voc\u00ea desfrutar\u00e1 de quatro horas imerso nas \u00e1guas termais, permitindo que a sensa\u00e7\u00e3o de relaxamento o envolva por completo. Deleite seus sentidos enquanto mergulha neste o\u00e1sis termal, liberando tens\u00f5es e recarregando energias em meio a um cen\u00e1rio incompar\u00e1vel.  <\/p>\n<p>\u00c0 medida que retornamos, faremos uma parada no encantador vilarejo de Cocham\u00f3, situado \u00e0s margens do sereno Fiorde de Reloncav\u00ed. Aqui, voc\u00ea ter\u00e1 a oportunidade de explorar sua rica hist\u00f3ria e seu charme singular. A igreja em estilo sulista lhe dar\u00e1 as boas-vindas com sua presen\u00e7a \u00fanica, enquanto as casas de madeira e a pitoresca orla o transportar\u00e3o para outra \u00e9poca.  <\/p>\n<p>Depois de explorar os tesouros de Cocham\u00f3, seguiremos de volta para Puerto Varas, onde o conforto do seu ponto de partida o espera. Nossa jornada chegar\u00e1 ao fim por volta das 18h30 \u00e0s 19h00, levando com voc\u00ea mem\u00f3rias e experi\u00eancias que durar\u00e3o para toda a vida. <\/p>\n<div class=\"divisor\"><\/div>\n<h2 id=\"detalle\">Detalhe<\/h2>\n<table>\n<tbody>\n<tr>\n<th><i class=\"fa fa-check\" aria-hidden=\"true\"><\/i> Inclui<\/th>\n<\/tr>\n<tr>\n<td>Traslados ida e volta<br \/>\nGuia tur\u00edstico<\/td>\n<\/tr>\n<\/tbody>\n<\/table>\n<table>\n<tbody>\n<tr>\n<th><i class=\"fa fa-times\" aria-hidden=\"true\"><\/i> N\u00e3o inclui<\/th>\n<\/tr>\n<tr>\n<td>Alimenta\u00e7\u00e3o<br \/>\nEntrada no Termas del Sol<br \/>\nHospedagem<br \/>\nServi\u00e7os n\u00e3o mencionados<\/td>\n<\/tr>\n<\/tbody>\n<\/table>\n<div class=\"divisor\"><\/div>\n<h2 id=\"faq\">FAQ<\/h2>\n<h3>Onde s\u00e3o os locais de partida ou apresenta\u00e7\u00e3o?<\/h3>\n<p>Existem v\u00e1rios pontos de apresenta\u00e7\u00e3o e partida, por favor, reveja a tabela a seguir:<\/p>\n<table>\n<tbody>\n<tr>\n<th>Lugar<\/th>\n<th>Endere\u00e7o<\/th>\n<th>Hor\u00e1rio de sa\u00edda<\/th>\n<\/tr>\n<tr>\n<td>Puerto Varas<\/td>\n<td>Del Salvador 72<\/td>\n<td>07h30<\/td>\n<\/tr>\n<tr>\n<td>Hot\u00e9is de Puerto Varas* <\/td>\n<td>&#8211;<\/td>\n<td>07h30<\/td>\n<\/tr>\n<tr>\n<td>Hot\u00e9is de Puerto Montt* <\/td>\n<td>&#8211;<\/td>\n<td>07h00<\/td>\n<\/tr>\n<\/tbody>\n<\/table>\n<p>*O traslado dos hot\u00e9is tem um custo adicional.<\/p>\n<h3>Quanto tempo dura o passeio?<\/h3>\n<p>O tempo total pode variar, mas normalmente leva 10 horas, dependendo do tr\u00e2nsito, das condi\u00e7\u00f5es clim\u00e1ticas e da rota espec\u00edfica escolhida.<\/p>\n<div class=\"divisor\"><\/div>\n<h2 id=\"condiciones\">Condi\u00e7\u00f5es<\/h2>\n<p>Consulte as <span class=\"open-modal\" onclick=\"openModal()\">condi\u00e7\u00f5es de contrata\u00e7\u00e3o<\/span> da excurs\u00e3o <strong>Termas del Sol<\/strong>.<\/p>\n<div id=\"my-modal\" class=\"modal\"><button class=\"close-modal\" onclick=\"closeModal()\"><i class=\"fa fa-times\" aria-hidden=\"true\"><\/i><\/button>At\u00e9 73 horas antes da partida, ser\u00e1 aplic\u00e1vel um reembolso de 100%.<br \/>\nAt\u00e9 72 horas antes da partida n\u00e3o h\u00e1 reembolso aplic\u00e1vel.<\/p>\n<p>Conhe\u00e7a nossos <a href=\"https:\/\/rebelviajes.com\/pt-br\/termos-e-condicoes\/\" target=\"_blank\" rel=\"noopener\">Termos e Condi\u00e7\u00f5es<\/a>.<\/p>\n<\/div>\n","protected":false},"excerpt":{"rendered":"<p>Sa\u00eddas de <strong>Puerto Varas<\/strong><br \/>\n<strong>Segunda, quarta e sexta<\/strong><br \/>\nHor\u00e1rio:<strong> in\u00edcio \u00e0s 07:30 \u2013 t\u00e9rmino \u00e0s 17:30<\/strong><\/p>\n","protected":false},"featured_media":990123684,"comment_status":"open","ping_status":"closed","template":"","meta":{"site-sidebar-layout":"default","site-content-layout":"default","ast-site-content-layout":"default","site-content-style":"default","site-sidebar-style":"default","ast-global-header-display":"","ast-banner-title-visibility":"","ast-main-header-display":"","ast-hfb-above-header-display":"","ast-hfb-below-header-display":"","ast-hfb-mobile-header-display":"","site-post-title":"","ast-breadcrumbs-content":"","ast-featured-img":"","footer-sml-layout":"","ast-disable-related-posts":"","theme-transparent-header-meta":"default","adv-header-id-meta":"","stick-header-meta":"","header-above-stick-meta":"","header-main-stick-meta":"","header-below-stick-meta":"","astra-migrate-meta-layouts":"default","ast-page-background-enabled":"default","ast-page-background-meta":{"desktop":{"background-color":"","background-image":"","background-repeat":"repeat","background-position":"center center","background-size":"auto","background-attachment":"scroll","background-type":"","background-media":"","overlay-type":"","overlay-color":"","overlay-opacity":"","overlay-gradient":""},"tablet":{"background-color":"","background-image":"","background-repeat":"repeat","background-position":"center center","background-size":"auto","background-attachment":"scroll","background-type":"","background-media":"","overlay-type":"","overlay-color":"","overlay-opacity":"","overlay-gradient":""},"mobile":{"background-color":"","background-image":"","background-repeat":"repeat","background-position":"center center","background-size":"auto","background-attachment":"scroll","background-type":"","background-media":"","overlay-type":"","overlay-color":"","overlay-opacity":"","overlay-gradient":""}},"ast-content-background-meta":{"desktop":{"background-color":"var(--ast-global-color-5)","background-image":"","background-repeat":"repeat","background-position":"center center","background-size":"auto","background-attachment":"scroll","background-type":"","background-media":"","overlay-type":"","overlay-color":"","overlay-opacity":"","overlay-gradient":""},"tablet":{"background-color":"var(--ast-global-color-5)","background-image":"","background-repeat":"repeat","background-position":"center center","background-size":"auto","background-attachment":"scroll","background-type":"","background-media":"","overlay-type":"","overlay-color":"","overlay-opacity":"","overlay-gradient":""},"mobile":{"background-color":"var(--ast-global-color-5)","background-image":"","background-repeat":"repeat","background-position":"center center","background-size":"auto","background-attachment":"scroll","background-type":"","background-media":"","overlay-type":"","overlay-color":"","overlay-opacity":"","overlay-gradient":""}}},"product_brand":[],"product_cat":[347,610],"product_tag":[530,521],"class_list":{"0":"post-990124905","1":"product","2":"type-product","3":"status-publish","4":"has-post-thumbnail","6":"product_cat-full-day-pt","7":"product_cat-puerto-varas-pt-br","8":"product_tag-excursion-nueva-pt-br","9":"product_tag-puerto-varas-pt-br","10":"desktop-align-left","11":"tablet-align-left","12":"mobile-align-left","14":"first","15":"instock","16":"virtual","17":"sold-individually","18":"purchasable","19":"product-type-simple"},"_links":{"self":[{"href":"https:\/\/rebelviajes.com\/pt-br\/wp-json\/wp\/v2\/product\/990124905","targetHints":{"allow":["GET"]}}],"collection":[{"href":"https:\/\/rebelviajes.com\/pt-br\/wp-json\/wp\/v2\/product"}],"about":[{"href":"https:\/\/rebelviajes.com\/pt-br\/wp-json\/wp\/v2\/types\/product"}],"replies":[{"embeddable":true,"href":"https:\/\/rebelviajes.com\/pt-br\/wp-json\/wp\/v2\/comments?post=990124905"}],"version-history":[{"count":0,"href":"https:\/\/rebelviajes.com\/pt-br\/wp-json\/wp\/v2\/product\/990124905\/revisions"}],"wp:featuredmedia":[{"embeddable":true,"href":"https:\/\/rebelviajes.com\/pt-br\/wp-json\/wp\/v2\/media\/990123684"}],"wp:attachment":[{"href":"https:\/\/rebelviajes.com\/pt-br\/wp-json\/wp\/v2\/media?parent=990124905"}],"wp:term":[{"taxonomy":"product_brand","embeddable":true,"href":"https:\/\/rebelviajes.com\/pt-br\/wp-json\/wp\/v2\/product_brand?post=990124905"},{"taxonomy":"product_cat","embeddable":true,"href":"https:\/\/rebelviajes.com\/pt-br\/wp-json\/wp\/v2\/product_cat?post=990124905"},{"taxonomy":"product_tag","embeddable":true,"href":"https:\/\/rebelviajes.com\/pt-br\/wp-json\/wp\/v2\/product_tag?post=990124905"}],"curies":[{"name":"wp","href":"https:\/\/api.w.org\/{rel}","templated":true}]}}