{"id":990124931,"date":"2023-02-10T03:00:18","date_gmt":"2025-03-05T19:38:05","guid":{"rendered":"https:\/\/rebelviajes.com\/producto\/montanha-arco-iris\/"},"modified":"2025-03-05T16:38:05","modified_gmt":"2025-03-05T19:38:05","slug":"montanha-arco-iris","status":"publish","type":"product","link":"https:\/\/rebelviajes.com\/pt-br\/product\/montanha-arco-iris\/","title":{"rendered":"Montanha Arco Iris"},"content":{"rendered":"<h2 id=\"descripcion\">Descri\u00e7\u00e3o<\/h2>\n<p>DIFICULDADE: M\u00c9DIA<br \/>\nALTITUDE M\u00c1XIMA: 13.845 P\u00c9S \/ 4.220 M<br \/>\nDIST\u00c2NCIAS: 15.53 MILHAS \/ 25 KM<\/p>\n<p>Aproveite e relaxe neste belo passeio de um dia, onde voc\u00ea poder\u00e1 observar os animais da regi\u00e3o, se maravilhar com a impressionante Montanha de Cores e se encantar com a grandiosidade do <strong>nevado de Ausangate<\/strong>. Pela manh\u00e3, o transporte passar\u00e1 para busc\u00e1-lo em seu hotel ou hostal por volta das 4:00 da manh\u00e3. Voc\u00ea deve estar pronto e aguardando na recep\u00e7\u00e3o. Ap\u00f3s o embarque, seguiremos em dire\u00e7\u00e3o a <strong>Cusipata <\/strong>, onde faremos uma breve parada para relaxar as pernas antes de continuar at\u00e9 o ponto de in\u00edcio da caminhada rumo \u00e0 Montanha de 7 Cores <strong>Vinicunca<\/strong>.  <\/p>\n<p>Depois da parada em <strong>Cusipata <\/strong>, voc\u00ea continuar\u00e1 at\u00e9 poder desfrutar do caf\u00e9 da manh\u00e3 e come\u00e7ar a aventura at\u00e9 a famosa <strong>montanha do arco \u00edris<\/strong>.<\/p>\n<p>Depois do caf\u00e9 da manh\u00e3, a <strong>caminhada<\/strong> se inicia. S\u00e3o 4 quil\u00f4metros de terreno plano subindo at\u00e9 a majestosa <strong>Montanha de Arco \u00cdris Ausangate<\/strong>; onde voc\u00ea pode apreciar a vista panor\u00e2mica dos vales, lhamas selvagens, alpacas e vicunhas. Se voc\u00ea tiver sorte, ver\u00e1 o voo do condor.  <\/p>\n<p>Depois de tirar lindas fotos, voc\u00ea ter\u00e1 que descer at\u00e9 <strong>Cusipata <\/strong>para desfrutar de um delicioso almo\u00e7o tamb\u00e9m preparado pelo chef. Pegaremos o transporte que estar\u00e1 esperando por voc\u00ea para lev\u00e1-lo de volta a <strong>Cusco <\/strong>e deix\u00e1-lo em seu hotel ou albergue. <\/p>\n<div class=\"divisor\"><\/div>\n<h2 id=\"detalle\">Detalhe<\/h2>\n<table>\n<tbody>\n<tr>\n<th><i class=\"fa fa-check\" aria-hidden=\"true\"><\/i> Inclui<\/th>\n<\/tr>\n<tr>\n<td>Informa\u00e7\u00e3o pr\u00e9via antes da sa\u00edde em Cusco<br \/>\nGuia Profissional<br \/>\nBuscamos voc\u00ea no seu hotel pela manh\u00e3 (n\u00f3s buscamos voc\u00ea onde quer que voc\u00ea esteja)<br \/>\nTransporte privado at\u00e9 o ponto de partida da caminhada<br \/>\nTransporte privado de volta para Cusco<br \/>\nCaf\u00e9 da manh\u00e3 e almo\u00e7o locais<br \/>\nKit de primeiros socorros e tanque de oxig\u00eanio<br \/>\nIngressos para a Montanha Arco \u00cdris<\/td>\n<\/tr>\n<\/tbody>\n<\/table>\n<table>\n<tbody>\n<tr>\n<th><i class=\"fa fa-times\" aria-hidden=\"true\"><\/i> N\u00e3o inclui<\/th>\n<\/tr>\n<tr>\n<td>Gorjetas<br \/>\nCavalo extra para montaria ou para qualquer mochila extra<br \/>\nEquipamento pessoal de trekking<br \/>\nBast\u00f5es de caminhada<br \/>\nJantar<\/td>\n<\/tr>\n<\/tbody>\n<\/table>\n<div class=\"divisor\"><\/div>\n<h2 id=\"faq\">FAQ<\/h2>\n<p><strong>O que se deve levar:<\/strong><br \/>\nPassaporte<br \/>\nCart\u00e3o de seguro opcional<br \/>\nSapatos de caminhada imperme\u00e1veis<br \/>\nJaqueta imperme\u00e1vel ou capa de chuva<br \/>\nChap\u00e9u e luvas<br \/>\nCamisetas<br \/>\nCal\u00e7as confort\u00e1veis<br \/>\nChap\u00e9u de sol<br \/>\nProtetor solar (fator 35 ou + recomendado) o sol \u00e9 forte.<br \/>\nGarrafa de \u00e1gua<br \/>\nLanches<br \/>\nPapel higi\u00eanico<br \/>\nMedicamentos pessoais<br \/>\nC\u00e2mera e baterias<\/p>\n<div class=\"divisor\"><\/div>\n<h2 id=\"condiciones\">Condi\u00e7\u00f5es<\/h2>\n<p>Consulte as <span class=\"open-modal\">condi\u00e7\u00f5es de contrata\u00e7\u00e3o<\/span> da excurs\u00e3o <strong>Montanha Arco \u00cdris<\/strong>.<\/p>\n<div id=\"my-modal\" class=\"modal\"><button class=\"close-modal\"><i class=\"fa fa-times\" aria-hidden=\"true\"><\/i><\/button>A atividade pode ser cancelada gratuitamente at\u00e9 72 horas antes do hor\u00e1rio de in\u00edcio da atividade.<br \/>\nA caminhada n\u00e3o \u00e9 recomendada para: pessoas com mais de 60 anos, crian\u00e7as menores de 12 anos, gestantes, pessoas com problemas de mobilidade, pessoas que sofrem de doen\u00e7as card\u00edacas ou qualquer doen\u00e7a de alto risco.<br \/>\nSem reembolsos: Para estar bem informado sobre qualquer incidente que possa interromper o trabalho gratuito, a empresa sempre enviar\u00e1 informa\u00e7\u00f5es para evitar falhas de comunica\u00e7\u00e3o com seus clientes. N\u00e3o podemos prever desastres naturais, como deslizamentos de terra ou lama, que podem ocorrer durante a viagem. N\u00e3o haver\u00e1 reembolsos em caso de greves, protestos ou desastres naturais ap\u00f3s o in\u00edcio da viagem, mas ser\u00e1 fornecida assist\u00eancia.<br \/>\nNo show: \u2022Se os passageiros n\u00e3o comparecerem no hor\u00e1rio de partida. \u2022Se os passageiros informarem que n\u00e3o comparecer\u00e3o ao servi\u00e7o no mesmo dia da viagem. \u2022Se o passageiro n\u00e3o comparecer no hor\u00e1rio indicado<br \/>\nOs passageiros devem aguardar no lobby do hotel ou no ponto de encontro no hor\u00e1rio de embarque coordenado no momento da confirma\u00e7\u00e3o da reserva. \u2022 Como este \u00e9 um passeio regular, o hor\u00e1rio de embarque pode ser estendido em at\u00e9 15 minutos a partir do hor\u00e1rio de in\u00edcio indicado. \u2022 Passeios que exigem retirada em locais fora de nossa \u00e1rea de retirada t\u00eam um custo adicional, consulte-nos ou podemos lev\u00e1-lo a um ponto de encontro combinado. \u2022 Fazemos a coleta com mochilas ou bolsas de at\u00e9 7 kg.<br \/>\nA empresa n\u00e3o se responsabiliza por perda de objetos esquecidos pelos passageiros. Conhe\u00e7a nossos <a href=\"https:\/\/rebelviajes.com\/pt-br\/termos-e-condicoes\/\" target=\"_blank\" rel=\"noopener\">Termos e Condi\u00e7\u00f5es<\/a>.      <\/p>\n<\/div>\n","protected":false},"excerpt":{"rendered":"<p>Sa\u00eddas de <strong>Cusco<\/strong><br \/>\n<strong>Todos os dias<\/strong><br \/>\nHor\u00e1rio:<strong> in\u00edcio \u00e0s 04:30 \u2013 t\u00e9rmino \u00e0s 17:00<\/strong><\/p>\n","protected":false},"featured_media":990121712,"comment_status":"open","ping_status":"closed","template":"","meta":{"site-sidebar-layout":"default","site-content-layout":"default","ast-site-content-layout":"default","site-content-style":"default","site-sidebar-style":"default","ast-global-header-display":"","ast-banner-title-visibility":"","ast-main-header-display":"","ast-hfb-above-header-display":"","ast-hfb-below-header-display":"","ast-hfb-mobile-header-display":"","site-post-title":"","ast-breadcrumbs-content":"","ast-featured-img":"","footer-sml-layout":"","ast-disable-related-posts":"","theme-transparent-header-meta":"default","adv-header-id-meta":"","stick-header-meta":"","header-above-stick-meta":"","header-main-stick-meta":"","header-below-stick-meta":"","astra-migrate-meta-layouts":"default","ast-page-background-enabled":"default","ast-page-background-meta":{"desktop":{"background-color":"","background-image":"","background-repeat":"repeat","background-position":"center center","background-size":"auto","background-attachment":"scroll","background-type":"","background-media":"","overlay-type":"","overlay-color":"","overlay-opacity":"","overlay-gradient":""},"tablet":{"background-color":"","background-image":"","background-repeat":"repeat","background-position":"center center","background-size":"auto","background-attachment":"scroll","background-type":"","background-media":"","overlay-type":"","overlay-color":"","overlay-opacity":"","overlay-gradient":""},"mobile":{"background-color":"","background-image":"","background-repeat":"repeat","background-position":"center center","background-size":"auto","background-attachment":"scroll","background-type":"","background-media":"","overlay-type":"","overlay-color":"","overlay-opacity":"","overlay-gradient":""}},"ast-content-background-meta":{"desktop":{"background-color":"var(--ast-global-color-5)","background-image":"","background-repeat":"repeat","background-position":"center center","background-size":"auto","background-attachment":"scroll","background-type":"","background-media":"","overlay-type":"","overlay-color":"","overlay-opacity":"","overlay-gradient":""},"tablet":{"background-color":"var(--ast-global-color-5)","background-image":"","background-repeat":"repeat","background-position":"center center","background-size":"auto","background-attachment":"scroll","background-type":"","background-media":"","overlay-type":"","overlay-color":"","overlay-opacity":"","overlay-gradient":""},"mobile":{"background-color":"var(--ast-global-color-5)","background-image":"","background-repeat":"repeat","background-position":"center center","background-size":"auto","background-attachment":"scroll","background-type":"","background-media":"","overlay-type":"","overlay-color":"","overlay-opacity":"","overlay-gradient":""}}},"product_brand":[],"product_cat":[601,606],"product_tag":[611,530],"class_list":{"0":"post-990124931","1":"product","2":"type-product","3":"status-publish","4":"has-post-thumbnail","6":"product_cat-cusco-machu-picchu-pt-br","7":"product_cat-trekking-pt-br","8":"product_tag-cusco-pt-br","9":"product_tag-excursion-nueva-pt-br","10":"desktop-align-left","11":"tablet-align-left","12":"mobile-align-left","14":"first","15":"instock","16":"virtual","17":"sold-individually","18":"purchasable","19":"product-type-simple"},"_links":{"self":[{"href":"https:\/\/rebelviajes.com\/pt-br\/wp-json\/wp\/v2\/product\/990124931","targetHints":{"allow":["GET"]}}],"collection":[{"href":"https:\/\/rebelviajes.com\/pt-br\/wp-json\/wp\/v2\/product"}],"about":[{"href":"https:\/\/rebelviajes.com\/pt-br\/wp-json\/wp\/v2\/types\/product"}],"replies":[{"embeddable":true,"href":"https:\/\/rebelviajes.com\/pt-br\/wp-json\/wp\/v2\/comments?post=990124931"}],"version-history":[{"count":0,"href":"https:\/\/rebelviajes.com\/pt-br\/wp-json\/wp\/v2\/product\/990124931\/revisions"}],"wp:featuredmedia":[{"embeddable":true,"href":"https:\/\/rebelviajes.com\/pt-br\/wp-json\/wp\/v2\/media\/990121712"}],"wp:attachment":[{"href":"https:\/\/rebelviajes.com\/pt-br\/wp-json\/wp\/v2\/media?parent=990124931"}],"wp:term":[{"taxonomy":"product_brand","embeddable":true,"href":"https:\/\/rebelviajes.com\/pt-br\/wp-json\/wp\/v2\/product_brand?post=990124931"},{"taxonomy":"product_cat","embeddable":true,"href":"https:\/\/rebelviajes.com\/pt-br\/wp-json\/wp\/v2\/product_cat?post=990124931"},{"taxonomy":"product_tag","embeddable":true,"href":"https:\/\/rebelviajes.com\/pt-br\/wp-json\/wp\/v2\/product_tag?post=990124931"}],"curies":[{"name":"wp","href":"https:\/\/api.w.org\/{rel}","templated":true}]}}