{"id":990125039,"date":"2024-12-11T22:07:58","date_gmt":"2024-12-12T01:07:58","guid":{"rendered":"https:\/\/rebelviajes.com\/producto\/full-day-torres-del-paine-saindo-de-el-calafate\/"},"modified":"2025-03-08T20:10:17","modified_gmt":"2025-03-08T23:10:17","slug":"full-day-torres-del-paine-saindo-de-el-calafate","status":"publish","type":"product","link":"https:\/\/rebelviajes.com\/pt-br\/product\/full-day-torres-del-paine-saindo-de-el-calafate\/","title":{"rendered":"Full Day Torres del Paine saindo de El Calafate"},"content":{"rendered":"<h2 id=\"descripcion\">Descri\u00e7\u00e3o<\/h2>\n<h3>Anime-se a cruzar a fronteira e descubra as m\u00edticas Torres del Paine, no Chile, partindo de El Calafate, Argentina.<\/h3>\n<p>Iniciaremos o percurso buscando nossos h\u00f3spedes nos hot\u00e9is do centro de El Calafate \u00e0s 6:30. Em seguida, embarcaremos em uma emocionante viagem rumo ao passo fronteiri\u00e7o <strong>\u201cCancha Carrera\u201d<\/strong> percorrendo um caminho de ripio. Finalmente, atravessaremos a fronteira e entraremos na <strong>Rep\u00fablica de Chile<\/strong>. <\/p>\n<p>Na fronteira, faremos uma parada para realizar os tr\u00e2mites aduaneiros e de imigra\u00e7\u00e3o. Ap\u00f3s a conclus\u00e3o dos procedimentos, conheceremos nosso guia, que nos acompanhar\u00e1 durante toda a aventura. Seguiremos viagem por aproximadamente 80 km em dire\u00e7\u00e3o ao Parque Nacional Torres del Paine, onde desfrutaremos de uma vista panor\u00e2mica da <strong>Patag\u00f4nia Chilena<\/strong>.  <\/p>\n<p>Uma vez dentro do <strong>Parque Nacional Torres del Paine<\/strong>, realizaremos diversas paradas com descidas para <strong>Lagos<\/strong>, <strong>Cascadas<\/strong>, <strong>Mirantess<\/strong>, <strong>observa\u00e7\u00e3o de guanacos e raposas<\/strong>, entre outros. A bordo dos ve\u00edculos, visitaremos pontos estrat\u00e9gicos para realizar caminhadas que nos permitir\u00e3o acessar os mirantes panor\u00e2micos dos atrativos naturais mais importantes do Parque. <\/p>\n<p>Os programas s\u00e3o elaborados com caminhadas de baixa dificuldade t\u00e9cnica e m\u00ednima exig\u00eancia f\u00edsica e, se o grupo estiver em forma, podem fazer percursos mais exigentes. Todas as caminhadas s\u00e3o realizadas na companhia de <strong>guias de trekking<\/strong> e incluem <strong>almo\u00e7o para viagem<\/strong>. <\/p>\n<p>Um dos trilhos que percorreremos come\u00e7a no <strong>Salto Grande<\/strong>. L\u00e1, junto com o guia, faremos uma caminhada de baixa dificuldade, com dura\u00e7\u00e3o aproximada de 1 hora e 30 minutos, at\u00e9 o <strong>Mirante de los Cuernos del Paine<\/strong>, \u00e0s maergens do <strong>Lago Nordenskjold<\/strong>. Em seguida, retornaremos ao nosso ve\u00edculo e seguiremos em dire\u00e7\u00e3o ao Lago Peho\u00e9, onde visitaremos um \u00faltimo mirante, de onde poderemos contemplar vistas impressionantes do <strong>Cuernos del Paine<\/strong> e <strong>Vale do Franc\u00eas<\/strong>.  <\/p>\n<p>Depois de nos maravilharmos com as impressionantes <strong>Torres del Paine<\/strong> e seu <strong>Parque Nacional<\/strong>, continuaremos explorando a regi\u00e3o, conhecendo a parte mais austral da <strong>Patag\u00f4nia chilena<\/strong>, aprendendo mais sobre sua flora e fauna durante o retorno a <strong>El Calafate<\/strong>. Nossa chegada est\u00e1 prevista para aproximadamente 21:30. <\/p>\n<div class=\"divisor\"><\/div>\n<h2 id=\"detalle\">Detalhe<\/h2>\n<table>\n<tbody>\n<tr>\n<th><i class=\"fa fa-check\" aria-hidden=\"true\"><\/i> Inclui<\/th>\n<\/tr>\n<tr>\n<td>Guia bil\u00edngue (Espanhol e Ingl\u00eas)<br \/>\nTraslado ida e volta desde sua hospedagem em El Calafate<br \/>\nAlmo\u00e7o para viagem<\/td>\n<\/tr>\n<\/tbody>\n<\/table>\n<table>\n<tbody>\n<tr>\n<th><i class=\"fa fa-times\" aria-hidden=\"true\"><\/i> N\u00e3o inclui<\/th>\n<\/tr>\n<tr>\n<td>Gorjetas<br \/>\nEntradas para o Parque Nacional Torres del Paine (\u00e9 pago em pesos chilenos na chegada ao Parque ou voc\u00ea pode compr\u00e1-los antecipadamente atrav\u00e9s do site da CONAF)<br \/>\nAcesso para cadeiras de rodas ou pessoas com mobilidade reduzida<br \/>\nSeguro contra acidentes<\/td>\n<\/tr>\n<\/tbody>\n<\/table>\n<div class=\"divisor\"><\/div>\n<h2 id=\"faq\">FAQ<\/h2>\n<h3>Quanto vamos caminhar? Precisamos estar em boa forma f\u00edsica?<\/h3>\n<p>Ser\u00e3o realizadas v\u00e1rias caminhadas, sendo a mais longa de aproximadamente 1 hora e 30 minutos. Recomenda-se estar em bom estado f\u00edsico. O percurso total (ida e volta) \u00e9 de 540 km e inclui 4 cruzamentos aduaneiros (2 na ida e 2 na volta). A atividade envolve muitas horas de deslocamento e n\u00e3o \u00e9 recomendada para crian\u00e7as pequenas.    <\/p>\n<h3>O que levar?<\/h3>\n<p>Clima: O clima na Patag\u00f4nia Austral \u00e9 muito inst\u00e1vel, podendo apresentar as quatro esta\u00e7\u00f5es em um \u00fanico dia.<br \/>\nRestri\u00e7\u00f5es: Devido \u00e0 longa dura\u00e7\u00e3o e \u00e0s grandes dist\u00e2ncias percorridas por caminhos de ripio, esta excurs\u00e3o n\u00e3o \u00e9 recomendada para crian\u00e7as pequenas, gestantes, pessoas com doen\u00e7as de risco, problemas no pesco\u00e7o ou coluna, condi\u00e7\u00f5es card\u00edacas ou mobilidade reduzida.<\/p>\n<h3>Qual \u00e9 o pre\u00e7o da entrada do Parque Nacional Torres del Paine?<\/h3>\n<p>Voc\u00ea pode verificar o pre\u00e7o atualizado da entrada diretamente no site do<a href=\"https:\/\/parquetorresdelpaine.cl\/tarifas-y-horarios\/\" target=\"_blank\" rel=\"noopener\">Parque Torres del Paine<\/a>.<\/p>\n<div class=\"divisor\"><\/div>\n<h2 id=\"condiciones\">Condi\u00e7\u00f5es<\/h2>\n<p>Excurs\u00e3o de um dia inteiro ou meio dia em servi\u00e7o regular.<\/p>\n<p>N\u00e3o s\u00e3o realizados pick-up e drop-off (busca e entrega) em hospedagens que n\u00e3o possuam recep\u00e7\u00e3o. Neste caso, ser\u00e1 fornecido um ponto de encontro pr\u00f3ximo ao mesmo.<\/p>\n<p>A atividade pode ser cancelada gratuitamente at\u00e9 72 horas antes do hor\u00e1rio de in\u00edcio da atividade.<\/p>\n<p><b>Importante:<\/b> Nenhuma excurs\u00e3o inclui seguro contra acidentes.<\/p>\n<p>Conhe\u00e7a nossos <a href=\"https:\/\/rebelviajes.com\/pt-br\/termos-e-condicoes\/\" target=\"_blank\" rel=\"noopener\">Termos e Condi\u00e7\u00f5es<\/a>.<\/p>\n","protected":false},"excerpt":{"rendered":"<p>Sa\u00eddas de <strong>El Calafate<\/strong> at\u00e9 <strong>Torres del Paine<\/strong><br \/>\n<strong>Todos os dias<\/strong><br \/>\nHor\u00e1rio:<strong> in\u00edcio \u00e0s 6:30 \u2013 t\u00e9rmino \u00e0s 21:00<\/strong><\/p>\n","protected":false},"featured_media":990108700,"comment_status":"closed","ping_status":"closed","template":"","meta":{"site-sidebar-layout":"default","site-content-layout":"default","ast-site-content-layout":"default","site-content-style":"default","site-sidebar-style":"default","ast-global-header-display":"","ast-banner-title-visibility":"","ast-main-header-display":"","ast-hfb-above-header-display":"","ast-hfb-below-header-display":"","ast-hfb-mobile-header-display":"","site-post-title":"","ast-breadcrumbs-content":"","ast-featured-img":"","footer-sml-layout":"","ast-disable-related-posts":"","theme-transparent-header-meta":"default","adv-header-id-meta":"","stick-header-meta":"","header-above-stick-meta":"","header-main-stick-meta":"","header-below-stick-meta":"","astra-migrate-meta-layouts":"default","ast-page-background-enabled":"default","ast-page-background-meta":{"desktop":{"background-color":"","background-image":"","background-repeat":"repeat","background-position":"center center","background-size":"auto","background-attachment":"scroll","background-type":"","background-media":"","overlay-type":"","overlay-color":"","overlay-opacity":"","overlay-gradient":""},"tablet":{"background-color":"","background-image":"","background-repeat":"repeat","background-position":"center center","background-size":"auto","background-attachment":"scroll","background-type":"","background-media":"","overlay-type":"","overlay-color":"","overlay-opacity":"","overlay-gradient":""},"mobile":{"background-color":"","background-image":"","background-repeat":"repeat","background-position":"center center","background-size":"auto","background-attachment":"scroll","background-type":"","background-media":"","overlay-type":"","overlay-color":"","overlay-opacity":"","overlay-gradient":""}},"ast-content-background-meta":{"desktop":{"background-color":"var(--ast-global-color-5)","background-image":"","background-repeat":"repeat","background-position":"center center","background-size":"auto","background-attachment":"scroll","background-type":"","background-media":"","overlay-type":"","overlay-color":"","overlay-opacity":"","overlay-gradient":""},"tablet":{"background-color":"var(--ast-global-color-5)","background-image":"","background-repeat":"repeat","background-position":"center center","background-size":"auto","background-attachment":"scroll","background-type":"","background-media":"","overlay-type":"","overlay-color":"","overlay-opacity":"","overlay-gradient":""},"mobile":{"background-color":"var(--ast-global-color-5)","background-image":"","background-repeat":"repeat","background-position":"center center","background-size":"auto","background-attachment":"scroll","background-type":"","background-media":"","overlay-type":"","overlay-color":"","overlay-opacity":"","overlay-gradient":""}}},"product_brand":[],"product_cat":[586,347],"product_tag":[170,530],"class_list":{"0":"post-990125039","1":"product","2":"type-product","3":"status-publish","4":"has-post-thumbnail","6":"product_cat-el-calafate-pt-br","7":"product_cat-full-day-pt","8":"product_tag-el-calafate-pt-br","9":"product_tag-excursion-nueva-pt-br","10":"desktop-align-left","11":"tablet-align-left","12":"mobile-align-left","14":"first","15":"instock","16":"virtual","17":"sold-individually","18":"purchasable","19":"product-type-simple"},"_links":{"self":[{"href":"https:\/\/rebelviajes.com\/pt-br\/wp-json\/wp\/v2\/product\/990125039","targetHints":{"allow":["GET"]}}],"collection":[{"href":"https:\/\/rebelviajes.com\/pt-br\/wp-json\/wp\/v2\/product"}],"about":[{"href":"https:\/\/rebelviajes.com\/pt-br\/wp-json\/wp\/v2\/types\/product"}],"replies":[{"embeddable":true,"href":"https:\/\/rebelviajes.com\/pt-br\/wp-json\/wp\/v2\/comments?post=990125039"}],"version-history":[{"count":0,"href":"https:\/\/rebelviajes.com\/pt-br\/wp-json\/wp\/v2\/product\/990125039\/revisions"}],"wp:featuredmedia":[{"embeddable":true,"href":"https:\/\/rebelviajes.com\/pt-br\/wp-json\/wp\/v2\/media\/990108700"}],"wp:attachment":[{"href":"https:\/\/rebelviajes.com\/pt-br\/wp-json\/wp\/v2\/media?parent=990125039"}],"wp:term":[{"taxonomy":"product_brand","embeddable":true,"href":"https:\/\/rebelviajes.com\/pt-br\/wp-json\/wp\/v2\/product_brand?post=990125039"},{"taxonomy":"product_cat","embeddable":true,"href":"https:\/\/rebelviajes.com\/pt-br\/wp-json\/wp\/v2\/product_cat?post=990125039"},{"taxonomy":"product_tag","embeddable":true,"href":"https:\/\/rebelviajes.com\/pt-br\/wp-json\/wp\/v2\/product_tag?post=990125039"}],"curies":[{"name":"wp","href":"https:\/\/api.w.org\/{rel}","templated":true}]}}