{"id":990125041,"date":"2025-03-05T11:53:48","date_gmt":"2025-03-05T14:53:48","guid":{"rendered":"https:\/\/rebelviajes.com\/producto\/patagonia-historica-e-natural-inverno\/"},"modified":"2025-03-08T20:13:25","modified_gmt":"2025-03-08T23:13:25","slug":"patagonia-historica-e-natural-inverno","status":"publish","type":"product","link":"https:\/\/rebelviajes.com\/pt-br\/product\/patagonia-historica-e-natural-inverno\/","title":{"rendered":"Patag\u00f4nia Hist\u00f3rica e Natural Inverno"},"content":{"rendered":"<h2 id=\"descripcion\">Descri\u00e7\u00e3o<\/h2>\n<h3>Conhe\u00e7a as duas faces mais fascinantes da Patag\u00f4nia<\/h3>\n<p>Percorra as duas faces mais fascinantes da <strong>Patag\u00f4nia<\/strong>, sua faceta hist\u00f3rica atrav\u00e9s de um passeio pela capital da regi\u00e3o de <strong>Magalh\u00e3es e a Ant\u00e1rtica chilena<\/strong> e sua face natural. Voc\u00ea aprender\u00e1 sobre a diversidade cultural e patrimonial no n\u00edvel arquitet\u00f4nico da cidade de <strong>Punta Arenas<\/strong>. Por outro lado, voc\u00ea desfrutar\u00e1 do maravilhoso <strong>Parque Torres del Paine<\/strong> que contempla uma paisagem cinematogr\u00e1fica composta por <strong>lagos<\/strong>, <strong>rios<\/strong>, <strong>cachoeiras<\/strong>, <strong>montanhas<\/strong>, que junto com sua diversificada <strong>flora e fauna<\/strong> nativas formam a oitava maravilha do mundo.<\/p>\n<h3>Hospedagem nas cidades de Puerto Natales e Punta Arenas<\/h3>\n<p>Voc\u00ea ficar\u00e1 hospedado no Hotel Costaustralis na cidade de <strong>Puerto Natales<\/strong>. Inclui alojamento neste hotel conhecido por proporcionar uma das vistas mais privilegiadas de toda a cidade, com belos amanheceres e noites m\u00e1gicas gra\u00e7as \u00e0 magn\u00edfica paisagem que a natureza regional nos proporciona. Voc\u00ea ficar\u00e1 hospedado no Hotel Cabo de Hornos na cidade de <strong>Punta Arenas<\/strong>, conhecido por estar localizado no centro e centro hist\u00f3rico da cidade e perto das vistas mais impressionantes do <strong>Estreito de Magalh\u00e3es<\/strong>.<\/p>\n<p>Acolhedor, espa\u00e7oso e moderno quarto standard equipado com uma cama king-size. Tem Wi-Fi gratuito, TV de tela LED, canais a cabo, aquecimento com controle individual, cofre e banheiro privativo totalmente equipado.<\/p>\n<h3>Dia 1 \u2013 Chegada e boas-vindas a Puerto Natales<\/h3>\n<p>Voc\u00ea viajar\u00e1 de \u00f4nibus regular do aeroporto de <strong>Punta Arenas<\/strong> at\u00e9 a cidade de <strong>Puerto Natales<\/strong>. Chegada ao Hotel Costaustralis e acomoda\u00e7\u00e3o durante a noite. <\/p>\n<ul>\n<li>Traslado: Punta Arenas para Puerto Natales em \u00f4nibus regular.<\/li>\n<li>Acomoda\u00e7\u00e3o: Hotel Costaustralis.<\/li>\n<\/ul>\n<h3>Dia 2 \u2013 Excurs\u00e3o ao Parque Nacional Torres del Paine<\/h3>\n<p>Excurs\u00e3o de dia inteiro. Seu passeio come\u00e7a com uma visita \u00e0 milenar <strong>Cueva del Milodon<\/strong> e continua com um passeio completo pela flora, fauna e geologia do <strong>Parque Nacional Torres del Paine<\/strong>. Entre lhamas e condores, voc\u00ea poder\u00e1 apreciar as impressionantes vistas da <strong>Lagoa Sarmiento<\/strong>, do <strong>Lago Nordenskj\u00f6ld<\/strong> e da <strong>Cachoeira Salto Grande<\/strong> que se encontram sob os altos picos do <strong>maci\u00e7o Paine<\/strong>, como as <strong>Torres<\/strong>, <strong>Almirante Nieto<\/strong> e <strong>Los Cuernos e Paine Grande<\/strong>. Ap\u00f3s o almo\u00e7o, h\u00e1 uma curta caminhada pela praia do <strong>Lago Grey<\/strong> onde voc\u00ea pode admirar a geleira e os icebergs que navegam at\u00e9 a costa.<\/p>\n<ul>\n<li>Refei\u00e7\u00f5es: Caf\u00e9 da manh\u00e3 buffet no Hotel Costa Australis e almo\u00e7o na excurs\u00e3o.<\/li>\n<li>Excurs\u00e3o: Parque Torres del Paine (entradas inclu\u00eddas).<\/li>\n<li>Acomoda\u00e7\u00e3o: Hotel Costaustralis.<\/li>\n<\/ul>\n<h3>Dia 3 \u2013 Dia livre (excurs\u00f5es opcionais)<\/h3>\n<p>Dia livre para realizar opcionalmente a atividade ou excurs\u00e3o de sua escolha. Desde <strong>Puerto Natales<\/strong>, h\u00e1 uma grande variedade de op\u00e7\u00f5es, como <strong>navega\u00e7\u00f5es<\/strong> \u2013 entre aves e flora \u2013 em dire\u00e7\u00e3o aos <strong>glaciares Balmaceda e Serrano<\/strong>, <strong>turismo de est\u00e2ncias<\/strong>, <strong>cavalgadas<\/strong> e <strong>passeios de caiaque<\/strong> para os mais aventureiros. Tamb\u00e9m \u00e9 poss\u00edvel praticar pesca com mosca, observar aves ou simplesmente explorar as ruas da cidade de <strong>Puerto Natales<\/strong>, apreciando seus charmosos restaurantes, bares, lojas e a arquitetura t\u00edpica.<\/p>\n<ul>\n<li>Alimenta\u00e7\u00e3o: Caf\u00e9 da manh\u00e3 buffet no Hotel Costa Australis.<\/li>\n<li>Traslado: De Puerto Natales para Punta Arenas em \u00f4nibus regular.<\/li>\n<li>Acomoda\u00e7\u00e3o: Hotel Cabo de Hornos.<\/li>\n<\/ul>\n<h3>Dia 4 \u2013 City Tour Punta Arenas<\/h3>\n<p><strong>City Tour <\/strong> onde voc\u00ea pode absorver o patrim\u00f4nio cultural e hist\u00f3rico de <strong>Punta Arenas<\/strong>. A excurs\u00e3o come\u00e7a com um passeio pela Plaza de Armas, o monumento a Hernando de Magallanes e os belos pal\u00e1cios que o rodeiam, testemunhas da coloniza\u00e7\u00e3o europeia do s\u00e9culo XIX. O passeio continua no mirante &#8220;Cerro de la Cruz&#8221; de onde voc\u00ea pode ter uma vista magn\u00edfica da cidade mais austral do mundo entre seus telhados coloridos e a impon\u00eancia do <strong>Estreito de Magalh\u00e3es<\/strong>.<\/p>\n<p>Voc\u00ea tamb\u00e9m conhecer\u00e1 os monumentos e espa\u00e7os mais emblem\u00e1ticos da cidade, como o cemit\u00e9rio, o monumento ao c\u00e3o pastor e a pra\u00e7a croata, e terminar\u00e1 com uma visita ao museu com informa\u00e7\u00f5es sobre nossos nativos, flora, fauna e coloniza\u00e7\u00e3o da <strong>Patag\u00f4nia<\/strong>.<\/p>\n<ul>\n<li>Alimenta\u00e7\u00e3o: Caf\u00e9 da manh\u00e3 no Hotel Cabo de Hornos.<\/li>\n<li>Excurs\u00e3o: City Tour em Punta Arenas.<\/li>\n<li>Traslado: Do \u200b\u200bHotel Cabo de Hornos para o Aeroporto de Punta Arenas.<\/li>\n<\/ul>\n<div class=\"divisor\"><\/div>\n<h2 id=\"itinerario\">Itiner\u00e1rio<\/h2>\n<p><b>Dia 1:<\/b> Chegada e boas-vindas a Puerto Natales.<br \/>\n<b>Dia 2:<\/b> Excurs\u00e3o ao Parque Nacional Torres del Paine.<br \/>\n<b>Dia 3:<\/b> Dia livre (excurs\u00f5es opcionais) e traslado para Punta Arenas.<br \/>\n<b>Dia 4:<\/b> Dia de partida e City Tour em Punta Arenas.<\/p>\n<div class=\"divisor\"><\/div>\n<h2 id=\"detalle\">Detalhe<\/h2>\n<table>\n<tbody>\n<tr>\n<th><i class=\"fa fa-check\" aria-hidden=\"true\"><\/i> Inclui<\/th>\n<\/tr>\n<tr>\n<td>\u2022 Caf\u00e9 da manh\u00e3 buffet<br \/>\n\u2022 Alimenta\u00e7\u00e3o mencionada<br \/>\n\u2022 Atividades mencionadas<br \/>\n\u2022 Transporte em \u00f4nibus regular<br \/>\n\u2022 Hospedagem em quarto com vista para a cidade<br \/>\n\u2022 Entrada para o Parque Nacional Torres del Paine<\/td>\n<\/tr>\n<\/tbody>\n<\/table>\n<table>\n<tbody>\n<tr>\n<th><i class=\"fa fa-times\" aria-hidden=\"true\"><\/i> N\u00e3o inclui<\/th>\n<\/tr>\n<tr>\n<td>\u2022 Voos<br \/>\n\u2022 Seguro de Viagem<br \/>\n\u2022 Seguro contra acidentes<br \/>\n\u2022 Alimenta\u00e7\u00e3o n\u00e3o mencionada<br \/>\n\u2022 Traslados n\u00e3o mencionados<br \/>\n\u2022 Servi\u00e7os n\u00e3o mencionados<br \/>\n\u2022 Gorjetas<br \/>\n\u2022 Entradas n\u00e3o mencionadas<\/td>\n<\/tr>\n<\/tbody>\n<\/table>\n<div class=\"divisor\"><\/div>\n<h2 id=\"faq\">FAQ<\/h2>\n<h3>Que tipo de acomoda\u00e7\u00e3o est\u00e1 inclu\u00edda no programa?<\/h3>\n<p>O programa inclui acomoda\u00e7\u00e3o em quarto standard. Vista para o mar sujeita \u00e0 disponibilidade. <\/p>\n<h3>H\u00e1 op\u00e7\u00f5es de excurs\u00f5es opcionais inclu\u00eddas no programa?<\/h3>\n<p>Excurs\u00f5es opcionais n\u00e3o inclu\u00eddas no programa.<\/p>\n<h3>Em que hor\u00e1rios funcionam os traslados regulares de \u00f4nibus e quanto tempo eles duram?<\/h3>\n<p>Os traslados regulares de \u00f4nibus operam entre: 07:30 e 20:00 (dura\u00e7\u00e3o de 3 horas).<\/p>\n<h3>Como posso solicitar o servi\u00e7o de bicicleta e Go Pro?<\/h3>\n<p>Servi\u00e7o de bicicleta e Go Pro mediante solicita\u00e7\u00e3o na recep\u00e7\u00e3o.<\/p>\n<h3>Existe alguma tarifa especial para passageiros com voos de ou para Puerto Natales?<\/h3>\n<p>Pe\u00e7a um pre\u00e7o especial se seu voo chegar ou partir de Puerto Natales.<\/p>\n<h3>Para quem s\u00e3o exclusivas as tarifas em pesos?<\/h3>\n<p>Tarifas em pesos exclusivamente para passageiros chilenos.<\/p>\n<div class=\"divisor\"><\/div>\n<h2 id=\"condiciones\">Condi\u00e7\u00f5es<\/h2>\n<p><b>RESPONSABILIDADES<\/b><br \/>\n A Rebel Viajes n\u00e3o se responsabiliza por custos adicionais decorrentes de modifica\u00e7\u00f5es ou cancelamentos de reservas, nem por gastos extras causados por perdas ou atrasos no transporte de passageiros, sejam eles terrestres, mar\u00edtimos, a\u00e9reos ou lacustres.<\/p>\n<p>A Rebel Viajes n\u00e3o se responsabiliza por cancelamentos por motivos de for\u00e7a maior ou imprevistos e, neste caso, o passageiro n\u00e3o ser\u00e1 reembolsado.<\/p>\n<p>Da mesma forma, a Rebel Viajes n\u00e3o se responsabiliza pela perda de documentos ou pertences pessoais durante viagens ou datas espec\u00edficas do programa.<\/p>\n<p>\u00c9 responsabilidade de cada passageiro realizar um check-up m\u00e9dico preventivo antes de qualquer atividade, excurs\u00e3o ou trekking, para garantir que sua sa\u00fade est\u00e1 em boas condi\u00e7\u00f5es e compat\u00edvel com a atividade a ser realizada. Durante as datas do programa, caso o passageiro precise abandonar a viagem antes de sua conclus\u00e3o, independentemente do motivo, n\u00e3o haver\u00e1 reembolso. <\/p>\n<p>A Rebel Viajes n\u00e3o se responsabiliza por acidentes ocorridos no trajeto at\u00e9 os destinos, nos trilhos ou em locais n\u00e3o relacionados ao servi\u00e7o contratado. Qualquer responsabilidade atribu\u00edda \u00e0 Rebel Viajes dever\u00e1 ser comprovada por meio de decis\u00e3o judicial. <\/p>\n<p>Embora a Rebel Viajes informe as dist\u00e2ncias e os n\u00edveis de dificuldade de todas as trilhas em seus programas, \u00e9 responsabilidade do passageiro ler e conhecer suas pr\u00f3prias limita\u00e7\u00f5es, bem como trazer o equipamento adequado para um desempenho ideal. Al\u00e9m disso, \u00e9 dever dos passageiros informar-se com a CONAF sobre os hor\u00e1rios de abertura e fechamento dos trilhos, assim como sobre o regulamento interno do Parque Nacional Torres del Paine. <\/p>\n<p>\u00c9 dever dos passageiros manter sua documenta\u00e7\u00e3o atualizada e possuir os permissos e vistos necess\u00e1rios para cruzar as fronteiras.<br \/>\nA Rebel Viajes n\u00e3o realiza reembolsos nem se responsabiliza por gastos do passageiro em caso de necessidade de resgate ou se, por qualquer motivo, o passageiro precisar abandonar a viagem antes do previsto.<\/p>\n<p>A Rebel Viajes n\u00e3o se responsabiliza por quaisquer gastos adicionais que o passageiro possa ter caso a viagem seja atrasada devido a condi\u00e7\u00f5es clim\u00e1ticas, greves, roubos, fen\u00f4menos naturais, dist\u00farbios civis, terrorismo, atos de guerra, restri\u00e7\u00f5es ou regulamentos governamentais, falhas em qualquer meio de transporte na chegada ou sa\u00edda do programa, ou qualquer outra raz\u00e3o fora do controle direto da Rebel Viajes.<\/p>\n<p>A Rebel Viajes repudia a explora\u00e7\u00e3o sexual e comercial de crian\u00e7as, adolescentes e menores de idade, comprometendo-se a denunciar, identificar e capacitar seu pessoal para prevenir qualquer atividade tur\u00edstica ou servi\u00e7o de terceiros que envolva menores.<\/p>\n<p>A Rebel Viajes n\u00e3o se responsabiliza por cancelamentos, modifica\u00e7\u00f5es ou no-show devido \u00e0 impossibilidade de chegada ou acesso aos ref\u00fagios ou campings por causas externas, como condi\u00e7\u00f5es clim\u00e1ticas adversas, bloqueios de estradas, fen\u00f4menos naturais, problemas com conex\u00f5es a\u00e9reas, atrasos em transportes, cancelamento de navega\u00e7\u00f5es de barcos e\/ou catamar\u00e3s, manifesta\u00e7\u00f5es sociais ou pol\u00edticas, ou qualquer outro fator fora do controle da Rebel Viajes, como acidentes ou doen\u00e7as antes ou durante a visita a Torres del Paine. Para essas eventualidades, recomenda-se que os passageiros contratem um seguro de viagem. <\/p>\n<p><b>SEGURO DE VIAGEM<\/b><br \/>\n A Rebel Viajes recomenda fortemente a contrata\u00e7\u00e3o de um seguro de viagem que cubra gastos com cancelamentos, tanto por condi\u00e7\u00f5es meteorol\u00f3gicas quanto por for\u00e7a maior, al\u00e9m de um seguro contra acidentes, de acordo com as atividades que ser\u00e3o realizadas.<\/p>\n<p>Esse seguro deve cobrir acidentes pessoais, despesas de repatria\u00e7\u00e3o e quaisquer outras taxas que possam surgir devido a danos, perdas, les\u00f5es, atrasos ou qualquer outro imprevisto que possa ocorrer durante a viagem.<\/p>\n<p>Recomenda-se que, ao contratar um seguro de viagem, o passageiro informe \u00e0 seguradora o tipo de viagem que ser\u00e1 realizada, pois nem todos os seguros cobrem atividades de turismo de aventura, que podem estar inclu\u00eddas no itiner\u00e1rio do programa.<\/p>\n<p><b>ATESTADO DE SA\u00daDE E TERMO DE RESPONSABILIDADE<\/b><br \/>\n\u00c9 obrigat\u00f3rio que os passageiros informem sobre qualquer problema de sa\u00fade no momento da reserva, para que seja avaliado se podem realizar a atividade ou se necessitam de algum tipo de suporte adicional.<\/p>\n<p>Nos programas guiados, o l\u00edder do grupo ou guia tem o direito de solicitar que um passageiro abandone o programa caso ele n\u00e3o esteja apto para realiz\u00e1-lo ou represente um risco para si mesmo e\/ou para o restante do grupo. A crit\u00e9rio do guia, o passageiro poder\u00e1 ser impedido de continuar a viagem caso, por qualquer motivo, n\u00e3o esteja fisicamente ou mentalmente capacitado para seguir com a atividade ou n\u00e3o siga as instru\u00e7\u00f5es. Nessas circunst\u00e2ncias, n\u00e3o haver\u00e1 reembolso. Devido \u00e0 dificuldade geogr\u00e1fica, que pode impedir o acesso a hospitais ou atendimento m\u00e9dico, a Rebel Viajes n\u00e3o se responsabiliza pela presta\u00e7\u00e3o de atendimento m\u00e9dico em nenhum momento durante a viagem.   <\/p>\n<p>Todos os passageiros dever\u00e3o, no momento da confirma\u00e7\u00e3o e pagamento do programa, aceitar e assinar o termo de isen\u00e7\u00e3o de responsabilidade, al\u00e9m de verificar seu estado de sa\u00fade e assumir a responsabilidade por suas limita\u00e7\u00f5es e\/ou necessidades especiais.<\/p>\n<p>Conhe\u00e7a nossos <a href=\"https:\/\/rebelviajes.com\/pt-br\/termos-e-condicoes\/\" target=\"_blank\" rel=\"noopener\">Termos e Condi\u00e7\u00f5es<\/a>.<\/p>\n","protected":false},"excerpt":{"rendered":"<p>Saindo de Punta Arenas<br \/>\n4 dias \/ 3 noites<\/p>\n","protected":false},"featured_media":990114598,"comment_status":"open","ping_status":"closed","template":"","meta":{"site-sidebar-layout":"default","site-content-layout":"default","ast-site-content-layout":"default","site-content-style":"default","site-sidebar-style":"default","ast-global-header-display":"","ast-banner-title-visibility":"","ast-main-header-display":"","ast-hfb-above-header-display":"","ast-hfb-below-header-display":"","ast-hfb-mobile-header-display":"","site-post-title":"","ast-breadcrumbs-content":"","ast-featured-img":"","footer-sml-layout":"","ast-disable-related-posts":"","theme-transparent-header-meta":"default","adv-header-id-meta":"","stick-header-meta":"","header-above-stick-meta":"","header-main-stick-meta":"","header-below-stick-meta":"","astra-migrate-meta-layouts":"default","ast-page-background-enabled":"default","ast-page-background-meta":{"desktop":{"background-color":"","background-image":"","background-repeat":"repeat","background-position":"center center","background-size":"auto","background-attachment":"scroll","background-type":"","background-media":"","overlay-type":"","overlay-color":"","overlay-opacity":"","overlay-gradient":""},"tablet":{"background-color":"","background-image":"","background-repeat":"repeat","background-position":"center center","background-size":"auto","background-attachment":"scroll","background-type":"","background-media":"","overlay-type":"","overlay-color":"","overlay-opacity":"","overlay-gradient":""},"mobile":{"background-color":"","background-image":"","background-repeat":"repeat","background-position":"center center","background-size":"auto","background-attachment":"scroll","background-type":"","background-media":"","overlay-type":"","overlay-color":"","overlay-opacity":"","overlay-gradient":""}},"ast-content-background-meta":{"desktop":{"background-color":"var(--ast-global-color-5)","background-image":"","background-repeat":"repeat","background-position":"center center","background-size":"auto","background-attachment":"scroll","background-type":"","background-media":"","overlay-type":"","overlay-color":"","overlay-opacity":"","overlay-gradient":""},"tablet":{"background-color":"var(--ast-global-color-5)","background-image":"","background-repeat":"repeat","background-position":"center center","background-size":"auto","background-attachment":"scroll","background-type":"","background-media":"","overlay-type":"","overlay-color":"","overlay-opacity":"","overlay-gradient":""},"mobile":{"background-color":"var(--ast-global-color-5)","background-image":"","background-repeat":"repeat","background-position":"center center","background-size":"auto","background-attachment":"scroll","background-type":"","background-media":"","overlay-type":"","overlay-color":"","overlay-opacity":"","overlay-gradient":""}}},"product_brand":[],"product_cat":[506,349,605],"product_tag":[532],"class_list":{"0":"post-990125041","1":"product","2":"type-product","3":"status-publish","4":"has-post-thumbnail","6":"product_cat-chile-pt-br","7":"product_cat-programas-turisticos","8":"product_cat-punta-arenas-pt-br","9":"product_tag-programa-simple-nuevo-pt-br-2","10":"desktop-align-left","11":"tablet-align-left","12":"mobile-align-left","14":"first","15":"instock","16":"sold-individually","17":"shipping-taxable","18":"purchasable","19":"product-type-variable"},"_links":{"self":[{"href":"https:\/\/rebelviajes.com\/pt-br\/wp-json\/wp\/v2\/product\/990125041","targetHints":{"allow":["GET"]}}],"collection":[{"href":"https:\/\/rebelviajes.com\/pt-br\/wp-json\/wp\/v2\/product"}],"about":[{"href":"https:\/\/rebelviajes.com\/pt-br\/wp-json\/wp\/v2\/types\/product"}],"replies":[{"embeddable":true,"href":"https:\/\/rebelviajes.com\/pt-br\/wp-json\/wp\/v2\/comments?post=990125041"}],"version-history":[{"count":0,"href":"https:\/\/rebelviajes.com\/pt-br\/wp-json\/wp\/v2\/product\/990125041\/revisions"}],"wp:featuredmedia":[{"embeddable":true,"href":"https:\/\/rebelviajes.com\/pt-br\/wp-json\/wp\/v2\/media\/990114598"}],"wp:attachment":[{"href":"https:\/\/rebelviajes.com\/pt-br\/wp-json\/wp\/v2\/media?parent=990125041"}],"wp:term":[{"taxonomy":"product_brand","embeddable":true,"href":"https:\/\/rebelviajes.com\/pt-br\/wp-json\/wp\/v2\/product_brand?post=990125041"},{"taxonomy":"product_cat","embeddable":true,"href":"https:\/\/rebelviajes.com\/pt-br\/wp-json\/wp\/v2\/product_cat?post=990125041"},{"taxonomy":"product_tag","embeddable":true,"href":"https:\/\/rebelviajes.com\/pt-br\/wp-json\/wp\/v2\/product_tag?post=990125041"}],"curies":[{"name":"wp","href":"https:\/\/api.w.org\/{rel}","templated":true}]}}