{"id":990126653,"date":"2025-05-13T16:57:02","date_gmt":"2025-05-13T20:57:02","guid":{"rendered":"https:\/\/rebelviajes.com\/producto\/circuito-w-classico-refugio-autoguiado\/"},"modified":"2025-05-13T17:03:13","modified_gmt":"2025-05-13T21:03:13","slug":"circuito-w-classico-refugio-autoguiado","status":"publish","type":"product","link":"https:\/\/rebelviajes.com\/pt-br\/product\/circuito-w-classico-refugio-autoguiado\/","title":{"rendered":"Circuito W Cl\u00e1ssico (ref\u00fagio &#8211; autoguiado)"},"content":{"rendered":"<h2 id=\"descripcion\">Descri\u00e7\u00e3o<\/h2>\n<h3>Descubra o famoso Circuito W, explorando seus principais pontos<\/h3>\n<p>O <strong>Circuito W Cl\u00e1ssico<\/strong> \u00e9 o programa para os amantes de <strong>trekking<\/strong> e de <strong>acampar<\/strong> na natureza. Voc\u00ea completar\u00e1 o <strong>cl\u00e1ssico circuito do Parque Nacional Torres del Paine<\/strong> em 5 dias e 4 noites.<\/p>\n<p>Neste <strong>circuito de trekking<\/strong>, voc\u00ea ir\u00e1 passar pelo principais pontos do <strong>Parque Torres del Paine<\/strong>, visitando suas atra\u00e7\u00f5es mais famosas. Voc\u00ea conhecer\u00e1 as <strong>tr\u00eas torres de granito<\/strong>, a imponente <strong>Geleira Grey<\/strong> e os icebergs que flutuam no <strong>Lago Grey<\/strong>, al\u00e9m do belo <strong>Vale do Franc\u00eas<\/strong>.<\/p>\n<p>Al\u00e9m disso, no <strong>Circuito W Cl\u00e1ssico<\/strong>, voc\u00ea n\u00e3o ter\u00e1 que se preocupar em trazer uma barraca e um saco de dormir. Nosso circuito j\u00e1 <strong>inclui a barraca armada no camping<\/strong>, juntamente com <strong>saco de dormir<\/strong> e <strong>colchonete<\/strong>.<\/p>\n<h3>Conhe\u00e7a a base das Torres, o setor Glaciar Grey e o Vale do Franc\u00eas<\/h3>\n<p>O primeiro dia do <strong>Circuito W Cl\u00e1ssico<\/strong> ser\u00e1 um dia tranquilo. Voc\u00ea s\u00f3 pegar\u00e1 o \u00f4nibus da cidade de <strong>Puerto Natales<\/strong> para o <strong>Parque Torres del Paine<\/strong> para passar sua primeira noite acampando.<\/p>\n<p>No dia seguinte, voc\u00ea far\u00e1 o trekking mais conhecido da regi\u00e3o. O <strong>Trekking Base Torres<\/strong> \u00e9 uma trilha de aproximadamente 20 km e de grau de dificuldade m\u00e9dio-alto. No entanto, mesmo com a dificuldade de um caminho com subidas, ao chegar ao mirante sentir\u00e1 que o seu esfor\u00e7o foi recompensado.<\/p>\n<p>Voc\u00ea conhecer\u00e1 o <strong>Vale do Franc\u00eas<\/strong> no quarto dia do <strong>Circuito W Cl\u00e1ssico<\/strong>. Voc\u00ea caminhar\u00e1 entre bosques e morenas de um antigo glaciar. Uma vez no mirante brit\u00e2nico, voc\u00ea desfrutar\u00e1 de uma vista incr\u00edvel do <strong>Paine Grande<\/strong>, <strong>Catedral<\/strong>, <strong>Aleta de Tibur\u00f3n<\/strong> e <strong>Cuerno Norte<\/strong>.<\/p>\n<p>O \u00faltimo dia ser\u00e1 para conhecer o <strong>setor Grey<\/strong>, saindo de <strong>Paine Grande<\/strong>. Voc\u00ea pode apreciar a vista do <strong>Glaciar Grey<\/strong> e ver os<strong>icebergs flutuando no Lago Grey<\/strong>. Recomendamos que voc\u00ea fa\u00e7a uma caminhada at\u00e9 as conhecidas <strong>pontes suspensas<\/strong>.<\/p>\n<div class=\"divisor\"><\/div>\n<h2 id=\"itinerario\">Itiner\u00e1rio<\/h2>\n<h3>Dia 1: Chegada ao Parque Nacional Torres del Paine \u2013 Trekking at\u00e9 a Base Torres<\/h3>\n<p>Depois do caf\u00e9 da manh\u00e3 no hotel, voc\u00ea deve solicitar seu box lunch e, em seguida, dirigir-se ao terminal de \u00f4nibus para embarcar no \u00f4nibus das 7:00 da manh\u00e3 (recomendamos chegar pelo menos 10 minutos antes da partida) com destino ao Parque Nacional Torres del Paine. Durante a viagem, voc\u00ea percorrer\u00e1 belas paisagens at\u00e9 chegar \u00e0 entrada principal de Laguna Amarga, onde ser\u00e1 necess\u00e1rio registrar-se com a CONAF (guardaparques). Nesse ponto, ser\u00e1 feito um transbordo para o transporte &#8220;Las Torres&#8221;, que o levar\u00e1 ao Centro de Boas-Vindas. L\u00e1, voc\u00ea deve se registrar na Reserva Cerro Paine e, ap\u00f3s uma curta caminhada de 5 minutos, chegar\u00e1 a Torre Central, onde dever\u00e1 realizar o check-in no ref\u00fagio ou camping antes de iniciar o trekking.   <\/p>\n<p>A caminhada de hoje come\u00e7a pelo Vale Ascencio, onde voc\u00ea poder\u00e1 desfrutar de seus extensos bosques. Durante a subida final, atravessar\u00e1 um imenso campo de rochas gigantes at\u00e9 chegar a um dos mirantes mais emblem\u00e1ticos do mundo, o famoso Mirante Base Torres. A 900 metros acima do n\u00edvel do mar, maravilhe-se com as tr\u00eas torres de granito (Norte, Central e Sul) e com o deslumbrante lago glaciar turquesa aos seus p\u00e9s. Aproveite para tirar belas fotos e saborear seu almo\u00e7o (box lunch) antes de iniciar o caminho de volta para Torre Central. Ap\u00f3s um longo dia de aventura e a experi\u00eancia inesquec\u00edvel nas Torres, finalize com um jantar reconfortante no ref\u00fagio.    <\/p>\n<p>Dist\u00e2ncia: 22 kms<br \/>\nDura\u00e7\u00e3o: 8 \u2013 10 hrs<br \/>\nN\u00edvel de dificuldade: Muito exigente<br \/>\nHospedagem: Ref\u00fagio<br \/>\nAlimenta\u00e7\u00e3o: almo\u00e7o (lunch box) e janta<\/p>\n<h3>Dia 2: Caminhada at\u00e9 Los Cuernos ou Franc\u00eas<\/h3>\n<p>Aproveite o caf\u00e9 da manh\u00e3 e, em seguida, solicite seu almo\u00e7o (box lunch) para iniciar a caminhada rumo ao Ref\u00fagio Los Cuernos ou Franc\u00eas, no cora\u00e7\u00e3o do parque. Durante o trajeto, voc\u00ea atravessar\u00e1 belos riachos cristalinos e poder\u00e1 admirar os glaciares suspensos no Monte Almirante Nieto, que se eleva a 2.670 metros. Ao longo do percurso, observe os majestosos condores planando nas alturas e caminhe ao longo das fascinantes \u00e1guas do Lago Nordenskj\u00f6ld. Continue pela trilha at\u00e9 chegar ao Ref\u00fagio Los Cuernos ou ao Domo Franc\u00eas, onde poder\u00e1 relaxar e descansar durante a noite.   <\/p>\n<p>Dist\u00e2ncia: 12 ou 15 kms, conforme hospedagem<br \/>\nDura\u00e7\u00e3o: 4 \u2013 5 hrs<br \/>\nN\u00edvel de dificuldade: M\u00e9dia<br \/>\nHospedagem: Ref\u00fagio<br \/>\nAlimenta\u00e7\u00e3o: Caf\u00e9 da manh\u00e3, almo\u00e7o (lunch box) e janta.<\/p>\n<h3>Dia 3: Explore o Vale do Franc\u00eas<\/h3>\n<p>Recomendamos come\u00e7ar cedo! Esta caminhada levar\u00e1 voc\u00ea ao cora\u00e7\u00e3o do Parque Nacional Torres del Paine. Ap\u00f3s o caf\u00e9 da manh\u00e3, solicite seu almo\u00e7o (box lunch) e prepare-se para um dia repleto de paisagens patag\u00f4nicas deslumbrantes. Depois de 2 horas de caminhada, voc\u00ea passar\u00e1 pelo Camping Franc\u00eas e chegar\u00e1 \u00e0 entrada do Vale do Franc\u00eas. Neste ponto, pode deixar sua mochila no Campamento Italiano, onde est\u00e3o os guardaparques, e iniciar a subida em dire\u00e7\u00e3o ao Vale do Franc\u00eas.    <\/p>\n<p>Suba por grandes rochas e continue pelo bosque at\u00e9 chegar ao Mirante Franc\u00eas. Aqui, voc\u00ea ser\u00e1 recompensado com vistas incr\u00edveis de Los Cuernos, lagunas glaciares turquesa e impressionantes glaciares suspensos, que descem pela face leste da imponente montanha Paine Grande (3.050 metros de altitude).  Se voc\u00ea tiver sorte, poder\u00e1 ouvir o barulho estrondoso da geleira e da \u00e1gua caindo, assim como \u00e9 muito comum presenciar uma avalanche. Aproveite seu almo\u00e7o e descanso merecidos. Des\u00e7a pelo mesmo caminho de volta ao acampamento italiano. <\/p>\n<p>A partir daqui, caminhe at\u00e9 o Ref\u00fagio Paine Grande (2,5 horas). Fa\u00e7a o trajeto com calma, pois o percurso \u00e9 praticamente plano. \u00c0 noite, voc\u00ea poder\u00e1 desfrutar de um delicioso jantar no ref\u00fagio, recuperando as energias para a pr\u00f3xima etapa da aventura.  <\/p>\n<p>Dist\u00e2ncia: Mirante Franc\u00eas 17 kms<br \/>\nDura\u00e7\u00e3o: 6 \u2013 7 hrs<br \/>\nN\u00edvel de dificuldade: Exigente<br \/>\nHospedagem: Ref\u00fagio<br \/>\nAlimenta\u00e7\u00e3o: Caf\u00e9 da manh\u00e3, almo\u00e7o (lunch box) e janta<\/p>\n<h3>Dia 4: Glaciar Grey (pontes suspensas opcionais)<\/h3>\n<p>Ap\u00f3s o caf\u00e9 da manh\u00e3, lembre-se de pedir seu almo\u00e7o (box lunch) e inicie o trekking do dia. A caminhada come\u00e7a por um vale estreito e sinuoso, levando at\u00e9 a Laguna Los Patos. \u00c0 medida que avan\u00e7a, voc\u00ea come\u00e7ar\u00e1 a avistar partes do imenso Campo de Gelo Sul, assim como os t\u00eampanos de gelo do Lago Grey. Depois de passar pelo mirante, que pode ser bastante ventoso, o caminho desce atrav\u00e9s de um bosque montanhoso, chegando ao Ref\u00fagio Grey. A partir daqui, se continuar caminhando por mais 10 minutos, alcan\u00e7ar\u00e1 o mirante do Glaciar Grey, onde ficar\u00e1 cara a cara com essa impressionante massa de gelo azul. O jantar ser\u00e1 servido no ref\u00fagio entre 18:00 e 21:00 horas.     <\/p>\n<p>Dist\u00e2ncia: 11 kms<br \/>\nDura\u00e7\u00e3o: 4 \u2013 4.5 hrs<br \/>\nN\u00edvel de dificuldade: M\u00e9dia<br \/>\nHospedagem: Ref\u00fagio<br \/>\nAlimenta\u00e7\u00e3o: Caf\u00e9 da manh\u00e3, almo\u00e7o (lunch box) e janta<\/p>\n<p><b>OPCIONAL<\/b><br \/>\nPara uma vista inesquec\u00edvel do Glaciar Grey, reserve 3 a 4 horas extras (ida e volta) al\u00e9m do ref\u00fagio, seguindo em dire\u00e7\u00e3o \u00e0s famosas pontes suspensas. Este \u00e9, sem d\u00favida, o melhor mirante para admirar o glaciar. Al\u00e9m de contemplar o impressionante gelo, voc\u00ea poder\u00e1 observar as profundas ravinas formadas pelos rios e cachoeiras que descem do Cord\u00f3n Olgu\u00edn. Se tiver sorte, poder\u00e1 testemunhar desprendimentos de gelo, que caem das imponentes paredes do glaciar nas g\u00e9lidas \u00e1guas do Lago Grey.   <\/p>\n<p>Dist\u00e2ncia: 4 kms<br \/>\nDura\u00e7\u00e3o: 3 \u2013 4 hrs (ida e volta)<br \/>\nN\u00edvel de dificuldade: M\u00e9dia<\/p>\n<h3>Dia 5: Caminhada at\u00e9 Paine Grande \u2013 Catamar\u00e3 \u2013 Retorno a Puerto Natales<\/h3>\n<p>Caso n\u00e3o tenha tido a oportunidade de visitar os puentes colgantes na tarde anterior, aproveite a manh\u00e3 para explorar as espetaculares vistas panor\u00e2micas do Glaciar Grey. Em seguida, retorne pelo mesmo trilho at\u00e9 Paine Grande, onde embarcar\u00e1 no catamar\u00e3 \u00e0s 17:00 com destino a Pudeto. De l\u00e1, pegue o \u00f4nibus das 18:00 para Puerto Natales, com chegada estimada \u00e0s 21:15.  <\/p>\n<p>Dist\u00e2ncia: 11 kms<br \/>\nDura\u00e7\u00e3o: 4 \u2013 4.5 hrs<br \/>\nN\u00edvel de dificuldade: M\u00e9dia<br \/>\nAlimenta\u00e7\u00e3o: Caf\u00e9 da manh\u00e3 e almo\u00e7o (box lunch)<\/p>\n<div class=\"divisor\"><\/div>\n<h2 id=\"detalle\">Detalhe<\/h2>\n<table>\n<tbody>\n<tr>\n<th><i class=\"fa fa-check\" aria-hidden=\"true\"><\/i> Inclui<\/th>\n<\/tr>\n<tr>\n<td>Traslados:<br \/>\n&#8211; Transporte ida e volta em \u00f4nibus regular de Puerto Natales para o Parque Nacional Torres del Paine<br \/>\n&#8211; Conex\u00e3o de transporte de \u00f4nibus da Laguna Amarga Gate ao Setor Las Torres<br \/>\n&#8211; Transporte de conex\u00e3o por catamar\u00e3 do Setor Peho\u00e9 at\u00e9 Pudeto<br \/>\nAcomoda\u00e7\u00e3o em abrigo em dormit\u00f3rio compartilhado e misto, com beliches<br \/>\nAlimenta\u00e7\u00e3o:<br \/>\n&#8211; Caf\u00e9 da manh\u00e3 (caf\u00e9, ch\u00e1, leite, p\u00e3o, ovos, geleia, suco e frutas)<br \/>\n&#8211; Almo\u00e7o (lunch box) (sandu\u00edche frio, barra de cereal, barra de chocolate, nozes e frutas)<br \/>\n&#8211; Janta (Menu di\u00e1rio, com entrada, prato principal, sobremesa e \u00e1gua)<br \/>\nIngresso de entrada ao Parque Nacional Torres del Paine<\/td>\n<\/tr>\n<\/tbody>\n<\/table>\n<table>\n<tbody>\n<tr>\n<th><i class=\"fa fa-times\" aria-hidden=\"true\"><\/i> N\u00e3o inclui<\/th>\n<\/tr>\n<tr>\n<td>Voos de\/para Puerto Natales<br \/>\nGorjetas<br \/>\nSeguro m\u00e9dico<br \/>\nAssist\u00eancia m\u00e9dica em caso de acidente<br \/>\nAssist\u00eancia de evacua\u00e7\u00e3o devido \u00e0s condi\u00e7\u00f5es meteorol\u00f3gicas<br \/>\nSeguro de viagem que cobre acidentes e cancelamentos por motivos de for\u00e7a maior<\/td>\n<\/tr>\n<\/tbody>\n<\/table>\n<div class=\"divisor\"><\/div>\n<h2 id=\"faq\">FAQ<\/h2>\n<h3>Com quanta anteced\u00eancia devo reservar o Circuito Cl\u00e1ssico W?<\/h3>\n<p>Este circuito tem uma grande procura e h\u00e1 datas em que as datas se esgotam com meses de anteced\u00eancia. Portanto, recomendamos que voc\u00ea reserve com a maior anteced\u00eancia poss\u00edvel, pois as vagas s\u00e3o limitadas.<\/p>\n<h3>Qual \u00e9 a diferen\u00e7a entre o Circuito W com alojamento no ref\u00fagio e alojamento em camping?<\/h3>\n<p>O programa com ref\u00fagio, voc\u00ea vai dormir em quarto compartilhado com beliches e banheiro compartilhado. Por outro lado, no camping voc\u00ea dormir\u00e1 em uma barraca dupla privativa j\u00e1 montada com saco de dormir e isolamento com banheiro compartilhado.<\/p>\n<h3>Quais s\u00e3o as diferen\u00e7as entre o W Classic Circuit e o W Express Circuit?<\/h3>\n<p>A diferen\u00e7a entre os dois circuitos \u00e9 que o Circuito W Classic percorre uma dist\u00e2ncia de 75,5 km, para chegar ao segundo mirante da Geleira Grey, mais pr\u00f3ximo da geleira. J\u00e1 o Circuito Expresso W, de 72,5 km, chega ao primeiro mirante da Geleira Grey, mais distante da geleira.<\/p>\n<h3>Qual \u00e9 a diferen\u00e7a entre um programa guiado e um programa autoguiado?<\/h3>\n<p>No circuito guiado voc\u00ea ir\u00e1 com um guia profissional, que o acompanhar\u00e1 durante toda a caminhada, al\u00e9m de lhe dar informa\u00e7\u00f5es sobre os lugares que voc\u00ea visitar\u00e1 durante o circuito. Por outro lado, faz\u00ea-lo de forma aut\u00f4noma \u00e9 poss\u00edvel porque as trilhas do parque s\u00e3o devidamente sinalizadas. Al\u00e9m de receber uma palestra explicativa no in\u00edcio do circuito, onde voc\u00ea receber\u00e1 um mapa com todos os detalhes.<\/p>\n<h3>A partir de que idade podem fazer o Circuito W?<\/h3>\n<p>A idade m\u00ednima \u00e9 de 14 anos, deve-se considerar que \u00e9 um trekking de v\u00e1rios dias, com exig\u00eancia f\u00edsica m\u00e9dia-alta, o que n\u00e3o \u00e9 aconselh\u00e1vel para menores.<\/p>\n<h3>\u00c9 necess\u00e1rio levar \u00e1gua?<\/h3>\n<p>N\u00e3o \u00e9 necess\u00e1rio levar \u00e1gua, pois h\u00e1 fontes de \u00e1gua pot\u00e1vel dispon\u00edveis ao longo do caminho, seja nos ref\u00fagios e acampamentos ou nas fontes naturais de \u00e1gua, durante as caminhadas.<\/p>\n<h3>H\u00e1 Wi-Fi e tomadas?<\/h3>\n<p>Sim, h\u00e1 servi\u00e7o WiFi nos ref\u00fagios mas n\u00e3o est\u00e1 inclu\u00eddo no pre\u00e7o. O pagamento \u00e9 feito diretamente em cada ref\u00fagio. O pre\u00e7o pode variar de acordo com o tempo e a velocidade. Voc\u00ea pode usar as tomadas dispon\u00edveis nas \u00e1reas comuns dos ref\u00fagios. No entanto, recomendamos que voc\u00ea tenha baterias externas carregadas.<\/p>\n<h3>Posso deixar parte da minha bagagem em alguns dos abrigos enquanto fa\u00e7o o circuito?<\/h3>\n<p>Se voc\u00ea puder, deixe sua mochila grande nos acampamentos chileno e italiano e pegue-a no caminho de volta.<\/p>\n<h3>Quais s\u00e3o as op\u00e7\u00f5es de transporte para chegar a Puerto Natales saindo de Punta Arenas e El Calafate?<\/h3>\n<p>As empresas Bus-Sur, Buses Pacheco e Buses Fern\u00e1ndez oferecem o servi\u00e7o regular de \u00f4nibus de Punta Arenas a Puerto Natales, enquanto as empresas Bus-Sur, Turismo Zaahj e Cootra oferecem o servi\u00e7o regular de \u00f4nibus de El Calafate a Puerto Natales. Para saber pre\u00e7os, disponibilidade e frequ\u00eancia destes servi\u00e7os dever\u00e1 consultar as informa\u00e7\u00f5es publicadas nos sites das empresas indicadas.<\/p>\n<h3>O que levar?<\/h3>\n<ul>\n<li>Mochila de 40 litros para levar todas as coisas e mochila de 25 litros para caminhadas de um dia at\u00e9 Base Torres e Vale do Franc\u00eas<\/li>\n<li>Casaco e cal\u00e7as imperme\u00e1veis, agasalhos tipo l\u00e3, roupa t\u00e9rmica (primeira camada), camisas de manga curta e manga comprida<\/li>\n<li>Sapatos de trekking, chinelos e sand\u00e1lias para banho e descanso<\/li>\n<li>Chap\u00e9u e luvas para o frio, chap\u00e9u para o sol, protetor solar, \u00f3culos de sol, tamp\u00f5es para os ouvidos, toalha<\/li>\n<li>Bateria recarreg\u00e1vel para o celular, lanterna, cadeado, sacos para guardar o lixo, bast\u00f5es de trekking, seguro de viagem que cobre acidentes, seguro de cancelamentos por motivo de for\u00e7a maior<\/li>\n<\/ul>\n<div class=\"btn-cta-productos\"><a role=\"button\" href=\"https:\/\/rebelviajes.com\/circuito-w-lo-que-necesitas-saber\/\" target=\"_blank\" rel=\"noopener\">VEJA TUDO O QUE VOC\u00ca PRECISA SABER!<\/a><\/div>\n<div class=\"divisor\"><\/div>\n<h2 id=\"condiciones\">Condi\u00e7\u00f5es<\/h2>\n<p> <a href=\"http:\/\/rebelviajes.com\/wp-content\/uploads\/2024\/12\/Condiciones-Circuito-W-y-O-Vertice.pdf\" target=\"_blank\" rel=\"noopener\">Clique aqui para consultar as condi\u00e7\u00f5es de contrata\u00e7\u00e3o<\/a> do programa Circuito W Cl\u00e1ssico (ref\u00fagio- autoguiado).<\/p>\n<p>Conhe\u00e7a os <a href=\"https:\/\/rebelviajes.com\/pt-br\/termos-e-condicoes\/\" target=\"_blank\" rel=\"noopener\">Termos e Condi\u00e7\u00f5es<\/a> do nosso site.<\/p>\n","protected":false},"excerpt":{"rendered":"<p>Partindo do <strong>Terminal Rodovi\u00e1rio Puerto Natales<\/strong><br \/>\n5 dias \/ 4 noites<br \/>\nIn\u00edcio 06:45 (primeiro dia) &#8211; T\u00e9rmino 22:00 (\u00faltimo dia)<\/p>\n","protected":false},"featured_media":990109032,"comment_status":"open","ping_status":"closed","template":"","meta":{"site-sidebar-layout":"default","site-content-layout":"default","ast-site-content-layout":"default","site-content-style":"default","site-sidebar-style":"default","ast-global-header-display":"","ast-banner-title-visibility":"","ast-main-header-display":"","ast-hfb-above-header-display":"","ast-hfb-below-header-display":"","ast-hfb-mobile-header-display":"","site-post-title":"","ast-breadcrumbs-content":"","ast-featured-img":"","footer-sml-layout":"","ast-disable-related-posts":"","theme-transparent-header-meta":"default","adv-header-id-meta":"","stick-header-meta":"","header-above-stick-meta":"","header-main-stick-meta":"","header-below-stick-meta":"","astra-migrate-meta-layouts":"default","ast-page-background-enabled":"default","ast-page-background-meta":{"desktop":{"background-color":"","background-image":"","background-repeat":"repeat","background-position":"center center","background-size":"auto","background-attachment":"scroll","background-type":"","background-media":"","overlay-type":"","overlay-color":"","overlay-opacity":"","overlay-gradient":""},"tablet":{"background-color":"","background-image":"","background-repeat":"repeat","background-position":"center center","background-size":"auto","background-attachment":"scroll","background-type":"","background-media":"","overlay-type":"","overlay-color":"","overlay-opacity":"","overlay-gradient":""},"mobile":{"background-color":"","background-image":"","background-repeat":"repeat","background-position":"center center","background-size":"auto","background-attachment":"scroll","background-type":"","background-media":"","overlay-type":"","overlay-color":"","overlay-opacity":"","overlay-gradient":""}},"ast-content-background-meta":{"desktop":{"background-color":"var(--ast-global-color-5)","background-image":"","background-repeat":"repeat","background-position":"center center","background-size":"auto","background-attachment":"scroll","background-type":"","background-media":"","overlay-type":"","overlay-color":"","overlay-opacity":"","overlay-gradient":""},"tablet":{"background-color":"var(--ast-global-color-5)","background-image":"","background-repeat":"repeat","background-position":"center center","background-size":"auto","background-attachment":"scroll","background-type":"","background-media":"","overlay-type":"","overlay-color":"","overlay-opacity":"","overlay-gradient":""},"mobile":{"background-color":"var(--ast-global-color-5)","background-image":"","background-repeat":"repeat","background-position":"center center","background-size":"auto","background-attachment":"scroll","background-type":"","background-media":"","overlay-type":"","overlay-color":"","overlay-opacity":"","overlay-gradient":""}}},"product_brand":[],"product_cat":[349,602],"product_tag":[532,508,491],"class_list":{"0":"post-990126653","1":"product","2":"type-product","3":"status-publish","4":"has-post-thumbnail","6":"product_cat-programas-turisticos","7":"product_cat-puerto-natales-torres-del-paine-pt-br","8":"product_tag-programa-simple-nuevo-pt-br-2","9":"product_tag-puerto-natales-pt-br-2","10":"product_tag-torres-del-paine-pt-br-2","11":"desktop-align-left","12":"tablet-align-left","13":"mobile-align-left","15":"first","16":"instock","17":"virtual","18":"sold-individually","19":"purchasable","20":"product-type-simple"},"_links":{"self":[{"href":"https:\/\/rebelviajes.com\/pt-br\/wp-json\/wp\/v2\/product\/990126653","targetHints":{"allow":["GET"]}}],"collection":[{"href":"https:\/\/rebelviajes.com\/pt-br\/wp-json\/wp\/v2\/product"}],"about":[{"href":"https:\/\/rebelviajes.com\/pt-br\/wp-json\/wp\/v2\/types\/product"}],"replies":[{"embeddable":true,"href":"https:\/\/rebelviajes.com\/pt-br\/wp-json\/wp\/v2\/comments?post=990126653"}],"version-history":[{"count":0,"href":"https:\/\/rebelviajes.com\/pt-br\/wp-json\/wp\/v2\/product\/990126653\/revisions"}],"wp:featuredmedia":[{"embeddable":true,"href":"https:\/\/rebelviajes.com\/pt-br\/wp-json\/wp\/v2\/media\/990109032"}],"wp:attachment":[{"href":"https:\/\/rebelviajes.com\/pt-br\/wp-json\/wp\/v2\/media?parent=990126653"}],"wp:term":[{"taxonomy":"product_brand","embeddable":true,"href":"https:\/\/rebelviajes.com\/pt-br\/wp-json\/wp\/v2\/product_brand?post=990126653"},{"taxonomy":"product_cat","embeddable":true,"href":"https:\/\/rebelviajes.com\/pt-br\/wp-json\/wp\/v2\/product_cat?post=990126653"},{"taxonomy":"product_tag","embeddable":true,"href":"https:\/\/rebelviajes.com\/pt-br\/wp-json\/wp\/v2\/product_tag?post=990126653"}],"curies":[{"name":"wp","href":"https:\/\/api.w.org\/{rel}","templated":true}]}}